{"id":660,"date":"2026-06-04T22:37:33","date_gmt":"2026-06-04T20:37:33","guid":{"rendered":"https:\/\/unified.elitexperiments.com\/tr\/?page_id=660"},"modified":"2026-07-28T17:23:00","modified_gmt":"2026-07-28T15:23:00","slug":"doktorlarimiz","status":"publish","type":"page","link":"https:\/\/elithair.com\/tr\/doktorlarimiz\/","title":{"rendered":"Doktorlar\u0131m\u0131z"},"content":{"rendered":"<section class=\"wp-block-elh-main-hero main-hero dark-layout has-top-right-circle\">\n\t<div class=\"main-hero__container container\">\n\t\t\t\t\t<header class=\"main-hero__header\">\t\t\t\t\n\t\t\t\t<h1>\t\t\t\t\tDoktorlar\u0131m\u0131z\t\t\t\t<\/h1>\t\t\t<\/header>\n\t\t\n\t\t\t\t\t<div class=\"main-hero__content\">\n\t\t\t\t<p><a href=\"https:\/\/elithair.com\/tr\/sac-dokulme-tipleri-nelerdir\/\">Sa\u00e7 d\u00f6k\u00fclmesi<\/a>, d\u00fcnya genelinde bir\u00e7ok bireyi etkileyen bir durumdur. Etkileri ki\u015fiden ki\u015fiye farkl\u0131l\u0131k g\u00f6stermekle birlikte, hastalar\u0131n ya\u015fam kalitesini etkileyebilir. Elithair olarak, g\u00fcncel t\u0131bbi yakla\u015f\u0131mlar ve hekim ekibimizin uzmanl\u0131\u011f\u0131 ile hastalar\u0131m\u0131za sa\u00e7 ekimi s\u00fcre\u00e7lerinde destek sa\u011fl\u0131yoruz.<\/p>\n<p>Sa\u00e7 ve sa\u00e7 derisi konusunda deneyimli hekim ekibimiz, hastan\u0131n bireysel durumunu de\u011ferlendirerek uygun tedavi yakla\u015f\u0131m\u0131n\u0131 belirler. Her hastan\u0131n bireysel s\u00fcreci, hekim ekibimizin uzmanl\u0131\u011f\u0131 ve deneyimi ile y\u00fcr\u00fct\u00fcl\u00fcr.<\/p>\n<p>Her operasyonda birden fazla hekimin s\u00fcre\u00e7lere nas\u0131l e\u015flik etti\u011fini\u00a0<a href=\"https:\/\/elithair.com\/tr\/tedaviler\/5-doktor-konsepti\/\">5 Doktor Konsepti<\/a>\u00a0sayfam\u0131zda \u00f6\u011frenebilirsiniz.<\/p>\n\t\t\t<\/div>\n\t\t\n\t\t\t\t\t<div class=\"main-hero__media\">\n\t\t\t\t<img decoding=\"async\" width=\"870\" height=\"438\" src=\"https:\/\/elithair.com\/tr\/wp-content\/uploads\/sites\/10\/2026\/07\/dr-balwi-doktor-ekibi-elithair.webp\" class=\"hero-image\" alt=\"G\u00f6rselde Dr. Balwi, Elithair ekibinden iki di\u011fer doktorla birlikte g\u00f6r\u00fcl\u00fcyor\" loading=\"eager\" fetchpriority=\"high\" srcset=\"https:\/\/elithair.com\/tr\/wp-content\/uploads\/sites\/10\/2026\/07\/dr-balwi-doktor-ekibi-elithair.webp 870w, https:\/\/elithair.com\/tr\/wp-content\/uploads\/sites\/10\/2026\/07\/dr-balwi-doktor-ekibi-elithair-300x151.webp 300w, https:\/\/elithair.com\/tr\/wp-content\/uploads\/sites\/10\/2026\/07\/dr-balwi-doktor-ekibi-elithair-768x387.webp 768w\" sizes=\"(max-width: 767px) 100vw, 660px\" \/>\t\t\t<\/div>\n\t\t\t\t\t\t\t<div class=\"main-hero__btn-list btn-list\">\n\t\t\t\t\t\t\t\t<div class=\"btn-item\">\n\t\t\t\t\t<a\n\t\t\t\t\t\thref=\"https:\/\/elithair.com\/tr\/sac-analizi\/\"\t\t\t\t\t\tclass=\"btn\"\n\t\t\t\t\t>\n\t\t\t\t\t\tSa\u00e7 analizini ba\u015flat\t\t\t\t\t<\/a>\n\t\t\t\t<\/div>\n\t\t\t\t\t\t\t\t\t\t\t<\/div>\n\t\t\t<\/div>\n\t\t\n\t<\/section>\n\n\n\n\t<section class=\"medical-team bg-linear-dark\">\t<div class=\"container\">\n\t\t\t\t\t<header>\n\t\t\t\t<h2>\t\t\t\t\tDoktor Ekibimiz\t\t\t\t<\/h2>\t\t\t<\/header>\n\t\t\n\t\t\t\t\t<div class=\"medical-team__grid\">\n\t\t\t\t\t\t\t\t\t<article class=\"medical-card\">\n\t\t\t\t\t\t\t\t\t\t\t\t\t<h3 class=\"medical-card__name\">Dr. Abdulaziz Balwi<\/h3>\n\t\t\t\t\t\t\n\t\t\t\t\t\t\t\t\t\t\t\t\t<div class=\"medical-card__media\">\n\t\t\t\t\t\t\t\t\t\t\t\t\t\t\t\t\t<figure class=\"medical-card__image-wrap\">\n\t\t\t\t\t\t\t\t\t\t<img width=\"660\" height=\"380\" src=\"https:\/\/elithair.com\/tr\/wp-content\/uploads\/sites\/10\/2026\/06\/dr-balwi-profilbild.webp\" class=\"medical-card__image\" alt=\"Dr. Abdulaziz Balwi\" loading=\"lazy\" decoding=\"async\" srcset=\"https:\/\/elithair.com\/tr\/wp-content\/uploads\/sites\/10\/2026\/06\/dr-balwi-profilbild.webp 660w, https:\/\/elithair.com\/tr\/wp-content\/uploads\/sites\/10\/2026\/06\/dr-balwi-profilbild-300x173.webp 300w\" sizes=\"(max-width: 767px) 100vw, 660px\" \/>\t\t\t\t\t\t\t\t\t<\/figure>\n\t\t\t\t\t\t\t\t\t\t\t\t\t\t\t\t\t\t\t\t\t\t\t\t\t<p class=\"medical-card__role\">Kurucu ortak ve y\u00f6netim kurulu ba\u015fkan\u0131<\/p>\n\t\t\t\t\t\t\t\t\t\t\t\t\t\t\t<\/div>\n\t\t\t\t\t\t\n\t\t\t\t\t\t\t\t\t\t\t\t\t<div class=\"medical-card__body\">\n\t\t\t\t\t\t\t\t<div class=\"medical-card__details content-format\">\n\t\t\t\t\t\t\t\t\t<p>Genel<br \/>\nUzmanl\u0131k alan\u0131: Sa\u00e7 ekimi cerrah\u0131 &amp; medikal direkt\u00f6r<br \/>\nYabanc\u0131 diller: \u0130ngilizce, Arap\u00e7a<\/p>\n<p>E\u011fitim<br \/>\n2010 Karadeniz Ege \u00dcniversitesi<br \/>\n2010 Estetisyen ve sa\u00e7 sertifikas\u0131<\/p>\n<p>Deneyim<br \/>\n2010-2011 Aegean Hastanesi, sa\u00e7 ekimi uzman\u0131<br \/>\n2011-2012 Mert Hastanesi, sa\u00e7 ekimi uzman\u0131<br \/>\n2013 Emsey Hastanesi, sa\u00e7 ekimi uzman\u0131<br \/>\n2013-2015 Nightingale Hospital, sa\u00e7 ekimi uzman\u0131 ve koordinat\u00f6r\u00fc<br \/>\n2015-2022 \u0130stinye \u00dcniversitesi Hastanesi, sa\u00e7 ekimi uzman\u0131 ve medikal sorumlusu<br \/>\n2022- g\u00fcn\u00fcm\u00fcz Elit Clinic, sa\u00e7 ekimi uzman\u0131 ve medikal sorumlusu<\/p>\n<p>Uzmanla\u015fma<br \/>\nSa\u00e7 ekimi<br \/>\nY\u00f6neticilik ve ko\u00e7luk<\/p>\n<p>Sertifikalar<br \/>\nISHRS 29. D\u00fcnya Kongresi<br \/>\nISHRS 28. D\u00fcnya Kongresi<br \/>\nEge \u00dcniversitesi, y\u00fcksek lisans derecesi<br \/>\nUluslararas\u0131 K\u00f6k H\u00fccre Nakli Derne\u011fi, ABD<br \/>\nMF Plus Profesyonel Terap\u00f6tik At\u00f6lyesi<br \/>\nNexGen Biopharma Teknik ve \u00dcr\u00fcn At\u00f6lyesi<br \/>\nUluslararas\u0131 H\u00fccre Terapisi Derne\u011fi, \u0130svi\u00e7re<\/p>\n\t\t\t\t\t\t\t\t<\/div>\n\t\t\t\t\t\t\t\t<button\n\t\t\t\t\t\t\t\t\ttype=\"button\"\n\t\t\t\t\t\t\t\t\tclass=\"medical-card__toggle\"\n\t\t\t\t\t\t\t\t\taria-expanded=\"false\"\n\t\t\t\t\t\t\t\t\tdata-more-text=\"Daha fazla g\u00f6ster\"\n\t\t\t\t\t\t\t\t\tdata-less-text=\"Daha az g\u00f6ster\"\n\t\t\t\t\t\t\t\t\thidden\n\t\t\t\t\t\t\t\t>\n\t\t\t\t\t\t\t\t\t<span class=\"medical-card__toggle-text\">Daha fazla g\u00f6ster<\/span>\n\t\t\t\t\t\t\t\t\t<svg class=\"medical-card__toggle-icon\" viewBox=\"0 0 24 24\" aria-hidden=\"true\" focusable=\"false\">\n\t\t\t\t\t\t\t\t\t\t<path d=\"M6 9l6 6 6-6\" fill=\"none\" stroke=\"currentColor\" stroke-width=\"2\" stroke-linecap=\"round\" stroke-linejoin=\"round\"\/>\n\t\t\t\t\t\t\t\t\t<\/svg>\n\t\t\t\t\t\t\t\t<\/button>\n\t\t\t\t\t\t\t<\/div>\n\t\t\t\t\t\t\t\t\t\t\t<\/article>\n\t\t\t\t\t\t\t\t\t<article class=\"medical-card\">\n\t\t\t\t\t\t\t\t\t\t\t\t\t<h3 class=\"medical-card__name\">Dr. Imad Moustafa<\/h3>\n\t\t\t\t\t\t\n\t\t\t\t\t\t\t\t\t\t\t\t\t<div class=\"medical-card__media\">\n\t\t\t\t\t\t\t\t\t\t\t\t\t\t\t\t\t<figure class=\"medical-card__image-wrap\">\n\t\t\t\t\t\t\t\t\t\t<img width=\"660\" height=\"380\" src=\"https:\/\/elithair.com\/tr\/wp-content\/uploads\/sites\/10\/2026\/06\/dr-moustafa-profilbild.webp\" class=\"medical-card__image\" alt=\"Dr. Imad Moustafa\" loading=\"lazy\" decoding=\"async\" srcset=\"https:\/\/elithair.com\/tr\/wp-content\/uploads\/sites\/10\/2026\/06\/dr-moustafa-profilbild.webp 660w, https:\/\/elithair.com\/tr\/wp-content\/uploads\/sites\/10\/2026\/06\/dr-moustafa-profilbild-300x173.webp 300w\" sizes=\"(max-width: 767px) 100vw, 660px\" \/>\t\t\t\t\t\t\t\t\t<\/figure>\n\t\t\t\t\t\t\t\t\t\t\t\t\t\t\t\t\t\t\t\t\t\t\t\t\t<p class=\"medical-card__role\">Aile hekimli\u011fi uzman\u0131<\/p>\n\t\t\t\t\t\t\t\t\t\t\t\t\t\t\t<\/div>\n\t\t\t\t\t\t\n\t\t\t\t\t\t\t\t\t\t\t\t\t<div class=\"medical-card__body\">\n\t\t\t\t\t\t\t\t<div class=\"medical-card__details content-format\">\n\t\t\t\t\t\t\t\t\t<p><strong>Genel<\/strong><br \/>\nUzmanl\u0131k alan\u0131: Aile hekimli\u011fi<br \/>\nYabanc\u0131 diller: Arap\u00e7a, \u0130ngilizce, Frans\u0131zca<\/p>\n<p><strong>E\u011fitim<\/strong><br \/>\nNecmettin Erbakan \u00dcniversitesi, T\u0131p Fak\u00fcltesi<\/p>\n<p><strong>Deneyim<\/strong><br \/>\n\u00d6zel Konya Academy Hastanesi (Acil servis)<br \/>\n\u00d6zel Konya G\u00f6z Hastanesi (Acil servis)<br \/>\nSa\u00e7 ekimi ve medikal estetik i\u00e7in Elite Klinik<\/p>\n<p><strong>Sertifikalar<\/strong><br \/>\nAcil m\u00fcdahale<br \/>\nyo\u011fun bak\u0131mda EKG<\/p>\n<p><strong>Uzmanla\u015fma<\/strong><br \/>\nSa\u00e7 ekimi, hiperbarik oksijen tedavisi<br \/>\nPRP \u2013 mezoterapi<br \/>\nOzon tedavisi<\/p>\n\t\t\t\t\t\t\t\t<\/div>\n\t\t\t\t\t\t\t\t<button\n\t\t\t\t\t\t\t\t\ttype=\"button\"\n\t\t\t\t\t\t\t\t\tclass=\"medical-card__toggle\"\n\t\t\t\t\t\t\t\t\taria-expanded=\"false\"\n\t\t\t\t\t\t\t\t\tdata-more-text=\"Daha fazla g\u00f6ster\"\n\t\t\t\t\t\t\t\t\tdata-less-text=\"Daha az g\u00f6ster\"\n\t\t\t\t\t\t\t\t\thidden\n\t\t\t\t\t\t\t\t>\n\t\t\t\t\t\t\t\t\t<span class=\"medical-card__toggle-text\">Daha fazla g\u00f6ster<\/span>\n\t\t\t\t\t\t\t\t\t<svg class=\"medical-card__toggle-icon\" viewBox=\"0 0 24 24\" aria-hidden=\"true\" focusable=\"false\">\n\t\t\t\t\t\t\t\t\t\t<path d=\"M6 9l6 6 6-6\" fill=\"none\" stroke=\"currentColor\" stroke-width=\"2\" stroke-linecap=\"round\" stroke-linejoin=\"round\"\/>\n\t\t\t\t\t\t\t\t\t<\/svg>\n\t\t\t\t\t\t\t\t<\/button>\n\t\t\t\t\t\t\t<\/div>\n\t\t\t\t\t\t\t\t\t\t\t<\/article>\n\t\t\t\t\t\t\t\t\t<article class=\"medical-card\">\n\t\t\t\t\t\t\t\t\t\t\t\t\t<h3 class=\"medical-card__name\">Dr. Fadil Balwi<\/h3>\n\t\t\t\t\t\t\n\t\t\t\t\t\t\t\t\t\t\t\t\t<div class=\"medical-card__media\">\n\t\t\t\t\t\t\t\t\t\t\t\t\t\t\t\t\t<figure class=\"medical-card__image-wrap\">\n\t\t\t\t\t\t\t\t\t\t<img width=\"660\" height=\"380\" src=\"https:\/\/elithair.com\/tr\/wp-content\/uploads\/sites\/10\/2026\/06\/dr-fadil-balwi-profilbild.webp\" class=\"medical-card__image\" alt=\"Dr. Fadil Balwi\" loading=\"lazy\" decoding=\"async\" srcset=\"https:\/\/elithair.com\/tr\/wp-content\/uploads\/sites\/10\/2026\/06\/dr-fadil-balwi-profilbild.webp 660w, https:\/\/elithair.com\/tr\/wp-content\/uploads\/sites\/10\/2026\/06\/dr-fadil-balwi-profilbild-300x173.webp 300w\" sizes=\"(max-width: 767px) 100vw, 660px\" \/>\t\t\t\t\t\t\t\t\t<\/figure>\n\t\t\t\t\t\t\t\t\t\t\t\t\t\t\t\t\t\t\t\t\t\t\t\t\t<p class=\"medical-card__role\">Klinik genel m\u00fcd\u00fcr\u00fc<\/p>\n\t\t\t\t\t\t\t\t\t\t\t\t\t\t\t<\/div>\n\t\t\t\t\t\t\n\t\t\t\t\t\t\t\t\t\t\t\t\t<div class=\"medical-card__body\">\n\t\t\t\t\t\t\t\t<div class=\"medical-card__details content-format\">\n\t\t\t\t\t\t\t\t\t<p><strong>Genel<\/strong><br \/>\nUzmanl\u0131k alan\u0131: Sa\u00e7 ekimi cerrah\u0131 &amp; genel m\u00fcd\u00fcr<br \/>\nYabanc\u0131 diller: \u0130ngilizce, Arap\u00e7a<\/p>\n<p><strong>E\u011fitim<\/strong><br \/>\n2012-2019 Mustafa Kemal \u00dcniversitesi T\u0131p Fak\u00fcltesi<\/p>\n<p><strong>Deneyim<\/strong><br \/>\n2015-2016 Uluslararas\u0131 Hasta Organizasyonu, Florence Nightingale Hastanesi<br \/>\n2017-2020 Uluslararas\u0131 hasta y\u00f6netimi ve organizat\u00f6r\u00fc, Liv Hospital<br \/>\n2015 Genel m\u00fcd\u00fcr, Elit Klinik<br \/>\nSa\u00e7 ekimi ve medikal estetik<\/p>\n\t\t\t\t\t\t\t\t<\/div>\n\t\t\t\t\t\t\t\t<button\n\t\t\t\t\t\t\t\t\ttype=\"button\"\n\t\t\t\t\t\t\t\t\tclass=\"medical-card__toggle\"\n\t\t\t\t\t\t\t\t\taria-expanded=\"false\"\n\t\t\t\t\t\t\t\t\tdata-more-text=\"Daha fazla g\u00f6ster\"\n\t\t\t\t\t\t\t\t\tdata-less-text=\"Daha az g\u00f6ster\"\n\t\t\t\t\t\t\t\t\thidden\n\t\t\t\t\t\t\t\t>\n\t\t\t\t\t\t\t\t\t<span class=\"medical-card__toggle-text\">Daha fazla g\u00f6ster<\/span>\n\t\t\t\t\t\t\t\t\t<svg class=\"medical-card__toggle-icon\" viewBox=\"0 0 24 24\" aria-hidden=\"true\" focusable=\"false\">\n\t\t\t\t\t\t\t\t\t\t<path d=\"M6 9l6 6 6-6\" fill=\"none\" stroke=\"currentColor\" stroke-width=\"2\" stroke-linecap=\"round\" stroke-linejoin=\"round\"\/>\n\t\t\t\t\t\t\t\t\t<\/svg>\n\t\t\t\t\t\t\t\t<\/button>\n\t\t\t\t\t\t\t<\/div>\n\t\t\t\t\t\t\t\t\t\t\t<\/article>\n\t\t\t\t\t\t\t\t\t<article class=\"medical-card\">\n\t\t\t\t\t\t\t\t\t\t\t\t\t<h3 class=\"medical-card__name\">Dr. Suat \u00c7ulha\u00f6z<\/h3>\n\t\t\t\t\t\t\n\t\t\t\t\t\t\t\t\t\t\t\t\t<div class=\"medical-card__media\">\n\t\t\t\t\t\t\t\t\t\t\t\t\t\t\t\t\t<figure class=\"medical-card__image-wrap\">\n\t\t\t\t\t\t\t\t\t\t<img width=\"660\" height=\"380\" src=\"https:\/\/elithair.com\/tr\/wp-content\/uploads\/sites\/10\/2026\/06\/dr-culhaoz-profilbild.jpg\" class=\"medical-card__image\" alt=\"Dr. Suat \u00c7ulha\u00f6z\" loading=\"lazy\" decoding=\"async\" srcset=\"https:\/\/elithair.com\/tr\/wp-content\/uploads\/sites\/10\/2026\/06\/dr-culhaoz-profilbild.jpg 660w, https:\/\/elithair.com\/tr\/wp-content\/uploads\/sites\/10\/2026\/06\/dr-culhaoz-profilbild-300x173.jpg 300w\" sizes=\"(max-width: 767px) 100vw, 660px\" \/>\t\t\t\t\t\t\t\t\t<\/figure>\n\t\t\t\t\t\t\t\t\t\t\t\t\t\t\t\t\t\t\t\t\t\t\t\t\t<p class=\"medical-card__role\">Anestezi ve reanimasyon uzman\u0131<\/p>\n\t\t\t\t\t\t\t\t\t\t\t\t\t\t\t<\/div>\n\t\t\t\t\t\t\n\t\t\t\t\t\t\t\t\t\t\t\t\t<div class=\"medical-card__body\">\n\t\t\t\t\t\t\t\t<div class=\"medical-card__details content-format\">\n\t\t\t\t\t\t\t\t\t<p><strong>Genel<\/strong><br \/>\nUzmanl\u0131k alan\u0131: Anestezi ve reanimasyon<br \/>\nYabanc\u0131 dil: \u0130ngilizce<\/p>\n<p><strong>E\u011fitim<\/strong><br \/>\n1975 \u0130stanbul \u00dcniversitesi T\u0131p Fak\u00fcltesi<br \/>\n1980 \u00c7ukurova T\u0131p Fak\u00fcltesi<\/p>\n<p><strong>Sertifikalar<\/strong><br \/>\n\u0130\u015f yeri hekimli\u011fi, Sa\u011fl\u0131k Bakanl\u0131\u011f\u0131<\/p>\n<p><strong>Deneyim<\/strong><br \/>\nDerindere Hastanesi, anestezi<br \/>\nBalat Musevi Hastanesi, anestezi<br \/>\n\u015ei\u015fli Etfal E\u011fitim ve Ara\u015ft\u0131rma Hastanesi, anestezi<br \/>\nHaydarpa\u015fa Numune Hastanesi, anestezi<\/p>\n\t\t\t\t\t\t\t\t<\/div>\n\t\t\t\t\t\t\t\t<button\n\t\t\t\t\t\t\t\t\ttype=\"button\"\n\t\t\t\t\t\t\t\t\tclass=\"medical-card__toggle\"\n\t\t\t\t\t\t\t\t\taria-expanded=\"false\"\n\t\t\t\t\t\t\t\t\tdata-more-text=\"Daha fazla g\u00f6ster\"\n\t\t\t\t\t\t\t\t\tdata-less-text=\"Daha az g\u00f6ster\"\n\t\t\t\t\t\t\t\t\thidden\n\t\t\t\t\t\t\t\t>\n\t\t\t\t\t\t\t\t\t<span class=\"medical-card__toggle-text\">Daha fazla g\u00f6ster<\/span>\n\t\t\t\t\t\t\t\t\t<svg class=\"medical-card__toggle-icon\" viewBox=\"0 0 24 24\" aria-hidden=\"true\" focusable=\"false\">\n\t\t\t\t\t\t\t\t\t\t<path d=\"M6 9l6 6 6-6\" fill=\"none\" stroke=\"currentColor\" stroke-width=\"2\" stroke-linecap=\"round\" stroke-linejoin=\"round\"\/>\n\t\t\t\t\t\t\t\t\t<\/svg>\n\t\t\t\t\t\t\t\t<\/button>\n\t\t\t\t\t\t\t<\/div>\n\t\t\t\t\t\t\t\t\t\t\t<\/article>\n\t\t\t\t\t\t\t\t\t<article class=\"medical-card\">\n\t\t\t\t\t\t\t\t\t\t\t\t\t<h3 class=\"medical-card__name\">Dr. Hazal Jafari<\/h3>\n\t\t\t\t\t\t\n\t\t\t\t\t\t\t\t\t\t\t\t\t<div class=\"medical-card__media\">\n\t\t\t\t\t\t\t\t\t\t\t\t\t\t\t\t\t<figure class=\"medical-card__image-wrap\">\n\t\t\t\t\t\t\t\t\t\t<img width=\"660\" height=\"380\" src=\"https:\/\/elithair.com\/tr\/wp-content\/uploads\/sites\/10\/2026\/06\/dr-hazal-jafari-dermatologie-elithair.webp\" class=\"medical-card__image\" alt=\"Dr. Hazal Jafari\" loading=\"lazy\" decoding=\"async\" srcset=\"https:\/\/elithair.com\/tr\/wp-content\/uploads\/sites\/10\/2026\/06\/dr-hazal-jafari-dermatologie-elithair.webp 660w, https:\/\/elithair.com\/tr\/wp-content\/uploads\/sites\/10\/2026\/06\/dr-hazal-jafari-dermatologie-elithair-300x173.webp 300w\" sizes=\"(max-width: 767px) 100vw, 660px\" \/>\t\t\t\t\t\t\t\t\t<\/figure>\n\t\t\t\t\t\t\t\t\t\t\t\t\t\t\t\t\t\t\t\t\t\t\t\t\t<p class=\"medical-card__role\">Dermatoloji uzman\u0131<\/p>\n\t\t\t\t\t\t\t\t\t\t\t\t\t\t\t<\/div>\n\t\t\t\t\t\t\n\t\t\t\t\t\t\t\t\t\t\t\t\t<div class=\"medical-card__body\">\n\t\t\t\t\t\t\t\t<div class=\"medical-card__details content-format\">\n\t\t\t\t\t\t\t\t\t<p><strong>Genel<\/strong><br \/>\nUzmanl\u0131k alan\u0131: Dermatoloji<br \/>\nYabanc\u0131 dil: \u0130ngilizce &amp; Fars\u00e7a<\/p>\n<p><strong>E\u011fitim<\/strong><br \/>\n<span dir=\"auto\">1993\u20132000 Me\u015fhed T\u0131p \u00dcniversitesi, Me\u015fhed, \u0130ran<\/span><br \/>\n<span dir=\"auto\">2000 Me\u015fhed T\u0131p \u00dcniversitesi, Me\u015fhed, \u0130ran<\/span><br \/>\n<span dir=\"auto\">2002\u20132006 Dermatoloji uzmanl\u0131k e\u011fitimi, Me\u015fhed T\u0131p \u00dcniversitesi, Me\u015fhed, \u0130ran<\/span><br \/>\n<span dir=\"auto\">2006 Dermatoloji uzmanl\u0131k s\u0131nav\u0131, Tahran, \u0130ran<\/span><\/p>\n<p><strong>Deneyim<\/strong><br \/>\n<span dir=\"auto\"><span class=\"\" dir=\"auto\">2000\u20132001 Pratisyen hekim, travma ve acil servis, \u0130mam R\u0131za Hastanesi, Bojnurd, \u0130ran<\/span><\/span><br \/>\n<span dir=\"auto\"><span class=\"\" dir=\"auto\">2000\u20132002 Pratisyen hekim, \u00f6zel muayenehane, Bojnurd, \u0130ran<\/span><\/span><br \/>\n<span dir=\"auto\"><span class=\"\" dir=\"auto\">2000\u20132002 Yo\u011fun bak\u0131m hekimi, \u0130mam Ali Hastanesi, yo\u011fun bak\u0131m, Bojnurd, \u0130ran<\/span><\/span><br \/>\n<span dir=\"auto\"><span class=\"\" dir=\"auto\">2006\u20132008 Dermatolog, dermatoloji klini\u011fi, \u0130mam R\u0131za Hastanesi, Bojnurd, \u0130ran<\/span><\/span><br \/>\n<span dir=\"auto\"><span class=\"\" dir=\"auto\">2006\u20132013 Kendi muayenehanesinde dermatolog, Bojnurd, \u0130ran<\/span><\/span><br \/>\n<span dir=\"auto\"><span class=\"\" dir=\"auto\">2007\u20132010 Dermatoloji yard\u0131mc\u0131 do\u00e7enti, Kuzey Horasan T\u0131p \u00dcniversitesi<\/span><\/span><br \/>\n<span dir=\"auto\"><span class=\"\" dir=\"auto\">2013\u20132014 Dermatolog, Abnoos ve Simateb klinikleri<\/span><\/span><br \/>\n<span dir=\"auto\"><span class=\"\" dir=\"auto\">2013 Kendi muayenehanesinde dermatolog, Me\u015fhed, \u0130ran<\/span><\/span><br \/>\n<span dir=\"auto\"><span class=\"\" dir=\"auto\">2014\u20132015 Baran Klini\u011fi sorumlusu, Me\u015fhed<\/span><\/span><br \/>\n<span dir=\"auto\"><span class=\"\" dir=\"auto\">2015\u20132016 Dermatolog, Me\u015fhed, Baran Cilt, Sa\u00e7 ve Lazer Klini\u011fi<\/span><\/span><br \/>\n<span dir=\"auto\"><span class=\"\" dir=\"auto\">2015\u20132023 Dermatolog, Me\u015fhed, Salamat Ideal Cilt Klini\u011fi<\/span><\/span><\/p>\n<p><strong>Uzmanla\u015fma<\/strong><br \/>\n<span dir=\"auto\">Dermatolojik cilt bak\u0131m\u0131,<\/span><br \/>\n<span dir=\"auto\">Lazer tedavileri,<\/span><br \/>\n<span dir=\"auto\">Estetik ve kozmetik dermatoloji<\/span><\/p>\n\t\t\t\t\t\t\t\t<\/div>\n\t\t\t\t\t\t\t\t<button\n\t\t\t\t\t\t\t\t\ttype=\"button\"\n\t\t\t\t\t\t\t\t\tclass=\"medical-card__toggle\"\n\t\t\t\t\t\t\t\t\taria-expanded=\"false\"\n\t\t\t\t\t\t\t\t\tdata-more-text=\"Daha fazla g\u00f6ster\"\n\t\t\t\t\t\t\t\t\tdata-less-text=\"Daha az g\u00f6ster\"\n\t\t\t\t\t\t\t\t\thidden\n\t\t\t\t\t\t\t\t>\n\t\t\t\t\t\t\t\t\t<span class=\"medical-card__toggle-text\">Daha fazla g\u00f6ster<\/span>\n\t\t\t\t\t\t\t\t\t<svg class=\"medical-card__toggle-icon\" viewBox=\"0 0 24 24\" aria-hidden=\"true\" focusable=\"false\">\n\t\t\t\t\t\t\t\t\t\t<path d=\"M6 9l6 6 6-6\" fill=\"none\" stroke=\"currentColor\" stroke-width=\"2\" stroke-linecap=\"round\" stroke-linejoin=\"round\"\/>\n\t\t\t\t\t\t\t\t\t<\/svg>\n\t\t\t\t\t\t\t\t<\/button>\n\t\t\t\t\t\t\t<\/div>\n\t\t\t\t\t\t\t\t\t\t\t<\/article>\n\t\t\t\t\t\t\t\t\t<article class=\"medical-card\">\n\t\t\t\t\t\t\t\t\t\t\t\t\t<h3 class=\"medical-card__name\">Prof. Dr. \u00dclk\u00fc \u00c7a\u011flayan<\/h3>\n\t\t\t\t\t\t\n\t\t\t\t\t\t\t\t\t\t\t\t\t<div class=\"medical-card__media\">\n\t\t\t\t\t\t\t\t\t\t\t\t\t\t\t\t\t<figure class=\"medical-card__image-wrap\">\n\t\t\t\t\t\t\t\t\t\t<img width=\"660\" height=\"380\" src=\"https:\/\/elithair.com\/tr\/wp-content\/uploads\/sites\/10\/2026\/06\/dr-caglayan-profilbild-1.jpg\" class=\"medical-card__image\" alt=\"Prof. Dr. \u00dclk\u00fc \u00c7a\u011flayan\" loading=\"lazy\" decoding=\"async\" srcset=\"https:\/\/elithair.com\/tr\/wp-content\/uploads\/sites\/10\/2026\/06\/dr-caglayan-profilbild-1.jpg 660w, https:\/\/elithair.com\/tr\/wp-content\/uploads\/sites\/10\/2026\/06\/dr-caglayan-profilbild-1-300x173.jpg 300w\" sizes=\"(max-width: 767px) 100vw, 660px\" \/>\t\t\t\t\t\t\t\t\t<\/figure>\n\t\t\t\t\t\t\t\t\t\t\t\t\t\t\t\t\t\t\t\t\t\t\t\t\t<p class=\"medical-card__role\">Deri ve z\u00fchrevi hastal\u0131klar uzman\u0131<\/p>\n\t\t\t\t\t\t\t\t\t\t\t\t\t\t\t<\/div>\n\t\t\t\t\t\t\n\t\t\t\t\t\t\t\t\t\t\t\t\t<div class=\"medical-card__body\">\n\t\t\t\t\t\t\t\t<div class=\"medical-card__details content-format\">\n\t\t\t\t\t\t\t\t\t<p><strong>Genel<\/strong><br \/>\nUzmanl\u0131k alan\u0131: Deri ve z\u00fchrevi hastal\u0131klar<\/p>\n<p><strong>E\u011fitim<\/strong><br \/>\n1984 Erciyes \u00dcniversitesi T\u0131p Fak\u00fcltesi<br \/>\n1987 Sa\u011fl\u0131k Bakanl\u0131\u011f\u0131, Ankara Hastanesi<br \/>\n1990-1994 Kozmetoloji e\u011fitimi, Almanya<br \/>\nAyd\u0131n \u00dcniversitesi, aromaterapi sertifika program\u0131<\/p>\n<p><strong>Deneyim<\/strong><br \/>\n1994-2019 \u0130stanbul Dermatoloji Klini\u011fi, kurucu<br \/>\n2019-2022 \u00d6zel t\u0131p merkezi<\/p>\n<p><strong>Uzmanla\u015fma<\/strong><br \/>\nSa\u00e7 ekimi<br \/>\nKozmetik dermatoloji<br \/>\nAromaterapi<br \/>\nDermatolojik hastal\u0131klar<\/p>\n\t\t\t\t\t\t\t\t<\/div>\n\t\t\t\t\t\t\t\t<button\n\t\t\t\t\t\t\t\t\ttype=\"button\"\n\t\t\t\t\t\t\t\t\tclass=\"medical-card__toggle\"\n\t\t\t\t\t\t\t\t\taria-expanded=\"false\"\n\t\t\t\t\t\t\t\t\tdata-more-text=\"Daha fazla g\u00f6ster\"\n\t\t\t\t\t\t\t\t\tdata-less-text=\"Daha az g\u00f6ster\"\n\t\t\t\t\t\t\t\t\thidden\n\t\t\t\t\t\t\t\t>\n\t\t\t\t\t\t\t\t\t<span class=\"medical-card__toggle-text\">Daha fazla g\u00f6ster<\/span>\n\t\t\t\t\t\t\t\t\t<svg class=\"medical-card__toggle-icon\" viewBox=\"0 0 24 24\" aria-hidden=\"true\" focusable=\"false\">\n\t\t\t\t\t\t\t\t\t\t<path d=\"M6 9l6 6 6-6\" fill=\"none\" stroke=\"currentColor\" stroke-width=\"2\" stroke-linecap=\"round\" stroke-linejoin=\"round\"\/>\n\t\t\t\t\t\t\t\t\t<\/svg>\n\t\t\t\t\t\t\t\t<\/button>\n\t\t\t\t\t\t\t<\/div>\n\t\t\t\t\t\t\t\t\t\t\t<\/article>\n\t\t\t\t\t\t\t\t\t<article class=\"medical-card\">\n\t\t\t\t\t\t\t\t\t\t\t\t\t<h3 class=\"medical-card__name\">Dr. Asli Yildiz<\/h3>\n\t\t\t\t\t\t\n\t\t\t\t\t\t\t\t\t\t\t\t\t<div class=\"medical-card__media\">\n\t\t\t\t\t\t\t\t\t\t\t\t\t\t\t\t\t<figure class=\"medical-card__image-wrap\">\n\t\t\t\t\t\t\t\t\t\t<img width=\"660\" height=\"380\" src=\"https:\/\/elithair.com\/tr\/wp-content\/uploads\/sites\/10\/2026\/06\/dr-yildiz-profilbild.jpg\" class=\"medical-card__image\" alt=\"Dr. Asli Yildiz\" loading=\"lazy\" decoding=\"async\" srcset=\"https:\/\/elithair.com\/tr\/wp-content\/uploads\/sites\/10\/2026\/06\/dr-yildiz-profilbild.jpg 660w, https:\/\/elithair.com\/tr\/wp-content\/uploads\/sites\/10\/2026\/06\/dr-yildiz-profilbild-300x173.jpg 300w\" sizes=\"(max-width: 767px) 100vw, 660px\" \/>\t\t\t\t\t\t\t\t\t<\/figure>\n\t\t\t\t\t\t\t\t\t\t\t\t\t\t\t\t\t\t\t\t\t\t\t\t\t<p class=\"medical-card__role\">Estetik t\u0131p uzman\u0131<\/p>\n\t\t\t\t\t\t\t\t\t\t\t\t\t\t\t<\/div>\n\t\t\t\t\t\t\n\t\t\t\t\t\t\t\t\t\t\t\t\t<div class=\"medical-card__body\">\n\t\t\t\t\t\t\t\t<div class=\"medical-card__details content-format\">\n\t\t\t\t\t\t\t\t\t<p><strong>Genel<\/strong><br \/>\nUzmanl\u0131k alan\u0131: Estetik t\u0131p<\/p>\n<p><strong>E\u011fitim<\/strong><br \/>\n1993 Gazi \u00dcniversitesi, T\u0131p Fak\u00fcltesi, lisans<br \/>\n2010 Beykent \u00dcniversitesi, hastane ve sa\u011fl\u0131k y\u00f6netimi, y\u00fcksek lisans derecesi<br \/>\n2005 Sa\u011fl\u0131k Bakanl\u0131\u011f\u0131, medikal estetik t\u0131p sertifikas\u0131, e\u011fitim<br \/>\n2022 Fonksiyonel t\u0131p e\u011fitimi<\/p>\n\t\t\t\t\t\t\t\t<\/div>\n\t\t\t\t\t\t\t\t<button\n\t\t\t\t\t\t\t\t\ttype=\"button\"\n\t\t\t\t\t\t\t\t\tclass=\"medical-card__toggle\"\n\t\t\t\t\t\t\t\t\taria-expanded=\"false\"\n\t\t\t\t\t\t\t\t\tdata-more-text=\"Daha fazla g\u00f6ster\"\n\t\t\t\t\t\t\t\t\tdata-less-text=\"Daha az g\u00f6ster\"\n\t\t\t\t\t\t\t\t\thidden\n\t\t\t\t\t\t\t\t>\n\t\t\t\t\t\t\t\t\t<span class=\"medical-card__toggle-text\">Daha fazla g\u00f6ster<\/span>\n\t\t\t\t\t\t\t\t\t<svg class=\"medical-card__toggle-icon\" viewBox=\"0 0 24 24\" aria-hidden=\"true\" focusable=\"false\">\n\t\t\t\t\t\t\t\t\t\t<path d=\"M6 9l6 6 6-6\" fill=\"none\" stroke=\"currentColor\" stroke-width=\"2\" stroke-linecap=\"round\" stroke-linejoin=\"round\"\/>\n\t\t\t\t\t\t\t\t\t<\/svg>\n\t\t\t\t\t\t\t\t<\/button>\n\t\t\t\t\t\t\t<\/div>\n\t\t\t\t\t\t\t\t\t\t\t<\/article>\n\t\t\t\t\t\t\t\t\t<article class=\"medical-card\">\n\t\t\t\t\t\t\t\t\t\t\t\t\t<h3 class=\"medical-card__name\">Dr. Shamsiya Mahammadova<\/h3>\n\t\t\t\t\t\t\n\t\t\t\t\t\t\t\t\t\t\t\t\t<div class=\"medical-card__media\">\n\t\t\t\t\t\t\t\t\t\t\t\t\t\t\t\t\t<figure class=\"medical-card__image-wrap\">\n\t\t\t\t\t\t\t\t\t\t<img width=\"660\" height=\"380\" src=\"https:\/\/elithair.com\/tr\/wp-content\/uploads\/sites\/10\/2026\/06\/dr-shamsiya-mahammadova-anaesthesie-elit-klinik.webp\" class=\"medical-card__image\" alt=\"Dr. Shamsiya Mahammadova\" loading=\"lazy\" decoding=\"async\" srcset=\"https:\/\/elithair.com\/tr\/wp-content\/uploads\/sites\/10\/2026\/06\/dr-shamsiya-mahammadova-anaesthesie-elit-klinik.webp 660w, https:\/\/elithair.com\/tr\/wp-content\/uploads\/sites\/10\/2026\/06\/dr-shamsiya-mahammadova-anaesthesie-elit-klinik-300x173.webp 300w\" sizes=\"(max-width: 767px) 100vw, 660px\" \/>\t\t\t\t\t\t\t\t\t<\/figure>\n\t\t\t\t\t\t\t\t\t\t\t\t\t\t\t\t\t\t\t\t\t\t\t\t\t<p class=\"medical-card__role\">Anesteziyoloji ve reanimasyon uzman\u0131<\/p>\n\t\t\t\t\t\t\t\t\t\t\t\t\t\t\t<\/div>\n\t\t\t\t\t\t\n\t\t\t\t\t\t\t\t\t\t\t\t\t<div class=\"medical-card__body\">\n\t\t\t\t\t\t\t\t<div class=\"medical-card__details content-format\">\n\t\t\t\t\t\t\t\t\t<p><strong>Genel<\/strong><br \/>\nUzmanl\u0131k alan\u0131: Anesteziyoloji ve reanimasyon<\/p>\n<p><strong>E\u011fitim<\/strong><br \/>\n<span dir=\"auto\"><span class=\"\" dir=\"auto\">2011 Azerbaycan T\u0131p \u00dcniversitesi<\/span><\/span><br \/>\n<span dir=\"auto\"><span class=\"\" dir=\"auto\">2021 SB\u00dc \u015ei\u015fli Hamidiye Etfal EAH, uzmanl\u0131k<\/span><\/span><\/p>\n<p><strong>Deneyim<\/strong><br \/>\n2021-2024 Ac\u0131badem Uluslararas\u0131 Hastanesi<\/p>\n\t\t\t\t\t\t\t\t<\/div>\n\t\t\t\t\t\t\t\t<button\n\t\t\t\t\t\t\t\t\ttype=\"button\"\n\t\t\t\t\t\t\t\t\tclass=\"medical-card__toggle\"\n\t\t\t\t\t\t\t\t\taria-expanded=\"false\"\n\t\t\t\t\t\t\t\t\tdata-more-text=\"Daha fazla g\u00f6ster\"\n\t\t\t\t\t\t\t\t\tdata-less-text=\"Daha az g\u00f6ster\"\n\t\t\t\t\t\t\t\t\thidden\n\t\t\t\t\t\t\t\t>\n\t\t\t\t\t\t\t\t\t<span class=\"medical-card__toggle-text\">Daha fazla g\u00f6ster<\/span>\n\t\t\t\t\t\t\t\t\t<svg class=\"medical-card__toggle-icon\" viewBox=\"0 0 24 24\" aria-hidden=\"true\" focusable=\"false\">\n\t\t\t\t\t\t\t\t\t\t<path d=\"M6 9l6 6 6-6\" fill=\"none\" stroke=\"currentColor\" stroke-width=\"2\" stroke-linecap=\"round\" stroke-linejoin=\"round\"\/>\n\t\t\t\t\t\t\t\t\t<\/svg>\n\t\t\t\t\t\t\t\t<\/button>\n\t\t\t\t\t\t\t<\/div>\n\t\t\t\t\t\t\t\t\t\t\t<\/article>\n\t\t\t\t\t\t\t\t\t<article class=\"medical-card\">\n\t\t\t\t\t\t\t\t\t\t\t\t\t<h3 class=\"medical-card__name\">Dr. Erbil Ziylan<\/h3>\n\t\t\t\t\t\t\n\t\t\t\t\t\t\t\t\t\t\t\t\t<div class=\"medical-card__media\">\n\t\t\t\t\t\t\t\t\t\t\t\t\t\t\t\t\t<figure class=\"medical-card__image-wrap\">\n\t\t\t\t\t\t\t\t\t\t<img width=\"660\" height=\"380\" src=\"https:\/\/elithair.com\/tr\/wp-content\/uploads\/sites\/10\/2026\/06\/dr-erbil-zilan-medizinische-aesthetik-elit-klinik.webp\" class=\"medical-card__image\" alt=\"Dr. Erbil Ziylan\" loading=\"lazy\" decoding=\"async\" srcset=\"https:\/\/elithair.com\/tr\/wp-content\/uploads\/sites\/10\/2026\/06\/dr-erbil-zilan-medizinische-aesthetik-elit-klinik.webp 660w, https:\/\/elithair.com\/tr\/wp-content\/uploads\/sites\/10\/2026\/06\/dr-erbil-zilan-medizinische-aesthetik-elit-klinik-300x173.webp 300w\" sizes=\"(max-width: 767px) 100vw, 660px\" \/>\t\t\t\t\t\t\t\t\t<\/figure>\n\t\t\t\t\t\t\t\t\t\t\t\t\t\t\t\t\t\t\t\t\t\t\t\t\t<p class=\"medical-card__role\">Medikal estetik uzman\u0131<\/p>\n\t\t\t\t\t\t\t\t\t\t\t\t\t\t\t<\/div>\n\t\t\t\t\t\t\n\t\t\t\t\t\t\t\t\t\t\t\t\t<div class=\"medical-card__body\">\n\t\t\t\t\t\t\t\t<div class=\"medical-card__details content-format\">\n\t\t\t\t\t\t\t\t\t<p><strong>Genel<\/strong><br \/>\nUzmanl\u0131k alan\u0131: Medikal estetik<\/p>\n<p><strong>E\u011fitim<\/strong><br \/>\n1974 \u0130stanbul Erkek Lisesi<br \/>\n<span dir=\"auto\"><span class=\"\" dir=\"auto\">1981 Cerrahpa\u015fa T\u0131p Fak\u00fcltesi<\/span><\/span><\/p>\n<p><strong>Deneyim<\/strong><br \/>\n<span dir=\"auto\">2001\u20132023 Dr. Erbil Ziylan muayenehanesi<\/span><br \/>\n<span dir=\"auto\">1981\u20131983 Bolu Sa\u011fl\u0131k Merkezi<\/span><\/p>\n\t\t\t\t\t\t\t\t<\/div>\n\t\t\t\t\t\t\t\t<button\n\t\t\t\t\t\t\t\t\ttype=\"button\"\n\t\t\t\t\t\t\t\t\tclass=\"medical-card__toggle\"\n\t\t\t\t\t\t\t\t\taria-expanded=\"false\"\n\t\t\t\t\t\t\t\t\tdata-more-text=\"Daha fazla g\u00f6ster\"\n\t\t\t\t\t\t\t\t\tdata-less-text=\"Daha az g\u00f6ster\"\n\t\t\t\t\t\t\t\t\thidden\n\t\t\t\t\t\t\t\t>\n\t\t\t\t\t\t\t\t\t<span class=\"medical-card__toggle-text\">Daha fazla g\u00f6ster<\/span>\n\t\t\t\t\t\t\t\t\t<svg class=\"medical-card__toggle-icon\" viewBox=\"0 0 24 24\" aria-hidden=\"true\" focusable=\"false\">\n\t\t\t\t\t\t\t\t\t\t<path d=\"M6 9l6 6 6-6\" fill=\"none\" stroke=\"currentColor\" stroke-width=\"2\" stroke-linecap=\"round\" stroke-linejoin=\"round\"\/>\n\t\t\t\t\t\t\t\t\t<\/svg>\n\t\t\t\t\t\t\t\t<\/button>\n\t\t\t\t\t\t\t<\/div>\n\t\t\t\t\t\t\t\t\t\t\t<\/article>\n\t\t\t\t\t\t\t\t\t<article class=\"medical-card\">\n\t\t\t\t\t\t\t\t\t\t\t\t\t<h3 class=\"medical-card__name\">Dr. Gulchehra Alam<\/h3>\n\t\t\t\t\t\t\n\t\t\t\t\t\t\t\t\t\t\t\t\t<div class=\"medical-card__media\">\n\t\t\t\t\t\t\t\t\t\t\t\t\t\t\t\t\t<figure class=\"medical-card__image-wrap\">\n\t\t\t\t\t\t\t\t\t\t<img width=\"660\" height=\"380\" src=\"https:\/\/elithair.com\/tr\/wp-content\/uploads\/sites\/10\/2026\/06\/dr-gulchehra-alam-allgemeinmedizin-elit-klinik.webp\" class=\"medical-card__image\" alt=\"Dr. Gulchehra Alam\" loading=\"lazy\" decoding=\"async\" srcset=\"https:\/\/elithair.com\/tr\/wp-content\/uploads\/sites\/10\/2026\/06\/dr-gulchehra-alam-allgemeinmedizin-elit-klinik.webp 660w, https:\/\/elithair.com\/tr\/wp-content\/uploads\/sites\/10\/2026\/06\/dr-gulchehra-alam-allgemeinmedizin-elit-klinik-300x173.webp 300w\" sizes=\"(max-width: 767px) 100vw, 660px\" \/>\t\t\t\t\t\t\t\t\t<\/figure>\n\t\t\t\t\t\t\t\t\t\t\t\t\t\t\t\t\t\t\t\t\t\t\t\t\t<p class=\"medical-card__role\">Aile hekimli\u011fi uzman\u0131<\/p>\n\t\t\t\t\t\t\t\t\t\t\t\t\t\t\t<\/div>\n\t\t\t\t\t\t\n\t\t\t\t\t\t\t\t\t\t\t\t\t<div class=\"medical-card__body\">\n\t\t\t\t\t\t\t\t<div class=\"medical-card__details content-format\">\n\t\t\t\t\t\t\t\t\t<p><strong>Genel<\/strong><br \/>\nUzmanl\u0131k alan\u0131: Aile hekimli\u011fi<\/p>\n<p><strong>E\u011fitim<\/strong><br \/>\n2021 Ege \u00dcniversitesi<\/p>\n<p><strong>Deneyim<\/strong><br \/>\n<span dir=\"auto\"><span class=\"\" dir=\"auto\">2021\u20132022: Konya \u00d6zel Metropolitan Hastanesi, acil poliklini\u011fi<\/span><\/span><br \/>\n<span dir=\"auto\"><span class=\"\" dir=\"auto\">2022 \u2013 g\u00fcn\u00fcm\u00fcz: Elit Klinik<\/span><\/span><\/p>\n<p><strong>Uzmanla\u015fma<\/strong><br \/>\n<span dir=\"auto\">Dolgu<\/span><br \/>\n<span dir=\"auto\">\u0130p ask\u0131s\u0131<\/span><br \/>\n<span dir=\"auto\">Botoks<\/span><br \/>\n<span dir=\"auto\">Mezoterapi<\/span><\/p>\n\t\t\t\t\t\t\t\t<\/div>\n\t\t\t\t\t\t\t\t<button\n\t\t\t\t\t\t\t\t\ttype=\"button\"\n\t\t\t\t\t\t\t\t\tclass=\"medical-card__toggle\"\n\t\t\t\t\t\t\t\t\taria-expanded=\"false\"\n\t\t\t\t\t\t\t\t\tdata-more-text=\"Daha fazla g\u00f6ster\"\n\t\t\t\t\t\t\t\t\tdata-less-text=\"Daha az g\u00f6ster\"\n\t\t\t\t\t\t\t\t\thidden\n\t\t\t\t\t\t\t\t>\n\t\t\t\t\t\t\t\t\t<span class=\"medical-card__toggle-text\">Daha fazla g\u00f6ster<\/span>\n\t\t\t\t\t\t\t\t\t<svg class=\"medical-card__toggle-icon\" viewBox=\"0 0 24 24\" aria-hidden=\"true\" focusable=\"false\">\n\t\t\t\t\t\t\t\t\t\t<path d=\"M6 9l6 6 6-6\" fill=\"none\" stroke=\"currentColor\" stroke-width=\"2\" stroke-linecap=\"round\" stroke-linejoin=\"round\"\/>\n\t\t\t\t\t\t\t\t\t<\/svg>\n\t\t\t\t\t\t\t\t<\/button>\n\t\t\t\t\t\t\t<\/div>\n\t\t\t\t\t\t\t\t\t\t\t<\/article>\n\t\t\t\t\t\t\t\t\t<article class=\"medical-card\">\n\t\t\t\t\t\t\t\t\t\t\t\t\t<h3 class=\"medical-card__name\">Dr. \u00d6zg\u00fcr Onba\u015f\u0131o\u011flu<\/h3>\n\t\t\t\t\t\t\n\t\t\t\t\t\t\t\t\t\t\t\t\t<div class=\"medical-card__media\">\n\t\t\t\t\t\t\t\t\t\t\t\t\t\t\t\t\t<figure class=\"medical-card__image-wrap\">\n\t\t\t\t\t\t\t\t\t\t<img width=\"660\" height=\"380\" src=\"https:\/\/elithair.com\/tr\/wp-content\/uploads\/sites\/10\/2026\/06\/dr-oezgur-onbasioglu-allgemeinchirurgie-elit-klinik.webp\" class=\"medical-card__image\" alt=\"Dr. \u00d6zg\u00fcr Onba\u015f\u0131o\u011flu\" loading=\"lazy\" decoding=\"async\" srcset=\"https:\/\/elithair.com\/tr\/wp-content\/uploads\/sites\/10\/2026\/06\/dr-oezgur-onbasioglu-allgemeinchirurgie-elit-klinik.webp 660w, https:\/\/elithair.com\/tr\/wp-content\/uploads\/sites\/10\/2026\/06\/dr-oezgur-onbasioglu-allgemeinchirurgie-elit-klinik-300x173.webp 300w\" sizes=\"(max-width: 767px) 100vw, 660px\" \/>\t\t\t\t\t\t\t\t\t<\/figure>\n\t\t\t\t\t\t\t\t\t\t\t\t\t\t\t\t\t\t\t\t\t\t\t\t\t<p class=\"medical-card__role\">Genel cerrahi uzman\u0131<\/p>\n\t\t\t\t\t\t\t\t\t\t\t\t\t\t\t<\/div>\n\t\t\t\t\t\t\n\t\t\t\t\t\t\t\t\t\t\t\t\t<div class=\"medical-card__body\">\n\t\t\t\t\t\t\t\t<div class=\"medical-card__details content-format\">\n\t\t\t\t\t\t\t\t\t<p><strong>Genel<\/strong><br \/>\nUzmanl\u0131k alan\u0131: Genel cerrahi<\/p>\n<p><strong>E\u011fitim<\/strong><br \/>\n<span class=\"\" dir=\"auto\">\u0130zmir Bornova Anadolu Lisesi <\/span><span class=\"\" dir=\"auto\">\u00dcniversite<br \/>\n\u0130stanbul T\u0131p Fak\u00fcltesi <\/span><span class=\"\" dir=\"auto\">\u0130stanbul<br \/>\nGenel cerrahi, Ankara Onkoloji Hastanesi<br \/>\n<\/span><span class=\"\" dir=\"auto\">Ankara \u00dcniversitesi Genel Cerrahi Klini\u011fi<br \/>\nEndoskopi <\/span><span class=\"\" dir=\"auto\">T.C. Sa\u011fl\u0131k Bakanl\u0131\u011f\u0131, sa\u00e7 ekimi e\u011fitimi<\/span><\/p>\n<p><strong>Deneyim<\/strong><br \/>\n2000\u20132005 Ankara Onkoloji E\u011fitim ve Ara\u015ft\u0131rma Hastanesi<br \/>\n2005\u20132010 Tokat Zile Devlet Hastanesi<br \/>\n2010-2011 \u00c7erke\u015f Devlet Hastanesi<br \/>\n2011-2014 Ankara \u00d6zel \u00c7a\u011f Hastanesi<br \/>\n2015\u20132016 \u00d6zel Elitium Medical Center<br \/>\n2016-2017 Avc\u0131lar Anadolu Hastanesi<br \/>\n2017-2021 Ankara Veni Vidi Hastanesi<br \/>\n2021-2025 Pendik Medipol \u00dcniversite Hastanesi<\/p>\n<p><strong>Uzmanla\u015fma<\/strong><br \/>\nGenel cerrahi<br \/>\nEndoskopi<br \/>\nSa\u00e7 ekimi<br \/>\nMinimal invaziv cerrahi giri\u015fimler<\/p>\n\t\t\t\t\t\t\t\t<\/div>\n\t\t\t\t\t\t\t\t<button\n\t\t\t\t\t\t\t\t\ttype=\"button\"\n\t\t\t\t\t\t\t\t\tclass=\"medical-card__toggle\"\n\t\t\t\t\t\t\t\t\taria-expanded=\"false\"\n\t\t\t\t\t\t\t\t\tdata-more-text=\"Daha fazla g\u00f6ster\"\n\t\t\t\t\t\t\t\t\tdata-less-text=\"Daha az g\u00f6ster\"\n\t\t\t\t\t\t\t\t\thidden\n\t\t\t\t\t\t\t\t>\n\t\t\t\t\t\t\t\t\t<span class=\"medical-card__toggle-text\">Daha fazla g\u00f6ster<\/span>\n\t\t\t\t\t\t\t\t\t<svg class=\"medical-card__toggle-icon\" viewBox=\"0 0 24 24\" aria-hidden=\"true\" focusable=\"false\">\n\t\t\t\t\t\t\t\t\t\t<path d=\"M6 9l6 6 6-6\" fill=\"none\" stroke=\"currentColor\" stroke-width=\"2\" stroke-linecap=\"round\" stroke-linejoin=\"round\"\/>\n\t\t\t\t\t\t\t\t\t<\/svg>\n\t\t\t\t\t\t\t\t<\/button>\n\t\t\t\t\t\t\t<\/div>\n\t\t\t\t\t\t\t\t\t\t\t<\/article>\n\t\t\t\t\t\t\t\t\t<article class=\"medical-card\">\n\t\t\t\t\t\t\t\t\t\t\t\t\t<h3 class=\"medical-card__name\">Dr. Ferit Karga\u015f<\/h3>\n\t\t\t\t\t\t\n\t\t\t\t\t\t\t\t\t\t\t\t\t<div class=\"medical-card__media\">\n\t\t\t\t\t\t\t\t\t\t\t\t\t\t\t\t\t<figure class=\"medical-card__image-wrap\">\n\t\t\t\t\t\t\t\t\t\t<img width=\"660\" height=\"380\" src=\"https:\/\/elithair.com\/tr\/wp-content\/uploads\/sites\/10\/2026\/06\/dr-ferit-kargas-aesthetische-medizin-elit-klinik.webp\" class=\"medical-card__image\" alt=\"Dr. Ferit Karga\u015f\" loading=\"lazy\" decoding=\"async\" srcset=\"https:\/\/elithair.com\/tr\/wp-content\/uploads\/sites\/10\/2026\/06\/dr-ferit-kargas-aesthetische-medizin-elit-klinik.webp 660w, https:\/\/elithair.com\/tr\/wp-content\/uploads\/sites\/10\/2026\/06\/dr-ferit-kargas-aesthetische-medizin-elit-klinik-300x173.webp 300w\" sizes=\"(max-width: 767px) 100vw, 660px\" \/>\t\t\t\t\t\t\t\t\t<\/figure>\n\t\t\t\t\t\t\t\t\t\t\t\t\t\t\t\t\t\t\t\t\t\t\t\t\t<p class=\"medical-card__role\">Estetik t\u0131p uzman\u0131<\/p>\n\t\t\t\t\t\t\t\t\t\t\t\t\t\t\t<\/div>\n\t\t\t\t\t\t\n\t\t\t\t\t\t\t\t\t\t\t\t\t<div class=\"medical-card__body\">\n\t\t\t\t\t\t\t\t<div class=\"medical-card__details content-format\">\n\t\t\t\t\t\t\t\t\t<p><strong>Genel<\/strong><br \/>\nUzmanl\u0131k alan\u0131: Estetik t\u0131p<br \/>\nYabanc\u0131 dil: \u0130ngilizce &amp; Rus\u00e7a<\/p>\n<p><strong>E\u011fitim<\/strong><br \/>\n1980 \u00c7avu\u015fo\u011flu \u00d6zel Okulu, yo\u011funla\u015ft\u0131r\u0131lm\u0131\u015f yabanc\u0131 dil kursu<br \/>\n1981\u20131987 \u0130stanbul \u00dcniversitesi T\u0131p Fak\u00fcltesi, t\u0131p doktoru<\/p>\n<p><strong>Deneyim<\/strong><\/p>\n<p>2000\u20132002 Dizayn Boru A.\u015e., i\u015f yeri hekimi<br \/>\n2003\u20132008 Sodexho Toplu Yemek ve Servis A.\u015e., i\u015f yeri hekimi<br \/>\n2004\u20132005 Modern Karton A.\u015e., i\u015f yeri hekimi<br \/>\n2005\u20132008 Nursan Automotive Systems, i\u015f yeri hekimi<br \/>\n2005\u20132010 Hyosung \u0130stanbul Tekstil, i\u015f yeri hekimi<br \/>\n2010\u20132019 Sa\u011fl\u0131k Bakanl\u0131\u011f\u0131, aile hekimi (Antalya Manavgat)<br \/>\n2019\u20132020 Quartz Clinic, estetik t\u0131p hekimi<br \/>\n2019\u20132020 Ulkar Holding Nobel \u0130la\u00e7, i\u015f yeri hekimi<br \/>\n2019\u20132020 Vgl. Kimya San. ve D\u0131\u015f Tic. A.\u015e., i\u015f yeri hekimi<br \/>\n2019\u20132020 Linea Dekor, i\u015f yeri hekimi<br \/>\n2019\u20132020 Quartz Clinic, estetik t\u0131p hekimi<br \/>\n2020\u20132021 Hema Automotive Systems Inc., i\u015f yeri hekimi<br \/>\n2020\u20132021 Deva Holding A.\u015e., i\u015f yeri hekimi<br \/>\n2020\u20132021 Asl\u0131 Tarcan Medical Center, estetik t\u0131p uzman\u0131<br \/>\n2021\u20132024 Promed Clinic, estetik t\u0131p uzman\u0131<\/p>\n<p><strong>Uzmanla\u015fma<\/strong><br \/>\nSa\u00e7 ekimi<br \/>\nBotoks ve dolgu uygulamalar\u0131<br \/>\nPRP tedavisi<br \/>\nOzon tedavisi<\/p>\n\t\t\t\t\t\t\t\t<\/div>\n\t\t\t\t\t\t\t\t<button\n\t\t\t\t\t\t\t\t\ttype=\"button\"\n\t\t\t\t\t\t\t\t\tclass=\"medical-card__toggle\"\n\t\t\t\t\t\t\t\t\taria-expanded=\"false\"\n\t\t\t\t\t\t\t\t\tdata-more-text=\"Daha fazla g\u00f6ster\"\n\t\t\t\t\t\t\t\t\tdata-less-text=\"Daha az g\u00f6ster\"\n\t\t\t\t\t\t\t\t\thidden\n\t\t\t\t\t\t\t\t>\n\t\t\t\t\t\t\t\t\t<span class=\"medical-card__toggle-text\">Daha fazla g\u00f6ster<\/span>\n\t\t\t\t\t\t\t\t\t<svg class=\"medical-card__toggle-icon\" viewBox=\"0 0 24 24\" aria-hidden=\"true\" focusable=\"false\">\n\t\t\t\t\t\t\t\t\t\t<path d=\"M6 9l6 6 6-6\" fill=\"none\" stroke=\"currentColor\" stroke-width=\"2\" stroke-linecap=\"round\" stroke-linejoin=\"round\"\/>\n\t\t\t\t\t\t\t\t\t<\/svg>\n\t\t\t\t\t\t\t\t<\/button>\n\t\t\t\t\t\t\t<\/div>\n\t\t\t\t\t\t\t\t\t\t\t<\/article>\n\t\t\t\t\t\t\t\t\t<article class=\"medical-card\">\n\t\t\t\t\t\t\t\t\t\t\t\t\t<h3 class=\"medical-card__name\">Dr. Emre Badur<\/h3>\n\t\t\t\t\t\t\n\t\t\t\t\t\t\t\t\t\t\t\t\t<div class=\"medical-card__media\">\n\t\t\t\t\t\t\t\t\t\t\t\t\t\t\t\t\t<figure class=\"medical-card__image-wrap\">\n\t\t\t\t\t\t\t\t\t\t<img width=\"660\" height=\"380\" src=\"https:\/\/elithair.com\/tr\/wp-content\/uploads\/sites\/10\/2026\/06\/dr-emre-badir-anaesthesie-elit-klinik.webp\" class=\"medical-card__image\" alt=\"Dr. Emre Badur\" loading=\"lazy\" decoding=\"async\" srcset=\"https:\/\/elithair.com\/tr\/wp-content\/uploads\/sites\/10\/2026\/06\/dr-emre-badir-anaesthesie-elit-klinik.webp 660w, https:\/\/elithair.com\/tr\/wp-content\/uploads\/sites\/10\/2026\/06\/dr-emre-badir-anaesthesie-elit-klinik-300x173.webp 300w\" sizes=\"(max-width: 767px) 100vw, 660px\" \/>\t\t\t\t\t\t\t\t\t<\/figure>\n\t\t\t\t\t\t\t\t\t\t\t\t\t\t\t\t\t\t\t\t\t\t\t\t\t<p class=\"medical-card__role\">Anesteziyoloji ve reanimasyon uzman\u0131<\/p>\n\t\t\t\t\t\t\t\t\t\t\t\t\t\t\t<\/div>\n\t\t\t\t\t\t\n\t\t\t\t\t\t\t\t\t\t\t\t\t<div class=\"medical-card__body\">\n\t\t\t\t\t\t\t\t<div class=\"medical-card__details content-format\">\n\t\t\t\t\t\t\t\t\t<p><strong>Genel<\/strong><br \/>\nUzmanl\u0131k alan\u0131: Anesteziyoloji ve reanimasyon<\/p>\n<p><strong>E\u011fitim<\/strong><br \/>\n<span class=\"\" dir=\"auto\">\u0130stanbul \u00dcniversitesi Cerrahpa\u015fa T\u0131p Fak\u00fcltesi<br \/>\n<\/span><span class=\"\" dir=\"auto\">Sa\u011fl\u0131k Bilimleri \u00dcniversitesi \u015e\u0130\u015eL\u0130 HAMIDIYE ETFAL E\u011fitim ve Ara\u015ft\u0131rma Hastanesi<br \/>\n<\/span><\/p>\n<p><strong>Deneyim<\/strong><br \/>\n2001\u20132006 Haseki E\u011fitim ve Ara\u015ft\u0131rma Hastanesi, kulak burun bo\u011faz asistan\u0131<br \/>\n2012\u20132014 \u0130stanbul \u00c7atalca Toplum Sa\u011fl\u0131\u011f\u0131 Merkezi, aile hekimli\u011fi<br \/>\n2015-2020 \u015ei\u015fli Hamidiye Etfal E\u011fitim ve Ara\u015ft\u0131rma Hastanesi, asistan hekim<br \/>\n2020-2021 Ni\u011fde \u00d6mer Halisdemir E\u011fitim ve Ara\u015ft\u0131rma Hastanesi, uzman hekim<br \/>\n2021-2023 \u0130stanbul Ba\u015fak\u015fehir \u00c7am ve Sakura \u015eehir Hastanesi, uzman hekim<br \/>\n2024-2025 Medipol Ac\u0131badem B\u00f6lge Hastanesi, uzman hekim<\/p>\n<p><strong>Uzmanla\u015fma<\/strong><br \/>\nAnesteziyoloji ve reanimasyon \/ t\u0131p uzmanl\u0131\u011f\u0131<\/p>\n\t\t\t\t\t\t\t\t<\/div>\n\t\t\t\t\t\t\t\t<button\n\t\t\t\t\t\t\t\t\ttype=\"button\"\n\t\t\t\t\t\t\t\t\tclass=\"medical-card__toggle\"\n\t\t\t\t\t\t\t\t\taria-expanded=\"false\"\n\t\t\t\t\t\t\t\t\tdata-more-text=\"Daha fazla g\u00f6ster\"\n\t\t\t\t\t\t\t\t\tdata-less-text=\"Daha az g\u00f6ster\"\n\t\t\t\t\t\t\t\t\thidden\n\t\t\t\t\t\t\t\t>\n\t\t\t\t\t\t\t\t\t<span class=\"medical-card__toggle-text\">Daha fazla g\u00f6ster<\/span>\n\t\t\t\t\t\t\t\t\t<svg class=\"medical-card__toggle-icon\" viewBox=\"0 0 24 24\" aria-hidden=\"true\" focusable=\"false\">\n\t\t\t\t\t\t\t\t\t\t<path d=\"M6 9l6 6 6-6\" fill=\"none\" stroke=\"currentColor\" stroke-width=\"2\" stroke-linecap=\"round\" stroke-linejoin=\"round\"\/>\n\t\t\t\t\t\t\t\t\t<\/svg>\n\t\t\t\t\t\t\t\t<\/button>\n\t\t\t\t\t\t\t<\/div>\n\t\t\t\t\t\t\t\t\t\t\t<\/article>\n\t\t\t\t\t\t\t\t\t<article class=\"medical-card\">\n\t\t\t\t\t\t\t\t\t\t\t\t\t<h3 class=\"medical-card__name\">Dr. M\u00fc\u015ferref Belce Yayci<\/h3>\n\t\t\t\t\t\t\n\t\t\t\t\t\t\t\t\t\t\t\t\t<div class=\"medical-card__media\">\n\t\t\t\t\t\t\t\t\t\t\t\t\t\t\t\t\t<figure class=\"medical-card__image-wrap\">\n\t\t\t\t\t\t\t\t\t\t<img width=\"356\" height=\"267\" src=\"https:\/\/elithair.com\/tr\/wp-content\/uploads\/sites\/10\/2026\/06\/dr-muserref-profilbild.png\" class=\"medical-card__image\" alt=\"Dr. M\u00fc\u015ferref Belce Yayci\" loading=\"lazy\" decoding=\"async\" srcset=\"https:\/\/elithair.com\/tr\/wp-content\/uploads\/sites\/10\/2026\/06\/dr-muserref-profilbild.png 356w, https:\/\/elithair.com\/tr\/wp-content\/uploads\/sites\/10\/2026\/06\/dr-muserref-profilbild-300x225.png 300w\" sizes=\"(max-width: 356px) 100vw, 356px\" \/>\t\t\t\t\t\t\t\t\t<\/figure>\n\t\t\t\t\t\t\t\t\t\t\t\t\t\t\t\t\t\t\t\t\t\t\t\t\t<p class=\"medical-card__role\">Estetik t\u0131p uzman\u0131<\/p>\n\t\t\t\t\t\t\t\t\t\t\t\t\t\t\t<\/div>\n\t\t\t\t\t\t\n\t\t\t\t\t\t\t\t\t\t\t\t\t<div class=\"medical-card__body\">\n\t\t\t\t\t\t\t\t<div class=\"medical-card__details content-format\">\n\t\t\t\t\t\t\t\t\t<p><strong>Genel<\/strong><br \/>\nUzmanl\u0131k alan\u0131: Estetik t\u0131p<br \/>\nYabanc\u0131 dil: \u0130ngilizce &amp; Rus\u00e7a<\/p>\n<p><strong>E\u011fitim<\/strong><\/p>\n<p><span dir=\"auto\"><span class=\"VIpgJd-yAWNEb-VIpgJd-fmcmS-sn54Q\" dir=\"auto\">1987 Bolu Lisesi \u2013 Fen Bilimleri<\/span><\/span><\/p>\n<p><span dir=\"auto\">1993 Eski\u015fehir Anadolu \u00dcniversitesi (Osmangazi) \u2013 T\u0131p Fak\u00fcltesi<\/span><\/p>\n<p><span dir=\"auto\">2020 Anadolu \u00dcniversitesi \u2013 Sa\u011fl\u0131k Y\u00f6netimi<\/span><\/p>\n<p><span dir=\"auto\">2021-2023 \u0130stanbul \u00dcniversitesi \u2013 Hukuk<\/span><\/p>\n<p><strong>Deneyim<\/strong><\/p>\n<p>1993-1995 Amerikan K\u0131z\u0131lha\u00e7\u0131 \u2013 g\u00f6n\u00fcll\u00fc hekim, San Francisco<\/p>\n<p>1994-2000 T\u00fcrkiye Sa\u011fl\u0131k Bakanl\u0131\u011f\u0131, G\u00fcltepe Aile Sa\u011fl\u0131\u011f\u0131 Merkezi \u2013 sorumlu hekim<\/p>\n<p>2000-2010 Shaya Retail Inc. \u2013 i\u015f yeri hekimi<\/p>\n<p>2000-2010 Tekin Acar Ltd. Co. \u2013 i\u015f yeri hekimi<\/p>\n<p>2000-2010 Pika Textile Industry Ltd. Co. \u2013 i\u015f yeri hekimi<\/p>\n<p>2017-2020 G\u00fclhane E\u011fitim ve Ara\u015ft\u0131rma Hastanesi<\/p>\n<p>2020-2023 Ka\u011f\u0131thane \u0130l\u00e7e Sa\u011fl\u0131k M\u00fcd\u00fcrl\u00fc\u011f\u00fc<\/p>\n<p>2023-2026 Alshaya Group i\u015f yeri hekimi ve sa\u011fl\u0131k dan\u0131\u015fman\u0131<\/p>\n<p><strong>Uzmanla\u015fma<\/strong><br \/>\nPre-Test System kapsam\u0131nda hasta raporlar\u0131n\u0131n incelenmesi ve sonraki kontroller<\/p>\n\t\t\t\t\t\t\t\t<\/div>\n\t\t\t\t\t\t\t\t<button\n\t\t\t\t\t\t\t\t\ttype=\"button\"\n\t\t\t\t\t\t\t\t\tclass=\"medical-card__toggle\"\n\t\t\t\t\t\t\t\t\taria-expanded=\"false\"\n\t\t\t\t\t\t\t\t\tdata-more-text=\"Daha fazla g\u00f6ster\"\n\t\t\t\t\t\t\t\t\tdata-less-text=\"Daha az g\u00f6ster\"\n\t\t\t\t\t\t\t\t\thidden\n\t\t\t\t\t\t\t\t>\n\t\t\t\t\t\t\t\t\t<span class=\"medical-card__toggle-text\">Daha fazla g\u00f6ster<\/span>\n\t\t\t\t\t\t\t\t\t<svg class=\"medical-card__toggle-icon\" viewBox=\"0 0 24 24\" aria-hidden=\"true\" focusable=\"false\">\n\t\t\t\t\t\t\t\t\t\t<path d=\"M6 9l6 6 6-6\" fill=\"none\" stroke=\"currentColor\" stroke-width=\"2\" stroke-linecap=\"round\" stroke-linejoin=\"round\"\/>\n\t\t\t\t\t\t\t\t\t<\/svg>\n\t\t\t\t\t\t\t\t<\/button>\n\t\t\t\t\t\t\t<\/div>\n\t\t\t\t\t\t\t\t\t\t\t<\/article>\n\t\t\t\t\t\t\t<\/div>\n\t\t\n\t\t\t<\/div>\n<\/section>\n\n\n<section class=\"wp-block-elh-content-media content-media layout-simple top-title-layout one-column styled-ul ul-default ul-default-box bg-secondary dark-layout\">\n\t<div class=\"content-media__container container\">\n\t\t\t\t\t<header class=\"content-media__header has-mw\" style=\"--MW:700px\">\n\t\t\t\t\t\t\t\t\t<h2>\t\t\t\t\t\tSa\u00e7 Sa\u011fl\u0131\u011f\u0131 ve Sa\u00e7 D\u00f6k\u00fclmesi De\u011ferlendirmesi\t\t\t\t\t<\/h2>\t\t\t\t\t\t\t\t\t\t\t<\/header>\n\t\t\n\t\t\t\t\t\t<div class=\"content-media__content has-mw\" style=\"--MW:700px\">\n\t\t\t<p>Sa\u00e7 d\u00f6k\u00fclmesi, farkl\u0131 nedenlere ba\u011fl\u0131 olarak ortaya \u00e7\u0131kabilen bir durumdur. Etkin ve do\u011fru tedavi yakla\u015f\u0131m\u0131, sa\u00e7 d\u00f6k\u00fclmesinin nedenine ba\u011fl\u0131 olarak farkl\u0131l\u0131k g\u00f6stermektedir.<\/p>\n<p>Elithair klini\u011finde sa\u00e7 ekimi s\u00fcreci \u00f6ncesinde hekim ekibimiz, hastan\u0131n sa\u00e7 yap\u0131s\u0131n\u0131 ve sa\u00e7 derisi durumunu de\u011ferlendirir. Bu de\u011ferlendirme sonucunda hastaya uygun s\u00fcre\u00e7 belirlenmektedir.<\/p>\n<p><strong>Sa\u00e7 D\u00f6k\u00fclmesinin S\u0131k G\u00f6r\u00fclen Nedenleri:<\/strong><\/p>\n<p><strong>Androgenetik Alopesi (Kal\u0131tsal Sa\u00e7 D\u00f6k\u00fclmesi):<\/strong><br \/>\n<a href=\"https:\/\/elithair.com\/tr\/erken-kellik-sebepleri-ve-kesin-cozumu\/\">Androgenetik alopesi<\/a>, sa\u00e7 d\u00f6k\u00fclmesinin en s\u0131k g\u00f6r\u00fclen tipidir ve hem erkeklerde hem de kad\u0131nlarda g\u00f6r\u00fclebilir. Sa\u00e7lar\u0131n yava\u015f yava\u015f seyrelmesi ile kendini g\u00f6sterir. Bu tipteki sa\u00e7 d\u00f6k\u00fclmesinin de\u011ferlendirilmesi ve tedavi se\u00e7enekleri i\u00e7in dermatoloji uzman\u0131na ba\u015fvurulmas\u0131 \u00f6nerilmektedir. Uygun hastalarda sa\u00e7 ekimi bir tedavi se\u00e7ene\u011fi olabilmektedir.<\/p>\n<p><strong>Alopesi Areata (B\u00f6lgesel Sa\u00e7 D\u00f6k\u00fclmesi):<\/strong><br \/>\n<a href=\"https:\/\/elithair.com\/tr\/bolgesel-sac-dokulmesi-nedir-neden-olur\/\">Alopesi areata<\/a>, sa\u00e7 derisinde veya v\u00fccudun di\u011fer b\u00f6lgelerinde ani, b\u00f6lgesel sa\u00e7 d\u00f6k\u00fclmesine yol a\u00e7an otoimm\u00fcn bir durumdur. Bu durumun tedavisi dermatoloji polikliniklerinde y\u00fcr\u00fct\u00fclmektedir. Alopesi areata durumunda sa\u00e7 ekimi genellikle uygun bir se\u00e7enek de\u011fildir; \u00f6ncelikle dermatolojik tedavi gereklidir.<\/p>\n<p><strong>Telojen Effluvium (Yayg\u0131n Ge\u00e7ici Sa\u00e7 D\u00f6k\u00fclmesi):<\/strong><br \/>\nTelojen effluvium; stres, hastal\u0131k, hormonal de\u011fi\u015fiklikler veya baz\u0131 ila\u00e7lar gibi nedenlerle ortaya \u00e7\u0131kabilen ge\u00e7ici bir sa\u00e7 d\u00f6k\u00fclmesi tipidir. Bu tipteki d\u00f6k\u00fclme genellikle kendili\u011finden geriler; nedenin ara\u015ft\u0131r\u0131lmas\u0131 ve tedavisi i\u00e7in hekime ba\u015fvurulmas\u0131 \u00f6nerilmektedir.<\/p>\n<p><strong>Sa\u00e7 Derisi Hastal\u0131klar\u0131:<\/strong><br \/>\nSeboreik dermatit, sedef hastal\u0131\u011f\u0131 ve mantar enfeksiyonlar\u0131 gibi sa\u00e7 derisi rahats\u0131zl\u0131klar\u0131 sa\u00e7 d\u00f6k\u00fclmesine yol a\u00e7abilmektedir. Bu t\u00fcr rahats\u0131zl\u0131klar\u0131n tan\u0131 ve tedavisi dermatoloji uzman\u0131 taraf\u0131ndan y\u00fcr\u00fct\u00fclmektedir.<\/p>\n<p>Sa\u00e7 d\u00f6k\u00fclmesinin nedeni ve uygun tedavi se\u00e7ene\u011fi i\u00e7in mutlaka bir hekime ba\u015fvurunuz. Sa\u00e7 ekimi s\u00fcreci hakk\u0131nda bilgi almak i\u00e7in hekim ekibimizle ileti\u015fime ge\u00e7ebilirsiniz.<\/p>\n<p><em>Bu i\u00e7erik bilgilendirme ama\u00e7l\u0131d\u0131r ve hekim muayenesinin yerini tutmaz.<\/em><\/p>\n\t\t<\/div>\n\t\t\n\t\t\n\t\t\t<\/div>\n<\/section>\n\n\n<section class=\"wp-block-elh-time-line time-line bg-h-linear-dark dark-layout media_layout\">\n\t<div class=\"time-line__container container\">\n\t\t\t\t\t<header class=\"time-line__header text-center\">\n\t\t\t\t\t\t\t\t\t<h2 class=\"time-line__title\">Klini\u011fimizde Kullan\u0131lan De\u011ferlendirme Y\u00f6ntemleri<\/h2>\n\t\t\t\t\t\t\t\t\t\t\t\t\t<p>Sa\u00e7 d\u00f6k\u00fclmesinin do\u011fru de\u011ferlendirilmesi, uygun s\u00fcrecin belirlenmesinde \u00f6nemli bir ad\u0131md\u0131r. Hekim ekibimiz, sa\u00e7 d\u00f6k\u00fclmesinin nedenlerini de\u011ferlendirmek i\u00e7in\u00a0<a href=\"https:\/\/elithair.com\/tr\/pre-test-sistemi\/\">g\u00fcncel y\u00f6ntemleri<\/a>\u00a0kullanmaktad\u0131r:<\/p>\n\t\t\t\t\t\t\t<\/header>\n\t\t\n\t\t<div class=\"time-line__layout\">\n\t\t\t<div class=\"time-line__line\">\n\t\t\t\t<div class=\"time-line__progress js-time-line-progress\">\n\t\t\t\t\t<div class=\"time-line__gradient-trick js-time-line-gradient\"><\/div>\n\t\t\t\t<\/div>\n\t\t\t<\/div>\n\t\t\t<div class=\"time-line__items js-time-line-items\">\n\t\t\t\t\t\t\t\t\t\t<div class=\"time-line__item js-time-line-item\">\n\t\t\t\t\t\t\t<div class=\"time-line__num-col\">\n\t\t\t\t\t\t\t\t<div class=\"time-line__num js-time-line-num\">1<\/div>\n\t\t\t\t\t\t\t<\/div>\n\t\t\t\t\t\t\t<article class=\"time-line__card time-line__card--light\">\n\t\t\t\t\t\t\t\t<div class=\"time-line__card-content\">\n\t\t\t\t\t\t\t\t\t\t\t\t\t\t\t\t\t\t\t<h3 class=\"time-line__card-title\">1. Trikoskopi:<\/h3>\n\t\t\t\t\t\t\t\t\t\t\t\t\t\t\t\t\t\t\t\t\t\t\t\t\t\t\t\t<div class=\"time-line__card-desc content-format\">\n\t\t\t\t\t\t\t\t\t\t\t<p>\u0130nvaziv olmayan bu de\u011ferlendirme y\u00f6nteminde sa\u00e7lar ve sa\u00e7 derisi, dermatoskop cihaz\u0131 yard\u0131m\u0131yla y\u00fcksek b\u00fcy\u00fctme alt\u0131nda incelenir. Bu inceleme; sa\u00e7 d\u00f6k\u00fclmesi paternlerini, iltihabi durumlar\u0131 ve sa\u00e7 derisindeki di\u011fer bulgular\u0131 tespit etmeye yard\u0131mc\u0131 olabilmektedir.<\/p>\n\t\t\t\t\t\t\t\t\t\t<\/div>\n\t\t\t\t\t\t\t\t\t\t\t\t\t\t\t\t\t\t\t\t\t\t\t\t\t\t<\/div>\n\t\t\t\t\t\t\t\t<div class=\"time-line__card-media\">\n\t\t\t\t\t\t\t\t\t\t\t\t\t\t\t\t\t\t\t<img decoding=\"async\" width=\"1\" height=\"1\" src=\"https:\/\/elithair.com\/tr\/wp-content\/uploads\/sites\/10\/2026\/06\/icon-trichoskopie.svg\" class=\"attachment-large size-large\" alt=\"ikon-trikoskopi\" loading=\"lazy\" \/>\t\t\t\t\t\t\t\t\t\t\t\t\t\t\t\t\t<\/div>\n\t\t\t\t\t\t\t<\/article>\n\t\t\t\t\t\t<\/div>\n\t\t\t\t\t\t\t\t\t\t\t\t<div class=\"time-line__item js-time-line-item\">\n\t\t\t\t\t\t\t<div class=\"time-line__num-col\">\n\t\t\t\t\t\t\t\t<div class=\"time-line__num js-time-line-num\">2<\/div>\n\t\t\t\t\t\t\t<\/div>\n\t\t\t\t\t\t\t<article class=\"time-line__card time-line__card--light\">\n\t\t\t\t\t\t\t\t<div class=\"time-line__card-content\">\n\t\t\t\t\t\t\t\t\t\t\t\t\t\t\t\t\t\t\t<h3 class=\"time-line__card-title\">2. Sa\u00e7 derisi biyopsisi:<\/h3>\n\t\t\t\t\t\t\t\t\t\t\t\t\t\t\t\t\t\t\t\t\t\t\t\t\t\t\t\t<div class=\"time-line__card-desc content-format\">\n\t\t\t\t\t\t\t\t\t\t\t<p>Baz\u0131 durumlarda, sikatrisyel alopesi veya otoimm\u00fcn hastal\u0131klar gibi durumlar\u0131n de\u011ferlendirilmesi i\u00e7in sa\u00e7 derisi dokusundan mikroskobik inceleme amac\u0131yla k\u00fc\u00e7\u00fck bir \u00f6rnek al\u0131nabilir. Bu i\u015flem dermatoloji uzman\u0131 taraf\u0131ndan uygulanmaktad\u0131r.<\/p>\n\t\t\t\t\t\t\t\t\t\t<\/div>\n\t\t\t\t\t\t\t\t\t\t\t\t\t\t\t\t\t\t\t\t\t\t\t\t\t\t<\/div>\n\t\t\t\t\t\t\t\t<div class=\"time-line__card-media\">\n\t\t\t\t\t\t\t\t\t\t\t\t\t\t\t\t\t\t\t<img decoding=\"async\" width=\"1\" height=\"1\" src=\"https:\/\/elithair.com\/tr\/wp-content\/uploads\/sites\/10\/2026\/06\/icon-kopfhaut-biopsie.svg\" class=\"attachment-large size-large\" alt=\"ikon-kafa-biyopsisi\" loading=\"lazy\" \/>\t\t\t\t\t\t\t\t\t\t\t\t\t\t\t\t\t<\/div>\n\t\t\t\t\t\t\t<\/article>\n\t\t\t\t\t\t<\/div>\n\t\t\t\t\t\t\t\t\t\t\t\t<div class=\"time-line__item js-time-line-item\">\n\t\t\t\t\t\t\t<div class=\"time-line__num-col\">\n\t\t\t\t\t\t\t\t<div class=\"time-line__num js-time-line-num\">3<\/div>\n\t\t\t\t\t\t\t<\/div>\n\t\t\t\t\t\t\t<article class=\"time-line__card time-line__card--light\">\n\t\t\t\t\t\t\t\t<div class=\"time-line__card-content\">\n\t\t\t\t\t\t\t\t\t\t\t\t\t\t\t\t\t\t\t<h3 class=\"time-line__card-title\">3. Kan testleri:<\/h3>\n\t\t\t\t\t\t\t\t\t\t\t\t\t\t\t\t\t\t\t\t\t\t\t\t\t\t\t\t<div class=\"time-line__card-desc content-format\">\n\t\t\t\t\t\t\t\t\t\t\t<p>Kan testleri; sa\u00e7 d\u00f6k\u00fclmesine yol a\u00e7abilen tiroid bozukluklar\u0131, beslenme eksiklikleri veya di\u011fer sistemik durumlar\u0131n de\u011ferlendirilmesinde kullan\u0131labilir. Bu de\u011ferlendirmeler hekim taraf\u0131ndan yorumlanmaktad\u0131r.<br \/>\nDe\u011ferlendirme sonu\u00e7lar\u0131na g\u00f6re uygun tedavi veya s\u00fcre\u00e7 yakla\u015f\u0131m\u0131 hekim ekibimiz taraf\u0131ndan belirlenmektedir.<\/p>\n\t\t\t\t\t\t\t\t\t\t<\/div>\n\t\t\t\t\t\t\t\t\t\t\t\t\t\t\t\t\t\t\t\t\t\t\t\t\t\t<\/div>\n\t\t\t\t\t\t\t\t<div class=\"time-line__card-media\">\n\t\t\t\t\t\t\t\t\t\t\t\t\t\t\t\t\t\t\t<img decoding=\"async\" width=\"1\" height=\"1\" src=\"https:\/\/elithair.com\/tr\/wp-content\/uploads\/sites\/10\/2026\/06\/icon-bluttests.svg\" class=\"attachment-large size-large\" alt=\"simge kan testleri\" loading=\"lazy\" \/>\t\t\t\t\t\t\t\t\t\t\t\t\t\t\t\t\t<\/div>\n\t\t\t\t\t\t\t<\/article>\n\t\t\t\t\t\t<\/div>\n\t\t\t\t\t\t\t\t\t<\/div>\n\t\t<\/div>\n\n\t\t\t<\/div>\n<\/section>\n\n\n<section class=\"wp-block-elh-contact-form contact-form bg-grey\" style=\"--contact-form-chevron-down-icon: url(&#039;https:\/\/elithair.com\/tr\/wp-content\/themes\/elithair-master\/src\/dist\/images\/icons\/chevron-down.svg&#039;);\">\n\t<div class=\"contact-form__container container\">\n\n\t\t\t\t\t<header class=\"contact-form__header\">\n\t\t\t\t<h2>\t\t\t\t\tSa\u00e7 D\u00f6k\u00fclmesi \u00c7\u00f6z\u00fcm\u00fc Elithair&#8217;de!\t\t\t\t<\/h2>\t\t\t<\/header>\n\t\t\n\t\t\t\t\t<div class=\"contact-form__content content-format\">\n\t\t\t\t\t\t\t\t\t<p>Sa\u00e7 d\u00f6k\u00fclmesi konusunda bilgi almak istedi\u011finizde, hekim ekibimiz sa\u00e7 yap\u0131n\u0131z\u0131 ve sa\u00e7 derisi durumunuzu de\u011ferlendirerek uygun s\u00fcre\u00e7 hakk\u0131nda sizi bilgilendirir.<br \/>\n\u00d6n de\u011ferlendirme talebinde bulunmak i\u00e7in bizimle ileti\u015fime ge\u00e7ebilirsiniz. Sa\u00e7 ekimi s\u00fcreci ve se\u00e7enekleri hakk\u0131nda detayl\u0131 bilgi almak isteyenler i\u00e7in hasta dan\u0131\u015fma birimimiz g\u00f6r\u00fc\u015fmeye haz\u0131rd\u0131r.<\/p>\n\t\t\t\t\n\t\t\t\t\t\t\t<\/div>\n\t\t\n\t\t<div class=\"contact-form__form\">\n\t\t\t<div class=\"contact-form\">\n\t\t\t\t<div class=\"contactForm\">\n\t\t\t\t\t\t\t\t\t\t<fieldset class=\"genderF\">\n\t\t\t\t\t\t<legend class=\"genderTitle\">Hitap \u015fekli<\/legend>\n\t\t\t\t\t\t<div class=\"genderType\">\n\t\t\t\t\t\t\t<label for=\"gender-man\">\n\t\t\t\t\t\t\t\t<input type=\"radio\" checked name=\"gender\" class=\"gender\" id=\"gender-man\" value=\"Man\">\n\t\t\t\t\t\t\t\tBay\t\t\t\t\t\t\t<\/label>\n\t\t\t\t\t\t\t<label for=\"gender-woman\">\n\t\t\t\t\t\t\t\t<input type=\"radio\" name=\"gender\" class=\"gender\" id=\"gender-woman\" value=\"Woman\">\n\t\t\t\t\t\t\t\tBayan\t\t\t\t\t\t\t<\/label>\n\t\t\t\t\t\t<\/div>\n\t\t\t\t\t<\/fieldset>\n\n\t\t\t\t<div class=\"nameF\">\n\t\t\t\t\t<div class=\"animateInput\">\n\t\t\t\t\t\t<svg class=\"field-icon\" aria-hidden=\"true\" focusable=\"false\"><use href=\"#icon-user\"><\/use><\/svg>\n\t\t\t\t\t<input\n\t\t\t\t\t\ttype=\"text\"\n\t\t\t\t\t\trequired\n\t\t\t\t\t\tminlength=\"2\"\n\t\t\t\t\t\tname=\"name\"\n\t\t\t\t\t\tid=\"nameF\"\n\t\t\t\t\t\tautocomplete=\"off\"\n\t\t\t\t\t\tplaceholder=\"Ad\u0131 Soyad\u0131\"\t\t\t\t\t>\n\t\t\t\t\t\t<label for=\"nameF\">Ad\u0131 Soyad\u0131<\/label>\n\t\t\t\t\t\t<svg class=\"validate-icon validate-icon--error\" aria-hidden=\"true\" focusable=\"false\"><use href=\"#icon-close\"><\/use><\/svg>\n\t\t\t\t\t\t<svg class=\"validate-icon validate-icon--success\" aria-hidden=\"true\" focusable=\"false\"><use href=\"#icon-check\"><\/use><\/svg>\n\t\t\t\t\t<\/div>\n\t\t\t\t<\/div>\n\n\t\t\t\t<div class=\"emailF\">\n\t\t\t\t\t<div class=\"animateInput\">\n\t\t\t\t\t\t<svg class=\"field-icon\" aria-hidden=\"true\" focusable=\"false\"><use href=\"#icon-mail\"><\/use><\/svg>\n\t\t\t\t\t<input\n\t\t\t\t\t\ttype=\"email\"\n\t\t\t\t\t\tname=\"email\"\n\t\t\t\t\t\trequired\n\t\t\t\t\t\tminlength=\"3\"\n\t\t\t\t\t\tid=\"emailF\"\n\t\t\t\t\t\tautocomplete=\"off\"\n\t\t\t\t\t\tplaceholder=\"E-Posta\"\t\t\t\t\t>\n\t\t\t\t\t\t<label for=\"emailF\">E-Posta<\/label>\n\t\t\t\t\t\t<svg class=\"validate-icon validate-icon--error\" aria-hidden=\"true\" focusable=\"false\"><use href=\"#icon-close\"><\/use><\/svg>\n\t\t\t\t\t\t<svg class=\"validate-icon validate-icon--success\" aria-hidden=\"true\" focusable=\"false\"><use href=\"#icon-check\"><\/use><\/svg>\n\t\t\t\t\t<\/div>\n\t\t\t\t<\/div>\n\n\t\t\t\t<div class=\"phoneF\">\n\t\t\t\t\t<div class=\"animateInput\">\n\t\t\t\t\t\t<div class=\"phone-row\">\n\t\t\t\t\t\t\t<label class=\"sr-only\" for=\"select_telefon\">Country code<\/label>\n\t\t\t\t\t\t\t<select id=\"select_telefon\">\n\t\t\t\t\t\t\t\t<option value=\"+90\">TR (+90)<\/option>\n<option value=\"+49\">DE (+49)<\/option>\t\t\t\t\t\t\t\t<optgroup label=\"\" id=\"vorwahlen\"><\/optgroup>\n\t\t\t\t\t\t\t<\/select>\n\t\t\t\t\t\t\t<div class=\"phone-input-wrap\">\n\t\t\t\t\t\t\t\t<svg class=\"field-icon\" aria-hidden=\"true\" focusable=\"false\"><use href=\"#icon-phone\"><\/use><\/svg>\n\t\t\t\t\t\t\t\t<input type=\"tel\" name=\"phone\" required minlength=\"3\" id=\"phoneF\" autocomplete=\"off\" inputmode=\"numeric\" placeholder=\" \">\n\t\t\t\t\t\t\t\t<label for=\"phoneF\">Phone<\/label>\n\t\t\t\t\t\t\t\t<svg class=\"validate-icon validate-icon--error\" aria-hidden=\"true\" focusable=\"false\"><use href=\"#icon-close\"><\/use><\/svg>\n\t\t\t\t\t\t\t\t<svg class=\"validate-icon validate-icon--success\" aria-hidden=\"true\" focusable=\"false\"><use href=\"#icon-check\"><\/use><\/svg>\n\t\t\t\t\t\t\t<\/div>\n\t\t\t\t\t\t<\/div>\n\t\t\t\t\t<\/div>\n\t\t\t\t<\/div>\n\n\t\t\t\t\t<div class=\"treatmentF\">\n\t\t\t\t\t\t<select id=\"select_treatment\" aria-label=\"Treatment\">\n\t\t\t\t\t\t\t\t\t\t\t\t\t\t\t<option value=\"HT\">Sa\u00e7 Ekimi<\/option>\n\t\t\t\t\t\t\t\t\t\t\t\t\t\t\t<option value=\"HT\">Sakal Ekimi<\/option>\n\t\t\t\t\t\t\t\t\t\t\t\t\t\t\t<option value=\"HT\">Kad\u0131nlarda Sa\u00e7 Ekimi<\/option>\n\t\t\t\t\t\t\t\t\t\t\t\t\t<\/select>\n\t\t\t\t\t<\/div>\n\n\t\t\t\t<div class=\"messageF\">\n\t\t\t\t\t<div class=\"animateInput\">\n\t\t\t\t\t\t<textarea\n\t\t\t\t\t\t\tid=\"message\"\n\t\t\t\t\t\t\tname=\"message\"\n\t\t\t\t\t\t\trows=\"4\"\n\t\t\t\t\t\t\tplaceholder=\" \"\n\t\t\t\t\t\t><\/textarea>\n\t\t\t\t\t\t<label for=\"message\">Mesaj\u0131n&#8230;<\/label>\n\t\t\t\t\t<\/div>\n\t\t\t\t<\/div>\n\n\t\t\t\t<div class=\"checkF\">\n\t\t\t\t\t<label class=\"policy\">\n\t\t\t\t\t\t<input type=\"checkbox\" name=\"policy\">\n\t\t\t\t\t\t<span>Bu formu kullanarak <a href=\"https:\/\/elithair.com\/tr\/kvkk-basvuru-formu\/\">KVKK metnini<\/a> ve <a href=\"https:\/\/elithair.com\/tr\/gizlilik-politikasi\/\">Gizlilik politikas\u0131<\/a>\n                &#8216;n\u0131 kabul etmi\u015f olursunuz<\/span>\n\t\t\t\t\t\t<svg class=\"validate-icon validate-icon--error\" aria-hidden=\"true\" focusable=\"false\"><use href=\"#icon-close\"><\/use><\/svg>\n\t\t\t\t\t\t<svg class=\"validate-icon validate-icon--success\" aria-hidden=\"true\" focusable=\"false\"><use href=\"#icon-check\"><\/use><\/svg>\n\t\t\t\t\t<\/label>\n\t\t\t\t<\/div>\n\t\t\t\t\t\t\t\t\n\t\t\t\t\t<button type=\"button\" id=\"completeForm\" class=\"primary-btn\">\n\t\t\t\t\t\tG\u00f6nder\t\t\t\t\t<\/button>\n\n\t\t\t\t\t<input type=\"hidden\" id=\"createdLead\" value=\"Organisch\">\n\t\t\t\t\t<input type=\"hidden\" id=\"leadLanguage\" value=\"TR\">\n\t\t\t\t\t<input type=\"hidden\" id=\"redirectPage\" value=\"\/tr\/fotograf-analizi\/\">\n\t\t\t\t\t<input type=\"hidden\" id=\"crmDept\" value=\"TR\">\n\t\t\t\t\t<input type=\"hidden\" id=\"dataLayer\" value=\"formSubmission\">\n\t\t\t\t\t<input type=\"hidden\" id=\"crmLayout\" value=\"HT\">\n\n\t\t\t\t<\/div><!-- .contactForm -->\n\t\t\t<\/div><!-- .contact-form -->\n\t\t<\/div><!-- .contact-form__form -->\n\n\t<\/div>\n<\/section>\n","protected":false},"excerpt":{"rendered":"","protected":false},"author":10,"featured_media":0,"parent":0,"menu_order":0,"comment_status":"closed","ping_status":"closed","template":"","meta":{"_acf_changed":false,"_yoast_wpseo_focuskw":"","_yoast_wpseo_title":"Doktorlar\u0131m\u0131z | Uzman Sa\u00e7 Ekimi Ekibi | Elithair","_yoast_wpseo_metadesc":"Elithair'in uzman sa\u00e7 doktorlar\u0131yla tan\u0131\u015f\u0131n. Dr. Balwi liderli\u011findeki ekip, modern t\u0131bbi y\u00f6ntemlerle sa\u011fl\u0131kl\u0131 ve dolgun sa\u00e7lara kavu\u015fman\u0131z\u0131 sa\u011flar.","_yoast_wpseo_meta-robots-noindex":"","_yoast_wpseo_meta-robots-nofollow":"","_yoast_wpseo_meta-robots-adv":"","_yoast_wpseo_canonical":"https:\/\/elithair.com\/tr\/doktorlarimiz\/","_yoast_wpseo_opengraph-title":"","_yoast_wpseo_opengraph-description":"","_yoast_wpseo_opengraph-image":"","_yoast_wpseo_twitter-title":"","_yoast_wpseo_twitter-description":"","_yoast_wpseo_twitter-image":"","_hm_hreflang_map":{"ar":58350,"de":47,"en":93499,"es":89227,"fr":41,"it":31,"pt":29,"tr":660,"uk":692,"x_default":93499},"_hm_language_code":"tr","footnotes":""},"class_list":["post-660","page","type-page","status-publish","hentry"],"acf":[],"yoast_head":"<!-- This site is optimized with the Yoast SEO Premium plugin v28.4 (Yoast SEO v28.4) - https:\/\/yoast.com\/product\/yoast-seo-premium-wordpress\/ -->\n<title>Doktorlar\u0131m\u0131z | Uzman Sa\u00e7 Ekimi Ekibi \u2013 Elithair<\/title>\n<meta name=\"description\" content=\"Elithair&#039;in uzman sa\u00e7 doktorlar\u0131yla tan\u0131\u015f\u0131n. Dr. Balwi liderli\u011findeki ekip, modern t\u0131bbi y\u00f6ntemlerle sa\u011fl\u0131kl\u0131 ve dolgun sa\u00e7lara kavu\u015fman\u0131z\u0131 sa\u011flar.\" \/>\n<meta name=\"robots\" content=\"index, follow, max-snippet:-1, max-image-preview:large, max-video-preview:-1\" \/>\n<link rel=\"canonical\" href=\"https:\/\/elithair.com\/tr\/doktorlarimiz\/\" \/>\n<meta property=\"og:locale\" content=\"tr_TR\" \/>\n<meta property=\"og:type\" content=\"article\" \/>\n<meta property=\"og:title\" content=\"Doktorlar\u0131m\u0131z\" \/>\n<meta property=\"og:description\" content=\"Elithair&#039;in uzman sa\u00e7 doktorlar\u0131yla tan\u0131\u015f\u0131n. Dr. Balwi liderli\u011findeki ekip, modern t\u0131bbi y\u00f6ntemlerle sa\u011fl\u0131kl\u0131 ve dolgun sa\u00e7lara kavu\u015fman\u0131z\u0131 sa\u011flar.\" \/>\n<meta property=\"og:url\" content=\"https:\/\/elithair.com\/tr\/doktorlarimiz\/\" \/>\n<meta property=\"og:site_name\" content=\"Elithair\" \/>\n<meta property=\"article:modified_time\" content=\"2026-07-28T15:23:00+00:00\" \/>\n<meta name=\"twitter:card\" content=\"summary_large_image\" \/>\n<script type=\"application\/ld+json\" class=\"yoast-schema-graph\">{\"@context\":\"https:\\\/\\\/schema.org\",\"@graph\":[{\"@type\":\"WebPage\",\"@id\":\"https:\\\/\\\/elithair.com\\\/tr\\\/doktorlarimiz\\\/\",\"url\":\"https:\\\/\\\/elithair.com\\\/tr\\\/doktorlarimiz\\\/\",\"name\":\"Doktorlar\u0131m\u0131z | Uzman Sa\u00e7 Ekimi Ekibi \u2013 Elithair\",\"isPartOf\":{\"@id\":\"https:\\\/\\\/elithair.com\\\/tr\\\/#website\"},\"datePublished\":\"2026-06-04T20:37:33+00:00\",\"dateModified\":\"2026-07-28T15:23:00+00:00\",\"description\":\"Elithair'in uzman sa\u00e7 doktorlar\u0131yla tan\u0131\u015f\u0131n. Dr. Balwi liderli\u011findeki ekip, modern t\u0131bbi y\u00f6ntemlerle sa\u011fl\u0131kl\u0131 ve dolgun sa\u00e7lara kavu\u015fman\u0131z\u0131 sa\u011flar.\",\"breadcrumb\":{\"@id\":\"https:\\\/\\\/elithair.com\\\/tr\\\/doktorlarimiz\\\/#breadcrumb\"},\"inLanguage\":\"tr\",\"potentialAction\":[{\"@type\":\"ReadAction\",\"target\":[\"https:\\\/\\\/elithair.com\\\/tr\\\/doktorlarimiz\\\/\"]}]},{\"@type\":\"BreadcrumbList\",\"@id\":\"https:\\\/\\\/elithair.com\\\/tr\\\/doktorlarimiz\\\/#breadcrumb\",\"itemListElement\":[{\"@type\":\"ListItem\",\"position\":1,\"name\":\"Home\",\"item\":\"https:\\\/\\\/elithair.com\\\/tr\\\/\"},{\"@type\":\"ListItem\",\"position\":2,\"name\":\"Doktorlar\u0131m\u0131z\"}]},{\"@type\":\"WebSite\",\"@id\":\"https:\\\/\\\/elithair.com\\\/tr\\\/#website\",\"url\":\"https:\\\/\\\/elithair.com\\\/tr\\\/\",\"name\":\"Elithair\",\"description\":\"Elithair: sa\u00e7\u0131n\u0131z i\u00e7in en iyi klini\u011fi ke\u015ffedin\",\"potentialAction\":[{\"@type\":\"SearchAction\",\"target\":{\"@type\":\"EntryPoint\",\"urlTemplate\":\"https:\\\/\\\/elithair.com\\\/tr\\\/?s={search_term_string}\"},\"query-input\":{\"@type\":\"PropertyValueSpecification\",\"valueRequired\":true,\"valueName\":\"search_term_string\"}}],\"inLanguage\":\"tr\"}]}<\/script>\n<!-- \/ Yoast SEO Premium plugin. -->","yoast_head_json":{"title":"Doktorlar\u0131m\u0131z | Uzman Sa\u00e7 Ekimi Ekibi \u2013 Elithair","description":"Elithair'in uzman sa\u00e7 doktorlar\u0131yla tan\u0131\u015f\u0131n. Dr. Balwi liderli\u011findeki ekip, modern t\u0131bbi y\u00f6ntemlerle sa\u011fl\u0131kl\u0131 ve dolgun sa\u00e7lara kavu\u015fman\u0131z\u0131 sa\u011flar.","robots":{"index":"index","follow":"follow","max-snippet":"max-snippet:-1","max-image-preview":"max-image-preview:large","max-video-preview":"max-video-preview:-1"},"canonical":"https:\/\/elithair.com\/tr\/doktorlarimiz\/","og_locale":"tr_TR","og_type":"article","og_title":"Doktorlar\u0131m\u0131z","og_description":"Elithair'in uzman sa\u00e7 doktorlar\u0131yla tan\u0131\u015f\u0131n. Dr. Balwi liderli\u011findeki ekip, modern t\u0131bbi y\u00f6ntemlerle sa\u011fl\u0131kl\u0131 ve dolgun sa\u00e7lara kavu\u015fman\u0131z\u0131 sa\u011flar.","og_url":"https:\/\/elithair.com\/tr\/doktorlarimiz\/","og_site_name":"Elithair","article_modified_time":"2026-07-28T15:23:00+00:00","twitter_card":"summary_large_image","schema":{"@context":"https:\/\/schema.org","@graph":[{"@type":"WebPage","@id":"https:\/\/elithair.com\/tr\/doktorlarimiz\/","url":"https:\/\/elithair.com\/tr\/doktorlarimiz\/","name":"Doktorlar\u0131m\u0131z | Uzman Sa\u00e7 Ekimi Ekibi \u2013 Elithair","isPartOf":{"@id":"https:\/\/elithair.com\/tr\/#website"},"datePublished":"2026-06-04T20:37:33+00:00","dateModified":"2026-07-28T15:23:00+00:00","description":"Elithair'in uzman sa\u00e7 doktorlar\u0131yla tan\u0131\u015f\u0131n. Dr. Balwi liderli\u011findeki ekip, modern t\u0131bbi y\u00f6ntemlerle sa\u011fl\u0131kl\u0131 ve dolgun sa\u00e7lara kavu\u015fman\u0131z\u0131 sa\u011flar.","breadcrumb":{"@id":"https:\/\/elithair.com\/tr\/doktorlarimiz\/#breadcrumb"},"inLanguage":"tr","potentialAction":[{"@type":"ReadAction","target":["https:\/\/elithair.com\/tr\/doktorlarimiz\/"]}]},{"@type":"BreadcrumbList","@id":"https:\/\/elithair.com\/tr\/doktorlarimiz\/#breadcrumb","itemListElement":[{"@type":"ListItem","position":1,"name":"Home","item":"https:\/\/elithair.com\/tr\/"},{"@type":"ListItem","position":2,"name":"Doktorlar\u0131m\u0131z"}]},{"@type":"WebSite","@id":"https:\/\/elithair.com\/tr\/#website","url":"https:\/\/elithair.com\/tr\/","name":"Elithair","description":"Elithair: sa\u00e7\u0131n\u0131z i\u00e7in en iyi klini\u011fi ke\u015ffedin","potentialAction":[{"@type":"SearchAction","target":{"@type":"EntryPoint","urlTemplate":"https:\/\/elithair.com\/tr\/?s={search_term_string}"},"query-input":{"@type":"PropertyValueSpecification","valueRequired":true,"valueName":"search_term_string"}}],"inLanguage":"tr"}]}},"_links":{"self":[{"href":"https:\/\/elithair.com\/tr\/wp-json\/wp\/v2\/pages\/660","targetHints":{"allow":["GET"]}}],"collection":[{"href":"https:\/\/elithair.com\/tr\/wp-json\/wp\/v2\/pages"}],"about":[{"href":"https:\/\/elithair.com\/tr\/wp-json\/wp\/v2\/types\/page"}],"author":[{"embeddable":true,"href":"https:\/\/elithair.com\/tr\/wp-json\/wp\/v2\/users\/10"}],"replies":[{"embeddable":true,"href":"https:\/\/elithair.com\/tr\/wp-json\/wp\/v2\/comments?post=660"}],"version-history":[{"count":5,"href":"https:\/\/elithair.com\/tr\/wp-json\/wp\/v2\/pages\/660\/revisions"}],"predecessor-version":[{"id":83173,"href":"https:\/\/elithair.com\/tr\/wp-json\/wp\/v2\/pages\/660\/revisions\/83173"}],"wp:attachment":[{"href":"https:\/\/elithair.com\/tr\/wp-json\/wp\/v2\/media?parent=660"}],"curies":[{"name":"wp","href":"https:\/\/api.w.org\/{rel}","templated":true}]}}