{"id":66,"date":"2026-06-04T13:51:31","date_gmt":"2026-06-04T11:51:31","guid":{"rendered":"https:\/\/unified.elitexperiments.com\/tr\/?page_id=66"},"modified":"2026-09-01T08:52:45","modified_gmt":"2026-09-01T06:52:45","slug":"sac-ekimi-asamalari","status":"publish","type":"page","link":"https:\/\/elithair.com\/tr\/sac-ekimi-asamalari\/","title":{"rendered":"Sa\u00e7 Ekimi A\u015famalar\u0131"},"content":{"rendered":"<section class=\"wp-block-elh-main-hero main-hero dark-layout has-top-right-circle\">\n\t<div class=\"main-hero__container container\">\n\t\t\t\t\t<header class=\"main-hero__header\">\t\t\t\t\n\t\t\t\t<h1>\t\t\t\t\tSa\u00e7 Ekimi A\u015famalar\u0131\t\t\t\t<\/h1>\t\t\t<\/header>\n\t\t\n\t\t\t\t\t<div class=\"main-hero__content\">\n\t\t\t\t<p class=\"font-claude-response-body break-words whitespace-normal\">Sa\u00e7 ekimi s\u00fcreci \u00fc\u00e7 a\u015famadan olu\u015fmaktad\u0131r: operasyon \u00f6ncesi haz\u0131rl\u0131k, operasyon ve operasyon sonras\u0131 bak\u0131m. Her a\u015fama, hastan\u0131n bireysel durumuna g\u00f6re planlanmaktad\u0131r.<\/p>\n<p class=\"font-claude-response-body break-words whitespace-normal\">\u0130lgili a\u015famalar hakk\u0131nda detayl\u0131 bilgi almak ve bireysel de\u011ferlendirme talebinde bulunmak i\u00e7in bizimle ileti\u015fime ge\u00e7ebilirsiniz.<\/p>\n<p class=\"font-claude-response-body break-words whitespace-normal\"><em>Her cerrahi veya giri\u015fimsel i\u015flemde sonu\u00e7lar ki\u015fiden ki\u015fiye de\u011fi\u015fiklik g\u00f6sterebilir. \u0130\u015flem \u00f6ncesinde hekiminizden detayl\u0131 g\u00f6r\u00fc\u015f alman\u0131z \u00f6nerilir.<\/em><\/p>\n\t\t\t<\/div>\n\t\t\n\t\t\t\t\t\t\t<div class=\"main-hero__btn-list btn-list\">\n\t\t\t\t\t\t\t\t<div class=\"btn-item\">\n\t\t\t\t\t<a\n\t\t\t\t\t\thref=\"https:\/\/elithair.com\/tr\/sac-analizi\/\"\t\t\t\t\t\tclass=\"btn\"\n\t\t\t\t\t>\n\t\t\t\t\t\t\u00dccretsiz Sa\u00e7 Analizi\t\t\t\t\t<\/a>\n\t\t\t\t<\/div>\n\t\t\t\t\t\t\t\t\t\t\t<\/div>\n\t\t\t<\/div>\n\t\t\n\t<\/section>\n\n\n<section class=\"wp-block-elh-content-media content-media layout-simple styled-ul ul-default ul-default-box bg-secondary dark-layout\">\n\t<div class=\"content-media__container container\">\n\t\t\t\t\t<header class=\"content-media__header\">\n\t\t\t\t\t\t\t\t\t<h2>\t\t\t\t\t\t\u0130stanbul&#8217;da Tedavi S\u00fcreci\t\t\t\t\t<\/h2>\t\t\t\t\t\t\t\t\t\t\t<\/header>\n\t\t\n\t\t\t\t\t<div class=\"content-media__media\">\n\t\t\t\t<figure><\/figure>\t\t\t<\/div>\n\t\t\t\t\t\t<div class=\"content-media__content\">\n\t\t\t<p>Elithair&#8217;da \u0130stanbul&#8217;daki tedavi s\u00fcreci, operasyon ile birlikte konaklama ve organizasyon s\u00fcre\u00e7lerini de kapsayan b\u00fct\u00fcnle\u015fik bir yap\u0131da y\u00fcr\u00fct\u00fclmektedir. S\u00fcre\u00e7, her hasta i\u00e7in bireysel olarak planlanmaktad\u0131r.<\/p>\n<p>Uzman ekibimiz taraf\u0131ndan klini\u011fimizde bug\u00fcne kadar 150.000&#8217;den fazla sa\u00e7 ekimi prosed\u00fcr\u00fc uygulanm\u0131\u015ft\u0131r. Modern t\u0131bbi teknikler \u00e7er\u00e7evesinde her hastan\u0131n tedavi plan\u0131 hekim de\u011ferlendirmesi sonras\u0131nda belirlenmektedir.<\/p>\n<p>Tedavi s\u00fcrecine ili\u015fkin detayl\u0131 bilgi almak i\u00e7in bizimle ileti\u015fime ge\u00e7ebilirsiniz.<\/p>\n\t\t<\/div>\n\t\t\n\t\t\n\t\t\t\t\t<div class=\"content-media__btn-list btn-list\">\n\t\t\t\t<div class=\"btn-item\">\n\t\t\t\t\t<a\n\t\t\t\t\t\tclass=\"btn\"\n\t\t\t\t\t\thref=\"https:\/\/elithair.com\/tr\/sac-analizi\/\"\t\t\t\t\t>Sa\u00e7 Analizini Ba\u015flat<\/a>\n\t\t\t\t<\/div>\n\t\t\t<\/div>\n\t\t\t<\/div>\n<\/section>\n\n\n<section class=\"wp-block-elh-content-media content-media layout-simple right-media styled-ul ul-default ul-default-box bg-grey\">\n\t<div class=\"content-media__container container\">\n\t\t\t\t\t<header class=\"content-media__header\">\n\t\t\t\t\t\t\t\t\t<h2>\t\t\t\t\t\tA\u015fama 1: Haz\u0131rl\u0131k \u2014 \u0130stanbul&#8217;da \u0130lk G\u00fcn\t\t\t\t\t<\/h2>\t\t\t\t\t\t\t\t\t\t\t<\/header>\n\t\t\n\t\t\t\t\t<div class=\"content-media__media hide-shadow\">\n\t\t\t\t<figure><\/figure>\t\t\t<\/div>\n\t\t\t\t\t\t<div class=\"content-media__content\">\n\t\t\t<p>\u0130stanbul&#8217;a vard\u0131\u011f\u0131n\u0131zda havaliman\u0131 ula\u015f\u0131m\u0131 klini\u011fimiz taraf\u0131ndan sa\u011flanmaktad\u0131r.<br \/>\nKlinik ziyaretiniz, uzman ekibimiz taraf\u0131ndan uygulanan Pre-Test System kapsam\u0131nda kan tahlili ile ba\u015flamaktad\u0131r.<br \/>\nSonras\u0131nda Elit Hotel odan\u0131zda dinlenebilirsiniz. Ertesi sabah TrichoLab cihaz\u0131 ile sa\u00e7 analizi ve sa\u00e7l\u0131 derinin ultrason muayenesi yap\u0131lmaktad\u0131r. T\u00fcm \u00f6n testler tamamland\u0131ktan sonra operasyon a\u015famas\u0131na ge\u00e7ilmektedir.<\/p>\n\t\t<\/div>\n\t\t\n\t\t\n\t\t\t\t\t<div class=\"content-media__btn-list btn-list\">\n\t\t\t\t<div class=\"btn-item\">\n\t\t\t\t\t<a\n\t\t\t\t\t\tclass=\"btn\"\n\t\t\t\t\t\thref=\"https:\/\/elithair.com\/tr\/sac-analizi\/\"\t\t\t\t\t>Sa\u00e7 Analizini Ba\u015flat<\/a>\n\t\t\t\t<\/div>\n\t\t\t<\/div>\n\t\t\t<\/div>\n<\/section>\n\n\n<section class=\"wp-block-elh-content-media content-media layout-simple styled-ul ul-default ul-default-box bg-secondary dark-layout\">\n\t<div class=\"content-media__container container\">\n\t\t\t\t\t<header class=\"content-media__header\">\n\t\t\t\t\t\t\t\t\t<h2>\t\t\t\t\t\tA\u015fama 2: Operasyon\t\t\t\t\t<\/h2>\t\t\t\t\t\t\t\t\t\t\t<\/header>\n\t\t\n\t\t\t\t\t<div class=\"content-media__media\">\n\t\t\t\t<figure><\/figure>\t\t\t<\/div>\n\t\t\t\t\t\t<div class=\"content-media__content\">\n\t\t\t<p class=\"font-claude-response-body break-words whitespace-normal\"><a class=\"underline underline underline-offset-2 decoration-1 decoration-current\/40 hover:decoration-current focus:decoration-current\" href=\"https:\/\/elithair.com\/tr\/sac-ekimi\/\"><span class=\"_animating_6ta1u_10\" data-newtext-seq=\"2\">Sa\u00e7 ekimi<\/span><\/a><span class=\"_animating_6ta1u_10\" data-newtext-seq=\"2\">, <\/span><span class=\"_animating_6ta1u_10\" data-newtext-seq=\"75\">yakla\u015f\u0131k 15 dakikal\u0131k k\u0131sa <\/span><span class=\"_animating_6ta1u_10\" data-newtext-seq=\"102\">s\u00fcreli sedasyon <\/span><span class=\"_animating_6ta1u_10\" data-newtext-seq=\"118\">uygulamas\u0131 ile ba\u015flamaktad\u0131r. Bu uygulama, klinikte geli\u015ftirilen <\/span><a class=\"underline underline underline-offset-2 decoration-1 decoration-current\/40 hover:decoration-current focus:decoration-current\" href=\"https:\/\/elithair.com\/tr\/sac-ekimi-anestezisi\/\"><span class=\"_animating_6ta1u_10\" data-newtext-seq=\"118\">Sleep-Deep<\/span><\/a><span class=\"_animating_6ta1u_10\" data-newtext-seq=\"118\"> protokol\u00fc \u00e7er\u00e7evesinde y\u00fcr\u00fct\u00fclmektedir. Bu s\u00fcre\u00e7te lokal anestezi uygulanmaktad\u0131r.<\/span><\/p>\n<p class=\"font-claude-response-body break-words whitespace-normal\"><span class=\"_animating_6ta1u_10\" data-newtext-seq=\"118\">Sonras\u0131nda ekibimiz sa\u00e7 k\u00f6klerini <\/span><a class=\"underline underline underline-offset-2 decoration-1 decoration-current\/40 hover:decoration-current focus:decoration-current\" href=\"https:\/\/elithair.com\/tr\/fue-sac-ekimi\/\"><span class=\"_animating_6ta1u_10\" data-newtext-seq=\"118\">FUE tekni\u011fi<\/span><\/a><span class=\"_animating_6ta1u_10\" data-newtext-seq=\"118\"> ile al\u0131r. Al\u0131nan greftler, saklama sol\u00fcsyonu i\u00e7inde muhafaza edilir.<\/span><\/p>\n<p class=\"font-claude-response-body break-words whitespace-normal\"><span class=\"_animating_6ta1u_10\" data-newtext-seq=\"118\">\u0130mplantasyon a\u015famas\u0131, hastan\u0131n sa\u00e7 durumuna g\u00f6re belirlenen teknik ile hekim de\u011ferlendirmesi sonras\u0131nda uygulan\u0131r.<\/span><\/p>\n\t\t<\/div>\n\t\t\n\t\t\n\t\t\t\t\t<div class=\"content-media__btn-list btn-list\">\n\t\t\t\t<div class=\"btn-item\">\n\t\t\t\t\t<a\n\t\t\t\t\t\tclass=\"btn\"\n\t\t\t\t\t\thref=\"https:\/\/elithair.com\/tr\/sac-analizi\/\"\t\t\t\t\t>Sa\u00e7 Analizini Ba\u015flat<\/a>\n\t\t\t\t<\/div>\n\t\t\t<\/div>\n\t\t\t<\/div>\n<\/section>\n\n\n<section class=\"wp-block-elh-content-media content-media layout-simple right-media styled-ul ul-default ul-default-box bg-grey\">\n\t<div class=\"content-media__container container\">\n\t\t\t\t\t<header class=\"content-media__header\">\n\t\t\t\t\t\t\t\t\t<h2>\t\t\t\t\t\tA\u015fama 3: Kontrol ve Klinik Ziyareti Sonu\t\t\t\t\t<\/h2>\t\t\t\t\t\t\t\t\t\t\t<\/header>\n\t\t\n\t\t\t\t\t<div class=\"content-media__media hide-shadow\">\n\t\t\t\t<figure><\/figure>\t\t\t<\/div>\n\t\t\t\t\t\t<div class=\"content-media__content\">\n\t\t\t<p class=\"font-claude-response-body break-words whitespace-normal\"><span class=\"_animating_6ta1u_10\" data-newtext-seq=\"2\">Operasyonun ertesi g\u00fcn\u00fc uzman ekibimiz taraf\u0131ndan kontrol muayenesi yap\u0131lmakta ve i\u015flem yap\u0131lan b\u00f6lgelerin <\/span><a class=\"underline underline underline-offset-2 decoration-1 decoration-current\/40 hover:decoration-current focus:decoration-current\" href=\"https:\/\/elithair.com\/tr\/sac-ekimi-sureci\/\"><span class=\"_animating_6ta1u_10\" data-newtext-seq=\"2\">iyile\u015fme s\u00fcreci<\/span><\/a><span class=\"_animating_6ta1u_10\" data-newtext-seq=\"2\"> hakk\u0131nda hastaya bilgi verilmektedir.<\/span><\/p>\n<p class=\"font-claude-response-body break-words whitespace-normal\"><span class=\"_animating_6ta1u_10\" data-newtext-seq=\"2\">Hastalar\u0131m\u0131za bak\u0131m \u00fcr\u00fcnleri ile birlikte hekim ekibimiz taraf\u0131ndan yaz\u0131l\u0131 ve s\u00f6zl\u00fc bak\u0131m talimatlar\u0131 iletilmektedir.<\/span><\/p>\n<p class=\"font-claude-response-body break-words whitespace-normal\"><span class=\"_animating_6ta1u_10\" data-newtext-seq=\"2\">Klinik ziyareti yakla\u015f\u0131k 72 saat s\u00fcrmektedir. Ancak nihai sonu\u00e7lar\u0131n de\u011ferlendirilmesi 9-12 ay sonras\u0131nda yap\u0131lmaktad\u0131r.<\/span><\/p>\n<p class=\"font-claude-response-body break-words whitespace-normal\"><em><span class=\"_animating_6ta1u_10\" data-newtext-seq=\"2\">Her cerrahi veya giri\u015fimsel i\u015flemde sonu\u00e7lar ki\u015fiden ki\u015fiye de\u011fi\u015fiklik g\u00f6sterebilir. \u0130\u015flem \u00f6ncesinde hekiminizden detayl\u0131 g\u00f6r\u00fc\u015f alman\u0131z \u00f6nerilir.<\/span><\/em><\/p>\n\t\t<\/div>\n\t\t\n\t\t\n\t\t\t\t\t<div class=\"content-media__btn-list btn-list\">\n\t\t\t\t<div class=\"btn-item\">\n\t\t\t\t\t<a\n\t\t\t\t\t\tclass=\"btn\"\n\t\t\t\t\t\thref=\"https:\/\/elithair.com\/tr\/sac-analizi\/\"\t\t\t\t\t>Sa\u00e7 Analizini Ba\u015flat<\/a>\n\t\t\t\t<\/div>\n\t\t\t<\/div>\n\t\t\t<\/div>\n<\/section>\n\n\n<section class=\"wp-block-elh-content-media content-media layout-simple top-title-layout one-column styled-ul ul-default ul-default-box bg-secondary dark-layout\">\n\t<div class=\"content-media__container container\">\n\t\t\t\t\t<header class=\"content-media__header has-mw\" style=\"--MW:700px\">\n\t\t\t\t\t\t\t\t\t<h2>\t\t\t\t\t\tBirebir Dan\u0131\u015fmanl\u0131k\t\t\t\t\t<\/h2>\t\t\t\t\t\t\t\t\t\t\t<\/header>\n\t\t\n\t\t\t\t\t\t<div class=\"content-media__content has-mw\" style=\"--MW:700px\">\n\t\t\t<p class=\"font-claude-response-body break-words whitespace-normal\"><span class=\"_animating_6ta1u_10\" data-newtext-seq=\"2\">Elithair&#8217;da tedavi <\/span><span class=\"_animating_6ta1u_10\" data-newtext-seq=\"21\">s\u00fcreci, operasyon <\/span><span class=\"_animating_6ta1u_10\" data-newtext-seq=\"39\">\u00f6ncesi haz\u0131rl\u0131k <\/span><span class=\"_animating_6ta1u_10\" data-newtext-seq=\"55\">a\u015famas\u0131ndan operasyon <\/span><span class=\"_animating_6ta1u_10\" data-newtext-seq=\"77\">sonras\u0131 bak\u0131m <\/span><span class=\"_animating_6ta1u_10\" data-newtext-seq=\"91\">d\u00f6nemine kadar hekim <\/span><span class=\"_animating_6ta1u_10\" data-newtext-seq=\"112\">ekibimiz taraf\u0131ndan <\/span><span class=\"_animating_6ta1u_10\" data-newtext-seq=\"132\">koordine edilmektedir. <\/span><span class=\"_animating_6ta1u_10\" data-newtext-seq=\"155\">\u00dclkenize d\u00f6nd\u00fckten <\/span><span class=\"_animating_6ta1u_10\" data-newtext-seq=\"174\">sonra da <\/span><span class=\"_animating_6ta1u_10\" data-newtext-seq=\"183\">hastalar\u0131m\u0131z\u0131n iyile\u015fme <\/span><span class=\"_animating_6ta1u_10\" data-newtext-seq=\"207\">s\u00fcreci hekim <\/span><span class=\"_animating_6ta1u_10\" data-newtext-seq=\"220\">ekibimiz taraf\u0131ndan <\/span><span class=\"_animating_6ta1u_10\" data-newtext-seq=\"240\">uzaktan takip <\/span><span class=\"_animating_6ta1u_10\" data-newtext-seq=\"254\">edilmektedir.<\/span><\/p>\n<p class=\"font-claude-response-body break-words whitespace-normal\"><span class=\"_animating_6ta1u_10\" data-newtext-seq=\"254\">Tedavi <\/span><span class=\"_animating_6ta1u_10\" data-newtext-seq=\"279\">s\u00fcreci ve klinik <\/span><span class=\"_animating_6ta1u_10\" data-newtext-seq=\"296\">hizmetleri hakk\u0131nda <\/span><span class=\"_animating_6ta1u_10\" data-newtext-seq=\"316\">detayl\u0131 bilgi almak <\/span><span class=\"_animating_6ta1u_10\" data-newtext-seq=\"336\">i\u00e7in bizimle <\/span><span class=\"_animating_6ta1u_10\" data-newtext-seq=\"349\">ileti\u015fime <\/span><span class=\"_animating_6ta1u_10\" data-newtext-seq=\"359\">ge\u00e7ebilirsiniz.<\/span><\/p>\n\t\t<\/div>\n\t\t\n\t\t\n\t\t\t\t\t<div class=\"content-media__btn-list btn-list align-center\">\n\t\t\t\t<div class=\"btn-item\">\n\t\t\t\t\t<a\n\t\t\t\t\t\tclass=\"btn\"\n\t\t\t\t\t\thref=\"https:\/\/elithair.com\/tr\/sac-analizi\/\"\t\t\t\t\t>Sa\u00e7 Analizini Ba\u015flat<\/a>\n\t\t\t\t<\/div>\n\t\t\t<\/div>\n\t\t\t<\/div>\n<\/section>\n","protected":false},"excerpt":{"rendered":"","protected":false},"author":10,"featured_media":0,"parent":0,"menu_order":0,"comment_status":"closed","ping_status":"closed","template":"","meta":{"_acf_changed":false,"_yoast_wpseo_focuskw":"sa\u00e7 ekimi a\u015famalar\u0131","_yoast_wpseo_title":"Sa\u00e7 Ekimi A\u015famalar\u0131: Elithair\u2019de Ad\u0131m Ad\u0131m S\u00fcre\u00e7","_yoast_wpseo_metadesc":"Sa\u00e7 ekimi a\u015famalar\u0131: haz\u0131rl\u0131k, tedavi ve bak\u0131m ba\u015ftan sona planl\u0131. \u0130stanbul\u2019da sadece 72 saatte g\u00fcr sa\u00e7lara kavu\u015fun. T\u00fcm detaylar burada!","_yoast_wpseo_meta-robots-noindex":"","_yoast_wpseo_meta-robots-nofollow":"","_yoast_wpseo_meta-robots-adv":"","_yoast_wpseo_canonical":"https:\/\/elithair.com\/tr\/sac-ekimi-asamalari\/","_yoast_wpseo_opengraph-title":"Sa\u00e7 Ekimi A\u015famalar\u0131: Elithair\u2019de Ad\u0131m Ad\u0131m S\u00fcre\u00e7","_yoast_wpseo_opengraph-description":"Sa\u00e7 ekimi a\u015famalar\u0131: haz\u0131rl\u0131k, tedavi ve bak\u0131m ba\u015ftan sona planl\u0131. \u0130stanbul\u2019da sadece 72 saatte g\u00fcr sa\u00e7lara kavu\u015fun. T\u00fcm detaylar burada!","_yoast_wpseo_opengraph-image":"","_yoast_wpseo_twitter-title":"","_yoast_wpseo_twitter-description":"","_yoast_wpseo_twitter-image":"","_hm_hreflang_map":{"de":19,"en":94978,"uk":760,"fr":22,"es":89297,"it":27,"pt":13,"tr":66,"x_default":94978},"_hm_language_code":"tr","footnotes":""},"class_list":["post-66","page","type-page","status-publish","hentry"],"acf":[],"yoast_head":"<!-- This site is optimized with the Yoast SEO Premium plugin v28.4 (Yoast SEO v28.4) - https:\/\/yoast.com\/product\/yoast-seo-premium-wordpress\/ -->\n<title>Sa\u00e7 Ekimi S\u00fcreci Ad\u0131m Ad\u0131m | Elithair T\u00fcrkiye<\/title>\n<meta name=\"description\" content=\"Sa\u00e7 ekimi s\u00fcrecinizin her a\u015famas\u0131n\u0131 ke\u015ffedin. \u0130stanbul\u2019a var\u0131\u015ftan operasyon ve bak\u0131m sonras\u0131 s\u00fcrece kadar Elithair\u2019in profesyonel ve planl\u0131 sa\u00e7 ekimi deneyimiyle tan\u0131\u015f\u0131n.\" \/>\n<meta name=\"robots\" content=\"index, follow, max-snippet:-1, max-image-preview:large, max-video-preview:-1\" \/>\n<link rel=\"canonical\" href=\"https:\/\/elithair.com\/tr\/sac-ekimi-asamalari\/\" \/>\n<meta property=\"og:locale\" content=\"tr_TR\" \/>\n<meta property=\"og:type\" content=\"article\" \/>\n<meta property=\"og:title\" content=\"Sa\u00e7 Ekimi A\u015famalar\u0131\" \/>\n<meta property=\"og:description\" content=\"Sa\u00e7 ekimi s\u00fcrecinizin her a\u015famas\u0131n\u0131 ke\u015ffedin. \u0130stanbul\u2019a var\u0131\u015ftan operasyon ve bak\u0131m sonras\u0131 s\u00fcrece kadar Elithair\u2019in profesyonel ve planl\u0131 sa\u00e7 ekimi deneyimiyle tan\u0131\u015f\u0131n.\" \/>\n<meta property=\"og:url\" content=\"https:\/\/elithair.com\/tr\/sac-ekimi-asamalari\/\" \/>\n<meta property=\"og:site_name\" content=\"Elithair\" \/>\n<meta property=\"article:modified_time\" content=\"2026-09-01T06:52:45+00:00\" \/>\n<meta name=\"twitter:card\" content=\"summary_large_image\" \/>\n<script type=\"application\/ld+json\" class=\"yoast-schema-graph\">{\"@context\":\"https:\\\/\\\/schema.org\",\"@graph\":[{\"@type\":\"WebPage\",\"@id\":\"https:\\\/\\\/elithair.com\\\/tr\\\/sac-ekimi-asamalari\\\/\",\"url\":\"https:\\\/\\\/elithair.com\\\/tr\\\/sac-ekimi-asamalari\\\/\",\"name\":\"Sa\u00e7 Ekimi S\u00fcreci Ad\u0131m Ad\u0131m | Elithair T\u00fcrkiye\",\"isPartOf\":{\"@id\":\"https:\\\/\\\/elithair.com\\\/tr\\\/#website\"},\"datePublished\":\"2026-06-04T11:51:31+00:00\",\"dateModified\":\"2026-09-01T06:52:45+00:00\",\"description\":\"Sa\u00e7 ekimi s\u00fcrecinizin her a\u015famas\u0131n\u0131 ke\u015ffedin. \u0130stanbul\u2019a var\u0131\u015ftan operasyon ve bak\u0131m sonras\u0131 s\u00fcrece kadar Elithair\u2019in profesyonel ve planl\u0131 sa\u00e7 ekimi deneyimiyle tan\u0131\u015f\u0131n.\",\"breadcrumb\":{\"@id\":\"https:\\\/\\\/elithair.com\\\/tr\\\/sac-ekimi-asamalari\\\/#breadcrumb\"},\"inLanguage\":\"tr\",\"potentialAction\":[{\"@type\":\"ReadAction\",\"target\":[\"https:\\\/\\\/elithair.com\\\/tr\\\/sac-ekimi-asamalari\\\/\"]}]},{\"@type\":\"BreadcrumbList\",\"@id\":\"https:\\\/\\\/elithair.com\\\/tr\\\/sac-ekimi-asamalari\\\/#breadcrumb\",\"itemListElement\":[{\"@type\":\"ListItem\",\"position\":1,\"name\":\"Home\",\"item\":\"https:\\\/\\\/elithair.com\\\/tr\\\/\"},{\"@type\":\"ListItem\",\"position\":2,\"name\":\"Sa\u00e7 Ekimi A\u015famalar\u0131\"}]},{\"@type\":\"WebSite\",\"@id\":\"https:\\\/\\\/elithair.com\\\/tr\\\/#website\",\"url\":\"https:\\\/\\\/elithair.com\\\/tr\\\/\",\"name\":\"Elithair\",\"description\":\"Elithair: sa\u00e7\u0131n\u0131z i\u00e7in en iyi klini\u011fi ke\u015ffedin\",\"potentialAction\":[{\"@type\":\"SearchAction\",\"target\":{\"@type\":\"EntryPoint\",\"urlTemplate\":\"https:\\\/\\\/elithair.com\\\/tr\\\/?s={search_term_string}\"},\"query-input\":{\"@type\":\"PropertyValueSpecification\",\"valueRequired\":true,\"valueName\":\"search_term_string\"}}],\"inLanguage\":\"tr\"}]}<\/script>\n<!-- \/ Yoast SEO Premium plugin. -->","yoast_head_json":{"title":"Sa\u00e7 Ekimi S\u00fcreci Ad\u0131m Ad\u0131m | Elithair T\u00fcrkiye","description":"Sa\u00e7 ekimi s\u00fcrecinizin her a\u015famas\u0131n\u0131 ke\u015ffedin. \u0130stanbul\u2019a var\u0131\u015ftan operasyon ve bak\u0131m sonras\u0131 s\u00fcrece kadar Elithair\u2019in profesyonel ve planl\u0131 sa\u00e7 ekimi deneyimiyle tan\u0131\u015f\u0131n.","robots":{"index":"index","follow":"follow","max-snippet":"max-snippet:-1","max-image-preview":"max-image-preview:large","max-video-preview":"max-video-preview:-1"},"canonical":"https:\/\/elithair.com\/tr\/sac-ekimi-asamalari\/","og_locale":"tr_TR","og_type":"article","og_title":"Sa\u00e7 Ekimi A\u015famalar\u0131","og_description":"Sa\u00e7 ekimi s\u00fcrecinizin her a\u015famas\u0131n\u0131 ke\u015ffedin. \u0130stanbul\u2019a var\u0131\u015ftan operasyon ve bak\u0131m sonras\u0131 s\u00fcrece kadar Elithair\u2019in profesyonel ve planl\u0131 sa\u00e7 ekimi deneyimiyle tan\u0131\u015f\u0131n.","og_url":"https:\/\/elithair.com\/tr\/sac-ekimi-asamalari\/","og_site_name":"Elithair","article_modified_time":"2026-09-01T06:52:45+00:00","twitter_card":"summary_large_image","schema":{"@context":"https:\/\/schema.org","@graph":[{"@type":"WebPage","@id":"https:\/\/elithair.com\/tr\/sac-ekimi-asamalari\/","url":"https:\/\/elithair.com\/tr\/sac-ekimi-asamalari\/","name":"Sa\u00e7 Ekimi S\u00fcreci Ad\u0131m Ad\u0131m | Elithair T\u00fcrkiye","isPartOf":{"@id":"https:\/\/elithair.com\/tr\/#website"},"datePublished":"2026-06-04T11:51:31+00:00","dateModified":"2026-09-01T06:52:45+00:00","description":"Sa\u00e7 ekimi s\u00fcrecinizin her a\u015famas\u0131n\u0131 ke\u015ffedin. \u0130stanbul\u2019a var\u0131\u015ftan operasyon ve bak\u0131m sonras\u0131 s\u00fcrece kadar Elithair\u2019in profesyonel ve planl\u0131 sa\u00e7 ekimi deneyimiyle tan\u0131\u015f\u0131n.","breadcrumb":{"@id":"https:\/\/elithair.com\/tr\/sac-ekimi-asamalari\/#breadcrumb"},"inLanguage":"tr","potentialAction":[{"@type":"ReadAction","target":["https:\/\/elithair.com\/tr\/sac-ekimi-asamalari\/"]}]},{"@type":"BreadcrumbList","@id":"https:\/\/elithair.com\/tr\/sac-ekimi-asamalari\/#breadcrumb","itemListElement":[{"@type":"ListItem","position":1,"name":"Home","item":"https:\/\/elithair.com\/tr\/"},{"@type":"ListItem","position":2,"name":"Sa\u00e7 Ekimi A\u015famalar\u0131"}]},{"@type":"WebSite","@id":"https:\/\/elithair.com\/tr\/#website","url":"https:\/\/elithair.com\/tr\/","name":"Elithair","description":"Elithair: sa\u00e7\u0131n\u0131z i\u00e7in en iyi klini\u011fi ke\u015ffedin","potentialAction":[{"@type":"SearchAction","target":{"@type":"EntryPoint","urlTemplate":"https:\/\/elithair.com\/tr\/?s={search_term_string}"},"query-input":{"@type":"PropertyValueSpecification","valueRequired":true,"valueName":"search_term_string"}}],"inLanguage":"tr"}]}},"_links":{"self":[{"href":"https:\/\/elithair.com\/tr\/wp-json\/wp\/v2\/pages\/66","targetHints":{"allow":["GET"]}}],"collection":[{"href":"https:\/\/elithair.com\/tr\/wp-json\/wp\/v2\/pages"}],"about":[{"href":"https:\/\/elithair.com\/tr\/wp-json\/wp\/v2\/types\/page"}],"author":[{"embeddable":true,"href":"https:\/\/elithair.com\/tr\/wp-json\/wp\/v2\/users\/10"}],"replies":[{"embeddable":true,"href":"https:\/\/elithair.com\/tr\/wp-json\/wp\/v2\/comments?post=66"}],"version-history":[{"count":5,"href":"https:\/\/elithair.com\/tr\/wp-json\/wp\/v2\/pages\/66\/revisions"}],"predecessor-version":[{"id":83074,"href":"https:\/\/elithair.com\/tr\/wp-json\/wp\/v2\/pages\/66\/revisions\/83074"}],"wp:attachment":[{"href":"https:\/\/elithair.com\/tr\/wp-json\/wp\/v2\/media?parent=66"}],"curies":[{"name":"wp","href":"https:\/\/api.w.org\/{rel}","templated":true}]}}