{"id":44,"date":"2026-04-11T15:54:40","date_gmt":"2026-04-11T15:54:40","guid":{"rendered":"https:\/\/unified.elitexperiments.com\/tr\/sac-ekimi-klinigi\/"},"modified":"2026-07-23T15:19:16","modified_gmt":"2026-07-23T13:19:16","slug":"sac-ekimi-klinigi","status":"publish","type":"page","link":"https:\/\/elithair.com\/tr\/sac-ekimi-klinigi\/","title":{"rendered":"Sa\u00e7 Ekimi Klini\u011fi"},"content":{"rendered":"<section class=\"wp-block-elh-main-hero main-hero dark-layout has-top-right-circle\">\n\t<div class=\"main-hero__container container\">\n\t\t\t\t\t<header class=\"main-hero__header\">\t\t\t\t\n\t\t\t\t<h1>\t\t\t\t\tSa\u00e7 Ekim Klini\u011fi\t\t\t\t<\/h1>\t\t\t<\/header>\n\t\t\n\t\t\t\t\t<div class=\"main-hero__content\">\n\t\t\t\t<p>2022 y\u0131l\u0131nda Elithair, \u0130stanbul\u2019da 13 kat \u00fczerinde 18.000 m\u00b2 alana sahip sa\u00e7 ekimi klini\u011fini hizmete a\u00e7m\u0131\u015ft\u0131r. Klinikte g\u00fcnde 150\u2019ye kadar sa\u00e7 ekimi prosed\u00fcr\u00fc ger\u00e7ekle\u015ftirilebilmektedir.<\/p>\n<p><a href=\"https:\/\/elithair.com\/tr\/sac-cerrahisi-dr-balwi\/\">Dr. Balwi<\/a>\u00a0ve\u00a0hekim ekibimizin\u00a0y\u00f6netimindeki klini\u011fimiz, t\u0131bbi s\u00fcre\u00e7leri kapsaml\u0131 bir hasta organizasyonu ile birlikte y\u00fcr\u00fctmektedir. Klinik b\u00fcnyesinde yer alan Elit-Hotel odalar\u0131nda konaklama imk\u00e2n\u0131 bulunmakta olup, 75 adet tek ve \u00e7ift ki\u015filik oda hizmete sunulmaktad\u0131r.<\/p>\n<p>Klinikte 300\u2019den fazla \u00e7al\u0131\u015fan g\u00f6rev yapmakta; \u00f6n de\u011ferlendirme a\u015famas\u0131ndan operasyon sonras\u0131 takip d\u00f6nemine kadar t\u00fcm s\u00fcre\u00e7ler bu ekip taraf\u0131ndan koordine edilmektedir. Sa\u00e7 durumunuza ili\u015fkin \u00f6n de\u011ferlendirme talebi i\u00e7in bizimle ileti\u015fime ge\u00e7ebilirsiniz.<\/p>\n\t\t\t<\/div>\n\t\t\n\t\t\t\t\t<div class=\"main-hero__media\">\n\t\t\t\t<img decoding=\"async\" width=\"750\" height=\"886\" src=\"https:\/\/elithair.com\/tr\/wp-content\/uploads\/sites\/10\/2026\/06\/haartransplantation-klinik-in-istanbul.webp\" class=\"hero-image\" alt=\"\u0130stanbul&#039;da sa\u00e7 ekimi klini\u011fi\" loading=\"eager\" fetchpriority=\"high\" srcset=\"https:\/\/elithair.com\/tr\/wp-content\/uploads\/sites\/10\/2026\/06\/haartransplantation-klinik-in-istanbul.webp 750w, https:\/\/elithair.com\/tr\/wp-content\/uploads\/sites\/10\/2026\/06\/haartransplantation-klinik-in-istanbul-254x300.webp 254w\" sizes=\"(max-width: 767px) 100vw, 660px\" \/>\t\t\t<\/div>\n\t\t\t\t\t\t\t<div class=\"main-hero__btn-list btn-list\">\n\t\t\t\t\t\t\t\t<div class=\"btn-item\">\n\t\t\t\t\t<a\n\t\t\t\t\t\thref=\"https:\/\/elithair.com\/tr\/sac-analizi\/\"\t\t\t\t\t\tclass=\"btn\"\n\t\t\t\t\t>\n\t\t\t\t\t\t\u00dccretsiz Sa\u00e7 Analizi\t\t\t\t\t<\/a>\n\t\t\t\t<\/div>\n\t\t\t\t\t\t\t\t\t\t\t<\/div>\n\t\t\t<\/div>\n\t\t\n\t<\/section>\n\n\n<section class=\"wp-block-elh-content-media content-media styled-ul ul-default ul-default-box bg-grey\">\n\t<div class=\"content-media__container container\">\n\t\t\t\t\t<header class=\"content-media__header\">\n\t\t\t\t\t\t\t\t\t<h2>\t\t\t\t\t\tVadi \u0130stanbul\u2019da Sa\u00e7 Ekim Klini\u011fi\t\t\t\t\t<\/h2>\t\t\t\t\t\t\t\t\t\t\t<\/header>\n\t\t\n\t\t\t\t\t<div class=\"content-media__media\">\n\t\t\t\t<div class=\"vimeo-video\" data-vimeo-id=\"1078896025\"><figure><img decoding=\"async\" width=\"1024\" height=\"643\" src=\"https:\/\/elithair.com\/tr\/wp-content\/uploads\/sites\/10\/2026\/06\/Thumbnail-Elithair-Klinik-1024x643.jpg\" class=\"video-cover\" alt=\"Thumbnail der gr\u00f6\u00dften Haartransplantation Klinik der Welt von Elithair\" loading=\"lazy\" srcset=\"https:\/\/elithair.com\/tr\/wp-content\/uploads\/sites\/10\/2026\/06\/Thumbnail-Elithair-Klinik-1024x643.jpg 1024w, https:\/\/elithair.com\/tr\/wp-content\/uploads\/sites\/10\/2026\/06\/Thumbnail-Elithair-Klinik-300x188.jpg 300w, https:\/\/elithair.com\/tr\/wp-content\/uploads\/sites\/10\/2026\/06\/Thumbnail-Elithair-Klinik-768x482.jpg 768w, https:\/\/elithair.com\/tr\/wp-content\/uploads\/sites\/10\/2026\/06\/Thumbnail-Elithair-Klinik.jpg 1280w\" sizes=\"(max-width: 767px) 100vw, 660px\" \/><span class=\"video-play-icon\"><img decoding=\"async\" width=\"150\" height=\"150\" src=\"https:\/\/elithair.com\/tr\/wp-content\/uploads\/sites\/10\/2026\/06\/play-pause-gif-s.gif\" class=\"attachment-thumbnail size-thumbnail\" alt=\"Play Icon\" loading=\"lazy\" \/><\/span><\/figure><\/div>\t\t\t<\/div>\n\t\t\t\t\t\t<div class=\"content-media__content\">\n\t\t\t<div class=\"content-media__content\">\n<p>Klini\u011fimiz, \u0130stanbul\u2019un Ka\u011f\u0131thane\/Sar\u0131yer semtinde hizmet vermektedir. Klinik b\u00fcnyesinde, hekim ekibimiz ve hasta destek personelimiz hizmet sunmaktad\u0131r.<\/p>\n<p>Giri\u015f alan\u0131nda bulunan ekranlar arac\u0131l\u0131\u011f\u0131yla hastalar\u0131m\u0131za\u00a0<a href=\"https:\/\/elithair.com\/tr\/sac-ekimi\/\">sa\u00e7 ekimi<\/a>\u00a0s\u00fcreci hakk\u0131nda bilgilendirme yap\u0131lmaktad\u0131r. Bu kapsamda kullan\u0131lan 3D animasyonlar ile prosed\u00fcr\u00fcn a\u015famalar\u0131 g\u00f6rsel olarak aktar\u0131lmakta; bu sayede operasyon hakk\u0131nda bilgi sahibi olunmaktad\u0131r.<\/p>\n<\/div>\n<div class=\"content-media__btn-list btn-list\"><\/div>\n\t\t<\/div>\n\t\t\n\t\t\n\t\t\t\t\t<div class=\"content-media__btn-list btn-list\">\n\t\t\t\t<div class=\"btn-item\">\n\t\t\t\t\t<a\n\t\t\t\t\t\tclass=\"btn\"\n\t\t\t\t\t\thref=\"https:\/\/elithair.com\/tr\/sac-analizi\/\"\t\t\t\t\t>Sa\u00e7 Analizini Ba\u015flat<\/a>\n\t\t\t\t<\/div>\n\t\t\t<\/div>\n\t\t\t<\/div>\n<\/section>\n\n\n<section class=\"wp-block-elh-content-media content-media layout-simple right-media styled-ul custom-icon none has-gap bg-secondary dark-layout\" style=\"--left-column-width:40%; --gap:70px\">\n\t<div class=\"content-media__container container\">\n\t\t\t\t\t<header class=\"content-media__header\">\n\t\t\t\t\t\t\t\t\t<h2>\t\t\t\t\t\tTedavi S\u00fcrecinde Konaklama ve Hizmet \u0130mk\u00e2nlar\u0131\t\t\t\t\t<\/h2>\t\t\t\t\t\t\t\t\t\t\t<\/header>\n\t\t\n\t\t\t\t\t<div class=\"content-media__media\">\n\t\t\t\t<figure><img decoding=\"async\" width=\"1024\" height=\"644\" src=\"https:\/\/elithair.com\/tr\/wp-content\/uploads\/sites\/10\/2026\/06\/Haartransplantation-klinik-hotelzimmer-1024x644.jpg\" class=\"attachment-large size-large\" alt=\"Ein luxuri\u00f6ses Patientenzimmer in der Elithair Klinik. Ein gemachtes Bett mit wei\u00dfer Bettw\u00e4sche, ein Flachbildfernseher an der Wand, eine geschwungene Deckenbeleuchtung, ein Nachttisch mit Orchideen und ein Sessel vor bodentiefen Fenstern, die Hochh\u00e4user zeigen.\" loading=\"lazy\" srcset=\"https:\/\/elithair.com\/tr\/wp-content\/uploads\/sites\/10\/2026\/06\/Haartransplantation-klinik-hotelzimmer-1024x644.jpg 1024w, https:\/\/elithair.com\/tr\/wp-content\/uploads\/sites\/10\/2026\/06\/Haartransplantation-klinik-hotelzimmer-300x189.jpg 300w, https:\/\/elithair.com\/tr\/wp-content\/uploads\/sites\/10\/2026\/06\/Haartransplantation-klinik-hotelzimmer-768x483.jpg 768w, https:\/\/elithair.com\/tr\/wp-content\/uploads\/sites\/10\/2026\/06\/Haartransplantation-klinik-hotelzimmer.jpg 1247w\" sizes=\"(max-width: 767px) 100vw, 660px\" \/><\/figure>\t\t\t<\/div>\n\t\t\t\t\t\t<div class=\"content-media__content\">\n\t\t\t<p>Sa\u00e7 klini\u011fimizde tedavi s\u00fcreci, operasyon ile birlikte konaklama hizmetini de kapsamaktad\u0131r. Klinik b\u00fcnyesinde yer alan Elit-Hotel odalar\u0131m\u0131zda hastalar\u0131m\u0131z konforlu bir konaklama imk\u00e2n\u0131na sahiptir. Hekim ekibimize yak\u0131n konumda olunmas\u0131, operasyon sonras\u0131 s\u00fcre\u00e7te h\u0131zl\u0131 bak\u0131m eri\u015fimini olanakl\u0131 k\u0131lmaktad\u0131r.<\/p>\n<p>T\u0131bbi bak\u0131m s\u00fcrecini \u00f6zenli bir hizmet ortam\u0131yla birlikte sunmaya y\u00f6nelik bir yakla\u015f\u0131m benimsenmektedir. Konaklama, hastalar\u0131m\u0131z\u0131n kayg\u0131s\u0131z bir s\u00fcre\u00e7 ge\u00e7irebilmesine y\u00f6nelik olarak organize edilmektedir.<\/p>\n<p>Operasyon s\u0131ras\u0131nda hastalar\u0131m\u0131za ki\u015fisel e\u015fyalar\u0131n\u0131 g\u00fcvenle saklayabilecekleri bir dolap tahsis edilmektedir. Operasyon aras\u0131 d\u00f6nemlerde ise hastalar\u0131m\u0131za \u00f6zenle haz\u0131rlanm\u0131\u015f, dengeli bir \u00f6\u011fle yeme\u011fi kutusu (lunchbox) sunulmaktad\u0131r.<\/p>\n\t\t<\/div>\n\t\t\n\t\t\n\t\t\t\t\t<div class=\"content-media__btn-list btn-list\">\n\t\t\t\t<div class=\"btn-item\">\n\t\t\t\t\t<a\n\t\t\t\t\t\tclass=\"btn\"\n\t\t\t\t\t\thref=\"https:\/\/elithair.com\/tr\/sac-analizi\/\"\t\t\t\t\t>\u00dccretsiz Sa\u00e7 Analizi<\/a>\n\t\t\t\t<\/div>\n\t\t\t<\/div>\n\t\t\t<\/div>\n<\/section>\n\n\n<section class=\"wp-block-elh-content-media content-media layout-simple styled-ul ul-default ul-default-box bg-grey\">\n\t<div class=\"content-media__container container\">\n\t\t\t\t\t<header class=\"content-media__header\">\n\t\t\t\t\t\t\t\t\t<h2>\t\t\t\t\t\tKlinik Donan\u0131m\u0131 ve T\u0131bbi Altyap\u0131\t\t\t\t\t<\/h2>\t\t\t\t\t\t\t\t\t\t\t<\/header>\n\t\t\n\t\t\t\t\t<div class=\"content-media__media hide-shadow\">\n\t\t\t\t<figure><img decoding=\"async\" width=\"1024\" height=\"644\" src=\"https:\/\/elithair.com\/tr\/wp-content\/uploads\/sites\/10\/2026\/06\/Raeumlichkeiten-Haartransplantation-Klinik-1024x644.jpg\" class=\"attachment-large size-large\" alt=\"Die modernen R\u00e4umlichkeiten der Haartransplantation Klinik\" loading=\"lazy\" srcset=\"https:\/\/elithair.com\/tr\/wp-content\/uploads\/sites\/10\/2026\/06\/Raeumlichkeiten-Haartransplantation-Klinik-1024x644.jpg 1024w, https:\/\/elithair.com\/tr\/wp-content\/uploads\/sites\/10\/2026\/06\/Raeumlichkeiten-Haartransplantation-Klinik-300x189.jpg 300w, https:\/\/elithair.com\/tr\/wp-content\/uploads\/sites\/10\/2026\/06\/Raeumlichkeiten-Haartransplantation-Klinik-768x483.jpg 768w, https:\/\/elithair.com\/tr\/wp-content\/uploads\/sites\/10\/2026\/06\/Raeumlichkeiten-Haartransplantation-Klinik.jpg 1247w\" sizes=\"(max-width: 767px) 100vw, 660px\" \/><\/figure>\t\t\t<\/div>\n\t\t\t\t\t\t<div class=\"content-media__content\">\n\t\t\t<p>Klini\u011fimiz teknik donan\u0131m ve t\u0131bbi altyap\u0131 bak\u0131m\u0131ndan kapsaml\u0131 bir yap\u0131 sunmaktad\u0131r.<\/p>\n<p>Klinikte 65 klimal\u0131 ameliyathane bulunmaktad\u0131r. Hem ameliyathaneler hem de sa\u00e7 folik\u00fcllerinin sakland\u0131\u011f\u0131 greft kutular\u0131 s\u00fcrekli so\u011futulmaktad\u0131r; bu ko\u015fullar greft canl\u0131l\u0131\u011f\u0131n\u0131n korunmas\u0131na y\u00f6neliktir.<\/p>\n<p>Tedavide kullan\u0131lan aletler, ABD\u2019den getirilen d\u00f6rt adet sterilizasyon makinesi ile \u00e7ok a\u015famal\u0131 bir sterilizasyon s\u00fcrecinden ge\u00e7irilmektedir. Sterilizasyon s\u00fcre\u00e7leri, uluslararas\u0131 kabul g\u00f6rm\u00fc\u015f hijyen protokolleri \u00e7er\u00e7evesinde y\u00fcr\u00fct\u00fclmektedir.<\/p>\n<p><strong>Acil Durum Haz\u0131rl\u0131\u011f\u0131<\/strong><\/p>\n<p>Klinikteki t\u00fcm katlarda acil durum m\u00fcdahale cihazlar\u0131 bulunmaktad\u0131r.<\/p>\n<p><strong>Hekim Deste\u011fi<\/strong><\/p>\n<p>Karma\u015f\u0131k t\u0131bbi durumlar kurum i\u00e7inde de\u011ferlendirilmekte; gerekti\u011finde farkl\u0131 t\u0131bbi disiplinlerden hekimlerle kons\u00fcltasyon yap\u0131labilmektedir. Diyabet, ge\u00e7irilmi\u015f cerrahi operasyonlar, metal implant gibi durumlar\u0131n bulunmas\u0131 halinde de\u011ferlendirme bu \u00e7er\u00e7evede ger\u00e7ekle\u015ftirilmektedir.<\/p>\n<p>Tedavi plan\u0131 ve uygunluk de\u011ferlendirmesi hekim sorumlulu\u011funda y\u00fcr\u00fct\u00fcl\u00fcr.<\/p>\n\t\t<\/div>\n\t\t\n\t\t\n\t\t\t\t\t<div class=\"content-media__btn-list btn-list\">\n\t\t\t\t<div class=\"btn-item\">\n\t\t\t\t\t<a\n\t\t\t\t\t\tclass=\"btn\"\n\t\t\t\t\t\thref=\"https:\/\/elithair.com\/tr\/sac-analizi\/\"\t\t\t\t\t>\u00dccretsiz Sa\u00e7 Analizi<\/a>\n\t\t\t\t<\/div>\n\t\t\t<\/div>\n\t\t\t<\/div>\n<\/section>\n\n\n<section class=\"wp-block-elh-content-media content-media layout-simple top-title-layout one-column styled-ul custom-icon ul-default-box bg-secondary dark-layout\" style=\"--custom-icon: url(&#039;https:\/\/elithair.com\/tr\/wp-content\/uploads\/sites\/10\/2026\/06\/blue-check.svg&#039;)\">\n\t<div class=\"content-media__container container\">\n\t\t\t\t\t<header class=\"content-media__header has-mw\" style=\"--MW:700px\">\n\t\t\t\t\t\t\t\t\t<h2>\t\t\t\t\t\tKlini\u011fimizin \u00d6zellikleri\t\t\t\t\t<\/h2>\t\t\t\t\t\t\t\t\t\t\t<\/header>\n\t\t\n\t\t\t\t\t\t<div class=\"content-media__content has-mw\" style=\"--MW:700px\">\n\t\t\t<ul>\n<li>18.000 m\u00b2 alan ve 13 katl\u0131 klinik yap\u0131s\u0131<\/li>\n<li>Sterilizasyon ve hijyen protokolleri \u00e7er\u00e7evesinde y\u00fcr\u00fct\u00fclen t\u0131bbi s\u00fcre\u00e7ler<\/li>\n<li>Klinik b\u00fcnyesinde Elit-Hotel odalar\u0131nda konaklama imk\u00e2n\u0131<\/li>\n<li>So\u011futma sistemine sahip 65 ameliyathane<\/li>\n<li>Farkl\u0131 uzmanl\u0131k dallar\u0131ndan hekim ekibi<\/li>\n<li>Yerinde 300\u2019den fazla \u00e7al\u0131\u015fan personel<\/li>\n<li>Yemek hizmeti ve hasta bak\u0131m organizasyonu<\/li>\n<li>Uluslararas\u0131 kabul g\u00f6rm\u00fc\u015f hijyen protokolleri \u00e7er\u00e7evesinde sterilizasyon<\/li>\n<li>T\u00fcm katlarda acil durum m\u00fcdahale donan\u0131m\u0131<\/li>\n<\/ul>\n\t\t<\/div>\n\t\t\n\t\t\n\t\t\t<\/div>\n<\/section>\n\n\n<section class=\"wp-block-elh-content-media content-media layout-simple right-media styled-ul custom-icon none has-gap bg-grey\" style=\"--left-column-width:40%; --gap:70px\">\n\t<div class=\"content-media__container container\">\n\t\t\t\t\t<header class=\"content-media__header\">\n\t\t\t\t\t\t\t\t\t<h2>\t\t\t\t\t\tKlinik \u0130\u00e7inde Bekleme ve Dinlenme Alanlar\u0131\t\t\t\t\t<\/h2>\t\t\t\t\t\t\t\t\t\t\t<\/header>\n\t\t\n\t\t\t\t\t<div class=\"content-media__media hide-shadow\">\n\t\t\t\t<figure><img decoding=\"async\" width=\"1024\" height=\"625\" src=\"https:\/\/elithair.com\/tr\/wp-content\/uploads\/sites\/10\/2026\/06\/eingangsbereich-haartransplantation-klinik-elithair-1024x625.jpg\" class=\"attachment-large size-large\" alt=\"Der Eingangsbereich der Haartransplantation Klinik von Elithair\" loading=\"lazy\" srcset=\"https:\/\/elithair.com\/tr\/wp-content\/uploads\/sites\/10\/2026\/06\/eingangsbereich-haartransplantation-klinik-elithair-1024x625.jpg 1024w, https:\/\/elithair.com\/tr\/wp-content\/uploads\/sites\/10\/2026\/06\/eingangsbereich-haartransplantation-klinik-elithair-300x183.jpg 300w, https:\/\/elithair.com\/tr\/wp-content\/uploads\/sites\/10\/2026\/06\/eingangsbereich-haartransplantation-klinik-elithair-768x469.jpg 768w, https:\/\/elithair.com\/tr\/wp-content\/uploads\/sites\/10\/2026\/06\/eingangsbereich-haartransplantation-klinik-elithair.jpg 1238w\" sizes=\"(max-width: 767px) 100vw, 660px\" \/><\/figure>\t\t\t<\/div>\n\t\t\t\t\t\t<div class=\"content-media__content\">\n\t\t\t<p>Operasyon \u00f6ncesi ve aralar\u0131ndaki s\u00fcre\u00e7lerde hastalar\u0131m\u0131z\u0131n kullanabilece\u011fi dinlenme alanlar\u0131 klini\u011fimizde yer almaktad\u0131r. 2. katta bulunan dinlenme alanlar\u0131nda ikram hizmeti sunulmaktad\u0131r.<\/p>\n<p>Klini\u011fimiz b\u00fcnyesinde 1.000 m\u00b2 panoramik teras alan\u0131 bulunmaktad\u0131r. Bu alanda hastalar\u0131m\u0131z operasyon \u00f6ncesi ve sonras\u0131 s\u00fcre\u00e7lerde vakit ge\u00e7irebilmektedir. Klinikte ayr\u0131ca bilardo ve mini golf gibi sosyal alanlar da yer almaktad\u0131r.<\/p>\n<p>Hastalar\u0131m\u0131za e\u015flik eden refakat\u00e7iler i\u00e7in klinik b\u00fcnyesinde al\u0131\u015fveri\u015f alan\u0131 bulunmaktad\u0131r.<\/p>\n\t\t<\/div>\n\t\t\n\t\t\n\t\t\t\t\t<div class=\"content-media__btn-list btn-list\">\n\t\t\t\t<div class=\"btn-item\">\n\t\t\t\t\t<a\n\t\t\t\t\t\tclass=\"btn\"\n\t\t\t\t\t\thref=\"https:\/\/elithair.com\/tr\/sac-analizi\/\"\t\t\t\t\t>\u00dccretsiz Sa\u00e7 Analizi<\/a>\n\t\t\t\t<\/div>\n\t\t\t<\/div>\n\t\t\t<\/div>\n<\/section>\n\n\n<section class=\"wp-block-elh-contact-form contact-form bg-secondary dark-layout\" style=\"--contact-form-chevron-down-icon: url(&#039;https:\/\/elithair.com\/tr\/wp-content\/themes\/elithair-master\/src\/dist\/images\/icons\/chevron-down.svg&#039;);\">\n\t<div class=\"contact-form__container container\">\n\n\t\t\t\t\t<header class=\"contact-form__header\">\n\t\t\t\t<h2>\t\t\t\t\t\u0130leti\u015fim\t\t\t\t<\/h2>\t\t\t<\/header>\n\t\t\n\t\t\t\t\t<div class=\"contact-form__content content-format\">\n\t\t\t\t\t\t\t\t\t<p>Sa\u00e7 ekimi s\u00fcreciniz hakk\u0131nda bilgi almak ister misiniz?<\/p>\n<p>Klini\u011fimizde Dr. Balwi ve hekim ekibimiz taraf\u0131ndan sa\u00e7 ekimi prosed\u00fcrleri uygulanmaktad\u0131r. Klinik b\u00fcnyesinde yer alan Elit-Hotel odalar\u0131nda konaklama imk\u00e2n\u0131 bulunmaktad\u0131r.<\/p>\n<p>Sa\u00e7 durumunuza ili\u015fkin \u00f6n de\u011ferlendirme talebi i\u00e7in bizimle ileti\u015fime ge\u00e7ebilirsiniz.<\/p>\n<p><em>Tedavi plan\u0131 ve uygulama, hekim de\u011ferlendirmesi sonras\u0131nda belirlenir.<\/em><\/p>\n\t\t\t\t\n\t\t\t\t\t\t\t<\/div>\n\t\t\n\t\t<div class=\"contact-form__form\">\n\t\t\t<div class=\"contact-form\">\n\t\t\t\t<div class=\"contactForm\">\n\t\t\t\t\t\t\t\t\t\t<fieldset class=\"genderF\">\n\t\t\t\t\t\t<legend class=\"genderTitle\">Hitap \u015fekli<\/legend>\n\t\t\t\t\t\t<div class=\"genderType\">\n\t\t\t\t\t\t\t<label for=\"gender-man\">\n\t\t\t\t\t\t\t\t<input type=\"radio\" checked name=\"gender\" class=\"gender\" id=\"gender-man\" value=\"Man\">\n\t\t\t\t\t\t\t\tBay\t\t\t\t\t\t\t<\/label>\n\t\t\t\t\t\t\t<label for=\"gender-woman\">\n\t\t\t\t\t\t\t\t<input type=\"radio\" name=\"gender\" class=\"gender\" id=\"gender-woman\" value=\"Woman\">\n\t\t\t\t\t\t\t\tBayan\t\t\t\t\t\t\t<\/label>\n\t\t\t\t\t\t<\/div>\n\t\t\t\t\t<\/fieldset>\n\n\t\t\t\t<div class=\"nameF\">\n\t\t\t\t\t<div class=\"animateInput\">\n\t\t\t\t\t\t<svg class=\"field-icon\" aria-hidden=\"true\" focusable=\"false\"><use href=\"#icon-user\"><\/use><\/svg>\n\t\t\t\t\t<input\n\t\t\t\t\t\ttype=\"text\"\n\t\t\t\t\t\trequired\n\t\t\t\t\t\tminlength=\"2\"\n\t\t\t\t\t\tname=\"name\"\n\t\t\t\t\t\tid=\"nameF\"\n\t\t\t\t\t\tautocomplete=\"off\"\n\t\t\t\t\t\tplaceholder=\"Ad\u0131 Soyad\u0131\"\t\t\t\t\t>\n\t\t\t\t\t\t<label for=\"nameF\">Ad\u0131 Soyad\u0131<\/label>\n\t\t\t\t\t\t<svg class=\"validate-icon validate-icon--error\" aria-hidden=\"true\" focusable=\"false\"><use href=\"#icon-close\"><\/use><\/svg>\n\t\t\t\t\t\t<svg class=\"validate-icon validate-icon--success\" aria-hidden=\"true\" focusable=\"false\"><use href=\"#icon-check\"><\/use><\/svg>\n\t\t\t\t\t<\/div>\n\t\t\t\t<\/div>\n\n\t\t\t\t<div class=\"emailF\">\n\t\t\t\t\t<div class=\"animateInput\">\n\t\t\t\t\t\t<svg class=\"field-icon\" aria-hidden=\"true\" focusable=\"false\"><use href=\"#icon-mail\"><\/use><\/svg>\n\t\t\t\t\t<input\n\t\t\t\t\t\ttype=\"email\"\n\t\t\t\t\t\tname=\"email\"\n\t\t\t\t\t\trequired\n\t\t\t\t\t\tminlength=\"3\"\n\t\t\t\t\t\tid=\"emailF\"\n\t\t\t\t\t\tautocomplete=\"off\"\n\t\t\t\t\t\tplaceholder=\"E-Posta\"\t\t\t\t\t>\n\t\t\t\t\t\t<label for=\"emailF\">E-Posta<\/label>\n\t\t\t\t\t\t<svg class=\"validate-icon validate-icon--error\" aria-hidden=\"true\" focusable=\"false\"><use href=\"#icon-close\"><\/use><\/svg>\n\t\t\t\t\t\t<svg class=\"validate-icon validate-icon--success\" aria-hidden=\"true\" focusable=\"false\"><use href=\"#icon-check\"><\/use><\/svg>\n\t\t\t\t\t<\/div>\n\t\t\t\t<\/div>\n\n\t\t\t\t<div class=\"phoneF\">\n\t\t\t\t\t<div class=\"animateInput\">\n\t\t\t\t\t\t<div class=\"phone-row\">\n\t\t\t\t\t\t\t<label class=\"sr-only\" for=\"select_telefon\">Country code<\/label>\n\t\t\t\t\t\t\t<select id=\"select_telefon\">\n\t\t\t\t\t\t\t\t<option value=\"+90\">TR (+90)<\/option>\n<option value=\"+49\">DE (+49)<\/option>\t\t\t\t\t\t\t\t<optgroup label=\"\" id=\"vorwahlen\"><\/optgroup>\n\t\t\t\t\t\t\t<\/select>\n\t\t\t\t\t\t\t<div class=\"phone-input-wrap\">\n\t\t\t\t\t\t\t\t<svg class=\"field-icon\" aria-hidden=\"true\" focusable=\"false\"><use href=\"#icon-phone\"><\/use><\/svg>\n\t\t\t\t\t\t\t\t<input type=\"tel\" name=\"phone\" required minlength=\"3\" id=\"phoneF\" autocomplete=\"off\" inputmode=\"numeric\" placeholder=\" \">\n\t\t\t\t\t\t\t\t<label for=\"phoneF\">Phone<\/label>\n\t\t\t\t\t\t\t\t<svg class=\"validate-icon validate-icon--error\" aria-hidden=\"true\" focusable=\"false\"><use href=\"#icon-close\"><\/use><\/svg>\n\t\t\t\t\t\t\t\t<svg class=\"validate-icon validate-icon--success\" aria-hidden=\"true\" focusable=\"false\"><use href=\"#icon-check\"><\/use><\/svg>\n\t\t\t\t\t\t\t<\/div>\n\t\t\t\t\t\t<\/div>\n\t\t\t\t\t<\/div>\n\t\t\t\t<\/div>\n\n\t\t\t\t\t<div class=\"treatmentF\">\n\t\t\t\t\t\t<select id=\"select_treatment\" aria-label=\"Treatment\">\n\t\t\t\t\t\t\t\t\t\t\t\t\t\t\t<option value=\"HT\">Sa\u00e7 Ekimi<\/option>\n\t\t\t\t\t\t\t\t\t\t\t\t\t\t\t<option value=\"HT\">Sakal Ekimi<\/option>\n\t\t\t\t\t\t\t\t\t\t\t\t\t\t\t<option value=\"HT\">Kad\u0131nlarda Sa\u00e7 Ekimi<\/option>\n\t\t\t\t\t\t\t\t\t\t\t\t\t<\/select>\n\t\t\t\t\t<\/div>\n\n\t\t\t\t<div class=\"messageF\">\n\t\t\t\t\t<div class=\"animateInput\">\n\t\t\t\t\t\t<textarea\n\t\t\t\t\t\t\tid=\"message\"\n\t\t\t\t\t\t\tname=\"message\"\n\t\t\t\t\t\t\trows=\"4\"\n\t\t\t\t\t\t\tplaceholder=\" \"\n\t\t\t\t\t\t><\/textarea>\n\t\t\t\t\t\t<label for=\"message\">Mesaj\u0131n&#8230;<\/label>\n\t\t\t\t\t<\/div>\n\t\t\t\t<\/div>\n\n\t\t\t\t<div class=\"checkF\">\n\t\t\t\t\t<label class=\"policy\">\n\t\t\t\t\t\t<input type=\"checkbox\" name=\"policy\">\n\t\t\t\t\t\t<span>Bu formu kullanarak <a href=\"https:\/\/elithair.com\/tr\/kvkk-basvuru-formu\/\">KVKK metnini<\/a> ve <a href=\"https:\/\/elithair.com\/tr\/gizlilik-politikasi\/\">Gizlilik politikas\u0131<\/a>\n                &#8216;n\u0131 kabul etmi\u015f olursunuz<\/span>\n\t\t\t\t\t\t<svg class=\"validate-icon validate-icon--error\" aria-hidden=\"true\" focusable=\"false\"><use href=\"#icon-close\"><\/use><\/svg>\n\t\t\t\t\t\t<svg class=\"validate-icon validate-icon--success\" aria-hidden=\"true\" focusable=\"false\"><use href=\"#icon-check\"><\/use><\/svg>\n\t\t\t\t\t<\/label>\n\t\t\t\t<\/div>\n\t\t\t\t\t\t\t\t\n\t\t\t\t\t<button type=\"button\" id=\"completeForm\" class=\"primary-btn\">\n\t\t\t\t\t\tG\u00f6nder\t\t\t\t\t<\/button>\n\n\t\t\t\t\t<input type=\"hidden\" id=\"createdLead\" value=\"Organisch\">\n\t\t\t\t\t<input type=\"hidden\" id=\"leadLanguage\" value=\"TR\">\n\t\t\t\t\t<input type=\"hidden\" id=\"redirectPage\" value=\"\/tr\/fotograf-analizi\/\">\n\t\t\t\t\t<input type=\"hidden\" id=\"crmDept\" value=\"TR\">\n\t\t\t\t\t<input type=\"hidden\" id=\"dataLayer\" value=\"formSubmission\">\n\t\t\t\t\t<input type=\"hidden\" id=\"crmLayout\" value=\"HT\">\n\n\t\t\t\t<\/div><!-- .contactForm -->\n\t\t\t<\/div><!-- .contact-form -->\n\t\t<\/div><!-- .contact-form__form -->\n\n\t<\/div>\n<\/section>\n","protected":false},"excerpt":{"rendered":"","protected":false},"author":10,"featured_media":0,"parent":0,"menu_order":0,"comment_status":"closed","ping_status":"closed","template":"","meta":{"_acf_changed":false,"_yoast_wpseo_focuskw":"","_yoast_wpseo_title":"Sa\u00e7 Ekimi Klini\u011fi | D\u00fcnyan\u0131n En B\u00fcy\u00fc\u011f\u00fc \u0130stanbul'da | Elithair","_yoast_wpseo_metadesc":"18.000 m\u00b2 alana yay\u0131lan 13 katl\u0131 bu son teknoloji merkezde, Dr. Balwi y\u00f6netimindeki d\u00fcnyan\u0131n en b\u00fcy\u00fck sa\u00e7 ekimi klini\u011fini \u0130stanbul'da ke\u015ffedin.","_yoast_wpseo_meta-robots-noindex":"","_yoast_wpseo_meta-robots-nofollow":"","_yoast_wpseo_meta-robots-adv":"","_yoast_wpseo_canonical":"https:\/\/elithair.com\/tr\/sac-ekimi-klinigi\/","_yoast_wpseo_opengraph-title":"","_yoast_wpseo_opengraph-description":"","_yoast_wpseo_opengraph-image":"","_yoast_wpseo_twitter-title":"","_yoast_wpseo_twitter-description":"","_yoast_wpseo_twitter-image":"","_hm_hreflang_map":{"ar":554,"de":51,"en":93444,"es":89283,"fr":32,"it":14,"pt":23,"tr":44,"uk":743,"x_default":93444},"_hm_language_code":"tr","footnotes":""},"class_list":["post-44","page","type-page","status-publish","hentry"],"acf":[],"yoast_head":"<!-- This site is optimized with the Yoast SEO Premium plugin v28.4 (Yoast SEO v28.4) - https:\/\/yoast.com\/product\/yoast-seo-premium-wordpress\/ -->\n<title>Sa\u00e7 Ekimi Klini\u011fi | D\u00fcnyan\u0131n En B\u00fcy\u00fc\u011f\u00fc \u0130stanbul&#039;da \u2013 Elithair<\/title>\n<meta name=\"description\" content=\"18.000 m\u00b2, 13 kat, g\u00fcnde 150 tedavi kapasitesi: Dr. Balwi y\u00f6netimindeki d\u00fcnyan\u0131n en b\u00fcy\u00fck sa\u00e7 ekimi klini\u011fini \u0130stanbul&#039;da ke\u015ffedin.\" \/>\n<meta name=\"robots\" content=\"index, follow, max-snippet:-1, max-image-preview:large, max-video-preview:-1\" \/>\n<link rel=\"canonical\" href=\"https:\/\/elithair.com\/tr\/sac-ekimi-klinigi\/\" \/>\n<meta property=\"og:locale\" content=\"tr_TR\" \/>\n<meta property=\"og:type\" content=\"article\" \/>\n<meta property=\"og:title\" content=\"Sa\u00e7 Ekimi Klini\u011fi\" \/>\n<meta property=\"og:description\" content=\"18.000 m\u00b2, 13 kat, g\u00fcnde 150 tedavi kapasitesi: Dr. Balwi y\u00f6netimindeki d\u00fcnyan\u0131n en b\u00fcy\u00fck sa\u00e7 ekimi klini\u011fini \u0130stanbul&#039;da ke\u015ffedin.\" \/>\n<meta property=\"og:url\" content=\"https:\/\/elithair.com\/tr\/sac-ekimi-klinigi\/\" \/>\n<meta property=\"og:site_name\" content=\"Elithair\" \/>\n<meta property=\"article:modified_time\" content=\"2026-07-23T13:19:16+00:00\" \/>\n<meta name=\"twitter:card\" content=\"summary_large_image\" \/>\n<script type=\"application\/ld+json\" class=\"yoast-schema-graph\">{\"@context\":\"https:\\\/\\\/schema.org\",\"@graph\":[{\"@type\":\"WebPage\",\"@id\":\"https:\\\/\\\/elithair.com\\\/tr\\\/sac-ekimi-klinigi\\\/\",\"url\":\"https:\\\/\\\/elithair.com\\\/tr\\\/sac-ekimi-klinigi\\\/\",\"name\":\"Sa\u00e7 Ekimi Klini\u011fi | D\u00fcnyan\u0131n En B\u00fcy\u00fc\u011f\u00fc \u0130stanbul'da \u2013 Elithair\",\"isPartOf\":{\"@id\":\"https:\\\/\\\/elithair.com\\\/tr\\\/#website\"},\"datePublished\":\"2026-04-11T15:54:40+00:00\",\"dateModified\":\"2026-07-23T13:19:16+00:00\",\"description\":\"18.000 m\u00b2, 13 kat, g\u00fcnde 150 tedavi kapasitesi: Dr. Balwi y\u00f6netimindeki d\u00fcnyan\u0131n en b\u00fcy\u00fck sa\u00e7 ekimi klini\u011fini \u0130stanbul'da ke\u015ffedin.\",\"breadcrumb\":{\"@id\":\"https:\\\/\\\/elithair.com\\\/tr\\\/sac-ekimi-klinigi\\\/#breadcrumb\"},\"inLanguage\":\"tr\",\"potentialAction\":[{\"@type\":\"ReadAction\",\"target\":[\"https:\\\/\\\/elithair.com\\\/tr\\\/sac-ekimi-klinigi\\\/\"]}]},{\"@type\":\"BreadcrumbList\",\"@id\":\"https:\\\/\\\/elithair.com\\\/tr\\\/sac-ekimi-klinigi\\\/#breadcrumb\",\"itemListElement\":[{\"@type\":\"ListItem\",\"position\":1,\"name\":\"Home\",\"item\":\"https:\\\/\\\/elithair.com\\\/tr\\\/\"},{\"@type\":\"ListItem\",\"position\":2,\"name\":\"Sa\u00e7 Ekimi Klini\u011fi\"}]},{\"@type\":\"WebSite\",\"@id\":\"https:\\\/\\\/elithair.com\\\/tr\\\/#website\",\"url\":\"https:\\\/\\\/elithair.com\\\/tr\\\/\",\"name\":\"Elithair\",\"description\":\"Elithair: sa\u00e7\u0131n\u0131z i\u00e7in en iyi klini\u011fi ke\u015ffedin\",\"potentialAction\":[{\"@type\":\"SearchAction\",\"target\":{\"@type\":\"EntryPoint\",\"urlTemplate\":\"https:\\\/\\\/elithair.com\\\/tr\\\/?s={search_term_string}\"},\"query-input\":{\"@type\":\"PropertyValueSpecification\",\"valueRequired\":true,\"valueName\":\"search_term_string\"}}],\"inLanguage\":\"tr\"}]}<\/script>\n<!-- \/ Yoast SEO Premium plugin. -->","yoast_head_json":{"title":"Sa\u00e7 Ekimi Klini\u011fi | D\u00fcnyan\u0131n En B\u00fcy\u00fc\u011f\u00fc \u0130stanbul'da \u2013 Elithair","description":"18.000 m\u00b2, 13 kat, g\u00fcnde 150 tedavi kapasitesi: Dr. Balwi y\u00f6netimindeki d\u00fcnyan\u0131n en b\u00fcy\u00fck sa\u00e7 ekimi klini\u011fini \u0130stanbul'da ke\u015ffedin.","robots":{"index":"index","follow":"follow","max-snippet":"max-snippet:-1","max-image-preview":"max-image-preview:large","max-video-preview":"max-video-preview:-1"},"canonical":"https:\/\/elithair.com\/tr\/sac-ekimi-klinigi\/","og_locale":"tr_TR","og_type":"article","og_title":"Sa\u00e7 Ekimi Klini\u011fi","og_description":"18.000 m\u00b2, 13 kat, g\u00fcnde 150 tedavi kapasitesi: Dr. Balwi y\u00f6netimindeki d\u00fcnyan\u0131n en b\u00fcy\u00fck sa\u00e7 ekimi klini\u011fini \u0130stanbul'da ke\u015ffedin.","og_url":"https:\/\/elithair.com\/tr\/sac-ekimi-klinigi\/","og_site_name":"Elithair","article_modified_time":"2026-07-23T13:19:16+00:00","twitter_card":"summary_large_image","schema":{"@context":"https:\/\/schema.org","@graph":[{"@type":"WebPage","@id":"https:\/\/elithair.com\/tr\/sac-ekimi-klinigi\/","url":"https:\/\/elithair.com\/tr\/sac-ekimi-klinigi\/","name":"Sa\u00e7 Ekimi Klini\u011fi | D\u00fcnyan\u0131n En B\u00fcy\u00fc\u011f\u00fc \u0130stanbul'da \u2013 Elithair","isPartOf":{"@id":"https:\/\/elithair.com\/tr\/#website"},"datePublished":"2026-04-11T15:54:40+00:00","dateModified":"2026-07-23T13:19:16+00:00","description":"18.000 m\u00b2, 13 kat, g\u00fcnde 150 tedavi kapasitesi: Dr. Balwi y\u00f6netimindeki d\u00fcnyan\u0131n en b\u00fcy\u00fck sa\u00e7 ekimi klini\u011fini \u0130stanbul'da ke\u015ffedin.","breadcrumb":{"@id":"https:\/\/elithair.com\/tr\/sac-ekimi-klinigi\/#breadcrumb"},"inLanguage":"tr","potentialAction":[{"@type":"ReadAction","target":["https:\/\/elithair.com\/tr\/sac-ekimi-klinigi\/"]}]},{"@type":"BreadcrumbList","@id":"https:\/\/elithair.com\/tr\/sac-ekimi-klinigi\/#breadcrumb","itemListElement":[{"@type":"ListItem","position":1,"name":"Home","item":"https:\/\/elithair.com\/tr\/"},{"@type":"ListItem","position":2,"name":"Sa\u00e7 Ekimi Klini\u011fi"}]},{"@type":"WebSite","@id":"https:\/\/elithair.com\/tr\/#website","url":"https:\/\/elithair.com\/tr\/","name":"Elithair","description":"Elithair: sa\u00e7\u0131n\u0131z i\u00e7in en iyi klini\u011fi ke\u015ffedin","potentialAction":[{"@type":"SearchAction","target":{"@type":"EntryPoint","urlTemplate":"https:\/\/elithair.com\/tr\/?s={search_term_string}"},"query-input":{"@type":"PropertyValueSpecification","valueRequired":true,"valueName":"search_term_string"}}],"inLanguage":"tr"}]}},"_links":{"self":[{"href":"https:\/\/elithair.com\/tr\/wp-json\/wp\/v2\/pages\/44","targetHints":{"allow":["GET"]}}],"collection":[{"href":"https:\/\/elithair.com\/tr\/wp-json\/wp\/v2\/pages"}],"about":[{"href":"https:\/\/elithair.com\/tr\/wp-json\/wp\/v2\/types\/page"}],"author":[{"embeddable":true,"href":"https:\/\/elithair.com\/tr\/wp-json\/wp\/v2\/users\/10"}],"replies":[{"embeddable":true,"href":"https:\/\/elithair.com\/tr\/wp-json\/wp\/v2\/comments?post=44"}],"version-history":[{"count":5,"href":"https:\/\/elithair.com\/tr\/wp-json\/wp\/v2\/pages\/44\/revisions"}],"predecessor-version":[{"id":83129,"href":"https:\/\/elithair.com\/tr\/wp-json\/wp\/v2\/pages\/44\/revisions\/83129"}],"wp:attachment":[{"href":"https:\/\/elithair.com\/tr\/wp-json\/wp\/v2\/media?parent=44"}],"curies":[{"name":"wp","href":"https:\/\/api.w.org\/{rel}","templated":true}]}}