{"id":37,"date":"2026-04-11T15:54:37","date_gmt":"2026-04-11T15:54:37","guid":{"rendered":"https:\/\/unified.elitexperiments.com\/tr\/sac-ekimi-blog\/"},"modified":"2026-06-11T22:04:52","modified_gmt":"2026-06-11T20:04:52","slug":"sac-ekimi-blog","status":"publish","type":"page","link":"https:\/\/elithair.com\/tr\/sac-ekimi-blog\/","title":{"rendered":"Blog"},"content":{"rendered":"<section class=\"wp-block-elh-main-hero main-hero dark-layout has-search has-extra-row has-top-right-circle\">\n\t<div class=\"main-hero__container container\">\n\t\t\t\t\t<header class=\"main-hero__header\">\t\t\t\t\n\t\t\t\t<h1>\t\t\t\t\tSa\u00e7 Ekimi <strong>Blog<\/strong>\t\t\t\t<\/h1>\t\t\t<\/header>\n\t\t\n\t\t\t\t\t<div class=\"main-hero__content\">\n\t\t\t\t<p>Elithair, d\u00fcnyan\u0131n en b\u00fcy\u00fck sa\u00e7 ekimi klini\u011fi ve Avrupa&#8217;n\u0131n sakal ekimi dahil ileri sa\u00e7 restorasyonunda lider adresidir.<\/p>\n<p>Sa\u00e7 ekimi blogumuzda sa\u00e7 d\u00f6k\u00fclmesi, sa\u00e7 ekimi prosed\u00fcrleri ve bu alandaki en son yenilikler hakk\u0131nda uzman bilgiler payla\u015f\u0131yoruz.<\/p>\n<p>Sa\u011fl\u0131kl\u0131 sa\u00e7 ve sa\u00e7 restorasyonuyla ilgili her konuda profesyonel ipu\u00e7lar\u0131, g\u00fcvenilir rehberlik ve detayl\u0131 tavsiyeler bulun.<\/p>\n\t\t\t<\/div>\n\t\t\n\t\t\t\t\t<div class=\"main-hero__media\">\n\t\t\t\t<img decoding=\"async\" width=\"768\" height=\"606\" src=\"https:\/\/elithair.com\/tr\/wp-content\/uploads\/sites\/10\/2026\/06\/drbalwi-haartransplantation-spezialist-768x606-1.webp\" class=\"hero-image\" alt=\"Dr. Balwi - Sa\u00e7 Ekimi Uzman\u0131 - 768x606\" loading=\"eager\" fetchpriority=\"high\" srcset=\"https:\/\/elithair.com\/tr\/wp-content\/uploads\/sites\/10\/2026\/06\/drbalwi-haartransplantation-spezialist-768x606-1.webp 768w, https:\/\/elithair.com\/tr\/wp-content\/uploads\/sites\/10\/2026\/06\/drbalwi-haartransplantation-spezialist-768x606-1-300x237.webp 300w\" sizes=\"(max-width: 767px) 100vw, 660px\" \/>\t\t\t<\/div>\n\t\t\t\t\t<\/div>\n\t\t<form role=\"search\" method=\"get\" action=\"https:\/\/elithair.com\/tr\" class=\"main-hero__search container\">\n\t\t<div class=\"main-hero__search-input-wrap\">\n\t\t\t<svg class=\"main-hero__search-icon\" aria-hidden=\"true\" focusable=\"false\"><use href=\"#icon-search\"\/><\/svg>\n\t\t\t<input class=\"main-hero__search-input\" placeholder=\"Search..\" value=\"\" type=\"search\" name=\"s\" required>\n\t\t<\/div>\n\t\t<button aria-label=\"Search\" class=\"main-hero__search-btn\" type=\"submit\">Search<\/button>\n\t<\/form>\n\t\t\n\t<\/section>\n\n\n\n<div class=\"container archive-container\">\n            <h2>Blog<\/h2>\n        <div class=\"archive-filter\" data-current-cat=\"0\">\n        <label><input type=\"radio\" name=\"cat\" value=\"0\" checked=\"checked\">All<\/label><label><input type=\"radio\" name=\"cat\" value=\"17\">Deneyimler<\/label><label><input type=\"radio\" name=\"cat\" value=\"4\">Sa\u00e7 Bak\u0131m\u0131<\/label><label><input type=\"radio\" name=\"cat\" value=\"16\">Sa\u00e7 D\u00f6k\u00fclmesi<\/label><label><input type=\"radio\" name=\"cat\" value=\"3\">Sa\u00e7 Ekimi<\/label><label><input type=\"radio\" name=\"cat\" value=\"1\">Uncategorized<\/label><\/div>    <div class=\"scroll-trigger-top\"><\/div>\n    <div class=\"archive-grid\">\n                                    <article class=\"post-card\" data-page=\"1\" data-page-anchor=\"true\">\n                    <a href=\"https:\/\/elithair.com\/tr\/alkol-sac-dokulmesi\/\">\n                        <div class=\"post-thumb\">\n                            <img decoding=\"async\" width=\"300\" height=\"200\" src=\"https:\/\/elithair.com\/tr\/wp-content\/uploads\/sites\/10\/2026\/08\/hero-9-300x200.png\" class=\"attachment-medium size-medium wp-post-image\" alt=\"Halb leeres Weinglas auf einem Holztisch, im unscharfen Hintergrund ein nachdenklicher Mann, der sich durch die Haare f\u00e4hrt\" loading=\"eager\" srcset=\"https:\/\/elithair.com\/tr\/wp-content\/uploads\/sites\/10\/2026\/08\/hero-9-300x200.png 300w, https:\/\/elithair.com\/tr\/wp-content\/uploads\/sites\/10\/2026\/08\/hero-9-1024x683.png 1024w, https:\/\/elithair.com\/tr\/wp-content\/uploads\/sites\/10\/2026\/08\/hero-9-768x512.png 768w, https:\/\/elithair.com\/tr\/wp-content\/uploads\/sites\/10\/2026\/08\/hero-9.png 1536w\" sizes=\"(max-width: 300px) 100vw, 300px\" \/>                        <\/div>\n                        <p>Alkol ve sa\u00e7 d\u00f6k\u00fclmesi: Ne kadar\u0131 ger\u00e7ekten zarar verir, sa\u00e7lar geri gelir mi?<\/p>\n                       <\/a>\n                <\/article>\n                            <article class=\"post-card\" data-page=\"1\" >\n                    <a href=\"https:\/\/elithair.com\/tr\/diyabet-sac-dokulmesi\/\">\n                        <div class=\"post-thumb\">\n                            <img decoding=\"async\" width=\"300\" height=\"200\" src=\"https:\/\/elithair.com\/tr\/wp-content\/uploads\/sites\/10\/2026\/08\/hero-8-300x200.png\" class=\"attachment-medium size-medium wp-post-image\" alt=\"Mann Ende vierzig betrachtet im Badezimmer eine Haarb\u00fcrste, daneben ein Blutzuckermessger\u00e4t\" loading=\"eager\" srcset=\"https:\/\/elithair.com\/tr\/wp-content\/uploads\/sites\/10\/2026\/08\/hero-8-300x200.png 300w, https:\/\/elithair.com\/tr\/wp-content\/uploads\/sites\/10\/2026\/08\/hero-8-1024x683.png 1024w, https:\/\/elithair.com\/tr\/wp-content\/uploads\/sites\/10\/2026\/08\/hero-8-768x512.png 768w, https:\/\/elithair.com\/tr\/wp-content\/uploads\/sites\/10\/2026\/08\/hero-8.png 1536w\" sizes=\"(max-width: 300px) 100vw, 300px\" \/>                        <\/div>\n                        <p>Diyabet ve sa\u00e7 d\u00f6k\u00fclmesi: nedenler, ins\u00fclin direnci ve ger\u00e7ekten i\u015fe yarayanlar<\/p>\n                       <\/a>\n                <\/article>\n                            <article class=\"post-card\" data-page=\"1\" >\n                    <a href=\"https:\/\/elithair.com\/tr\/sac-dokulmesinde-kan-degerleri\/\">\n                        <div class=\"post-thumb\">\n                            <img decoding=\"async\" width=\"300\" height=\"200\" src=\"https:\/\/elithair.com\/tr\/wp-content\/uploads\/sites\/10\/2026\/08\/hero-7-300x200.png\" class=\"attachment-medium size-medium wp-post-image\" alt=\"Blutentnahme-R\u00f6hrchen im Laborst\u00e4nder: Blutwerte bei Haarausfall werden aus einer Blutprobe bestimmt\" loading=\"eager\" srcset=\"https:\/\/elithair.com\/tr\/wp-content\/uploads\/sites\/10\/2026\/08\/hero-7-300x200.png 300w, https:\/\/elithair.com\/tr\/wp-content\/uploads\/sites\/10\/2026\/08\/hero-7-1024x683.png 1024w, https:\/\/elithair.com\/tr\/wp-content\/uploads\/sites\/10\/2026\/08\/hero-7-768x512.png 768w, https:\/\/elithair.com\/tr\/wp-content\/uploads\/sites\/10\/2026\/08\/hero-7.png 1536w\" sizes=\"(max-width: 300px) 100vw, 300px\" \/>                        <\/div>\n                        <p>Sa\u00e7 d\u00f6k\u00fclmesinde kan de\u011ferleri: hangi tetkikler ger\u00e7ekten anlaml\u0131?<\/p>\n                       <\/a>\n                <\/article>\n                            <article class=\"post-card\" data-page=\"1\" >\n                    <a href=\"https:\/\/elithair.com\/tr\/basin-arka-kisminda-sac-dokulmesi\/\">\n                        <div class=\"post-thumb\">\n                            <img decoding=\"async\" width=\"300\" height=\"200\" src=\"https:\/\/elithair.com\/tr\/wp-content\/uploads\/sites\/10\/2026\/08\/hero-6-300x200.png\" class=\"attachment-medium size-medium wp-post-image\" alt=\"Hinterkopf eines Mannes mit sichtbarem Wirbelbereich im seitlichen Tageslicht\" loading=\"eager\" srcset=\"https:\/\/elithair.com\/tr\/wp-content\/uploads\/sites\/10\/2026\/08\/hero-6-300x200.png 300w, https:\/\/elithair.com\/tr\/wp-content\/uploads\/sites\/10\/2026\/08\/hero-6-1024x683.png 1024w, https:\/\/elithair.com\/tr\/wp-content\/uploads\/sites\/10\/2026\/08\/hero-6-768x512.png 768w, https:\/\/elithair.com\/tr\/wp-content\/uploads\/sites\/10\/2026\/08\/hero-6.png 1536w\" sizes=\"(max-width: 300px) 100vw, 300px\" \/>                        <\/div>\n                        <p>Ba\u015f\u0131n arka k\u0131sm\u0131nda sa\u00e7 d\u00f6k\u00fclmesi: sa\u00e7 d\u00f6nmesi mi, tonsura m\u0131, ba\u015fka bir neden mi?<\/p>\n                       <\/a>\n                <\/article>\n                            <article class=\"post-card\" data-page=\"1\" >\n                    <a href=\"https:\/\/elithair.com\/tr\/sac-dokulmesine-karsi-sampuan\/\">\n                        <div class=\"post-thumb\">\n                            <img decoding=\"async\" width=\"300\" height=\"200\" src=\"https:\/\/elithair.com\/tr\/wp-content\/uploads\/sites\/10\/2026\/08\/hero-4-300x200.png\" class=\"attachment-medium size-medium wp-post-image\" alt=\"H\u00e4nde massieren Shampoo-Schaum in nasses Haar, dazwischen ist die Kopfhaut sichtbar\" loading=\"eager\" srcset=\"https:\/\/elithair.com\/tr\/wp-content\/uploads\/sites\/10\/2026\/08\/hero-4-300x200.png 300w, https:\/\/elithair.com\/tr\/wp-content\/uploads\/sites\/10\/2026\/08\/hero-4-1024x683.png 1024w, https:\/\/elithair.com\/tr\/wp-content\/uploads\/sites\/10\/2026\/08\/hero-4-768x512.png 768w, https:\/\/elithair.com\/tr\/wp-content\/uploads\/sites\/10\/2026\/08\/hero-4.png 1536w\" sizes=\"(max-width: 300px) 100vw, 300px\" \/>                        <\/div>\n                        <p>Sa\u00e7 D\u00f6k\u00fclmesine Kar\u015f\u0131 \u015eampuan: Hangi Etkin Maddeler Ger\u00e7ekten \u0130\u015fe Yar\u0131yor<\/p>\n                       <\/a>\n                <\/article>\n                            <article class=\"post-card\" data-page=\"1\" >\n                    <a href=\"https:\/\/elithair.com\/tr\/menopozda-sac-dokulmesi\/\">\n                        <div class=\"post-thumb\">\n                            <img decoding=\"async\" width=\"300\" height=\"200\" src=\"https:\/\/elithair.com\/tr\/wp-content\/uploads\/sites\/10\/2026\/08\/hero-3-300x200.png\" class=\"attachment-medium size-medium wp-post-image\" alt=\"Frau um die 50 mit nat\u00fcrlichem halblangem Haar am Fenster als Sinnbild f\u00fcr Haarausfall in den Wechseljahren\" loading=\"eager\" srcset=\"https:\/\/elithair.com\/tr\/wp-content\/uploads\/sites\/10\/2026\/08\/hero-3-300x200.png 300w, https:\/\/elithair.com\/tr\/wp-content\/uploads\/sites\/10\/2026\/08\/hero-3-1024x683.png 1024w, https:\/\/elithair.com\/tr\/wp-content\/uploads\/sites\/10\/2026\/08\/hero-3-768x512.png 768w, https:\/\/elithair.com\/tr\/wp-content\/uploads\/sites\/10\/2026\/08\/hero-3.png 1536w\" sizes=\"(max-width: 300px) 100vw, 300px\" \/>                        <\/div>\n                        <p>Menopozda sa\u00e7 d\u00f6k\u00fclmesi: nedenleri, tan\u0131s\u0131 ve ger\u00e7ekten i\u015fe yarayanlar<\/p>\n                       <\/a>\n                <\/article>\n                            <article class=\"post-card\" data-page=\"1\" >\n                    <a href=\"https:\/\/elithair.com\/tr\/biberiye-yagi-sac-dokulmesi\/\">\n                        <div class=\"post-thumb\">\n                            <img decoding=\"async\" width=\"300\" height=\"200\" src=\"https:\/\/elithair.com\/tr\/wp-content\/uploads\/sites\/10\/2026\/08\/hero-2-300x200.png\" class=\"attachment-medium size-medium wp-post-image\" alt=\"Frische Rosmarinzweige neben einer dunklen Glasflasche mit \u00e4therischem Rosmarin\u00f6l und einer Schale Tr\u00e4ger\u00f6l\" loading=\"eager\" srcset=\"https:\/\/elithair.com\/tr\/wp-content\/uploads\/sites\/10\/2026\/08\/hero-2-300x200.png 300w, https:\/\/elithair.com\/tr\/wp-content\/uploads\/sites\/10\/2026\/08\/hero-2-1024x683.png 1024w, https:\/\/elithair.com\/tr\/wp-content\/uploads\/sites\/10\/2026\/08\/hero-2-768x512.png 768w, https:\/\/elithair.com\/tr\/wp-content\/uploads\/sites\/10\/2026\/08\/hero-2.png 1536w\" sizes=\"(max-width: 300px) 100vw, 300px\" \/>                        <\/div>\n                        <p>Sa\u00e7lar i\u00e7in biberiye ya\u011f\u0131: neye yarar, neye yaramaz ve do\u011fru nas\u0131l uygulan\u0131r<\/p>\n                       <\/a>\n                <\/article>\n                            <article class=\"post-card\" data-page=\"1\" >\n                    <a href=\"https:\/\/elithair.com\/tr\/diffuz-sac-dokulmesi\/\">\n                        <div class=\"post-thumb\">\n                            <img decoding=\"async\" width=\"300\" height=\"200\" src=\"https:\/\/elithair.com\/tr\/wp-content\/uploads\/sites\/10\/2026\/08\/hero-1-300x200.png\" class=\"attachment-medium size-medium wp-post-image\" alt=\"Frau um die 40 betrachtet ausgefallene Haare in ihrem Kamm\" loading=\"eager\" srcset=\"https:\/\/elithair.com\/tr\/wp-content\/uploads\/sites\/10\/2026\/08\/hero-1-300x200.png 300w, https:\/\/elithair.com\/tr\/wp-content\/uploads\/sites\/10\/2026\/08\/hero-1-1024x683.png 1024w, https:\/\/elithair.com\/tr\/wp-content\/uploads\/sites\/10\/2026\/08\/hero-1-768x512.png 768w, https:\/\/elithair.com\/tr\/wp-content\/uploads\/sites\/10\/2026\/08\/hero-1.png 1536w\" sizes=\"(max-width: 300px) 100vw, 300px\" \/>                        <\/div>\n                        <p>Diff\u00fcz Sa\u00e7 D\u00f6k\u00fclmesi: Nedenleri, T\u00fcrleri ve Seyri<\/p>\n                       <\/a>\n                <\/article>\n                            <article class=\"post-card\" data-page=\"1\" >\n                    <a href=\"https:\/\/elithair.com\/tr\/sert-su-ve-saclar\/\">\n                        <div class=\"post-thumb\">\n                            <img decoding=\"async\" width=\"300\" height=\"200\" src=\"https:\/\/elithair.com\/tr\/wp-content\/uploads\/sites\/10\/2026\/08\/hero-300x200.png\" class=\"attachment-medium size-medium wp-post-image\" alt=\"Klares Wasser str\u00f6mt aus einem Duschkopf auf dunkles nasses Haar, Sinnbild f\u00fcr hartes Wasser und die Haare\" loading=\"eager\" srcset=\"https:\/\/elithair.com\/tr\/wp-content\/uploads\/sites\/10\/2026\/08\/hero-300x200.png 300w, https:\/\/elithair.com\/tr\/wp-content\/uploads\/sites\/10\/2026\/08\/hero-1024x683.png 1024w, https:\/\/elithair.com\/tr\/wp-content\/uploads\/sites\/10\/2026\/08\/hero-768x512.png 768w, https:\/\/elithair.com\/tr\/wp-content\/uploads\/sites\/10\/2026\/08\/hero.png 1536w\" sizes=\"(max-width: 300px) 100vw, 300px\" \/>                        <\/div>\n                        <p>Sert su ve sa\u00e7lar: kire\u00e7li su sa\u00e7a ve sa\u00e7 derisine ger\u00e7ekte ne yapar?<\/p>\n                       <\/a>\n                <\/article>\n                            <article class=\"post-card\" data-page=\"1\" >\n                    <a href=\"https:\/\/elithair.com\/tr\/sac-dokulmesinde-hangi-doktora-gidilir\/\">\n                        <div class=\"post-thumb\">\n                            <img decoding=\"async\" width=\"300\" height=\"200\" src=\"https:\/\/elithair.com\/tr\/wp-content\/uploads\/sites\/10\/2026\/07\/hero-18-300x200.png\" class=\"attachment-medium size-medium wp-post-image\" alt=\"Bir dermatolog, hastan\u0131n sa\u00e7l\u0131 derisini dermatoskopla inceliyor\" loading=\"eager\" srcset=\"https:\/\/elithair.com\/tr\/wp-content\/uploads\/sites\/10\/2026\/07\/hero-18-300x200.png 300w, https:\/\/elithair.com\/tr\/wp-content\/uploads\/sites\/10\/2026\/07\/hero-18-1024x683.png 1024w, https:\/\/elithair.com\/tr\/wp-content\/uploads\/sites\/10\/2026\/07\/hero-18-768x512.png 768w, https:\/\/elithair.com\/tr\/wp-content\/uploads\/sites\/10\/2026\/07\/hero-18.png 1536w\" sizes=\"(max-width: 300px) 100vw, 300px\" \/>                        <\/div>\n                        <p>Sa\u00e7 d\u00f6k\u00fclmesinde hangi doktora gidilir? Aile hekimi, dermatolog ve uzmanlar<\/p>\n                       <\/a>\n                <\/article>\n                            <article class=\"post-card\" data-page=\"1\" >\n                    <a href=\"https:\/\/elithair.com\/tr\/dogustan-sakak-acilmasi\/\">\n                        <div class=\"post-thumb\">\n                            <img decoding=\"async\" width=\"300\" height=\"200\" src=\"https:\/\/elithair.com\/tr\/wp-content\/uploads\/sites\/10\/2026\/07\/hero-13-300x200.png\" class=\"attachment-medium size-medium wp-post-image\" alt=\"30&#039;lu ya\u015flar\u0131n\u0131n sonunda, \u015faka\u011f\u0131nda sa\u00e7 \u00e7izgisi hafif\u00e7e geri \u00e7ekilmi\u015f, sakin ifadeli bir kad\u0131n\" loading=\"eager\" srcset=\"https:\/\/elithair.com\/tr\/wp-content\/uploads\/sites\/10\/2026\/07\/hero-13-300x200.png 300w, https:\/\/elithair.com\/tr\/wp-content\/uploads\/sites\/10\/2026\/07\/hero-13-1024x683.png 1024w, https:\/\/elithair.com\/tr\/wp-content\/uploads\/sites\/10\/2026\/07\/hero-13-768x512.png 768w, https:\/\/elithair.com\/tr\/wp-content\/uploads\/sites\/10\/2026\/07\/hero-13.png 1536w\" sizes=\"(max-width: 300px) 100vw, 300px\" \/>                        <\/div>\n                        <p>Do\u011fu\u015ftan \u015eakak A\u00e7\u0131lmas\u0131: Zarars\u0131z m\u0131, Sa\u00e7 D\u00f6k\u00fclmesi mi? Ay\u0131rt Etme Rehberi<\/p>\n                       <\/a>\n                <\/article>\n                            <article class=\"post-card\" data-page=\"1\" >\n                    <a href=\"https:\/\/elithair.com\/tr\/hormonal-sac-dokulmesi\/\">\n                        <div class=\"post-thumb\">\n                            <img decoding=\"async\" width=\"300\" height=\"200\" src=\"https:\/\/elithair.com\/tr\/wp-content\/uploads\/sites\/10\/2026\/07\/hero-11-300x200.png\" class=\"attachment-medium size-medium wp-post-image\" alt=\"Arkadan gelen \u0131\u015f\u0131kta g\u00fcr ve sa\u011fl\u0131kl\u0131 sa\u00e7, hormonlar ile sa\u00e7 aras\u0131ndaki ili\u015fkinin simgesi\" loading=\"eager\" srcset=\"https:\/\/elithair.com\/tr\/wp-content\/uploads\/sites\/10\/2026\/07\/hero-11-300x200.png 300w, https:\/\/elithair.com\/tr\/wp-content\/uploads\/sites\/10\/2026\/07\/hero-11-1024x683.png 1024w, https:\/\/elithair.com\/tr\/wp-content\/uploads\/sites\/10\/2026\/07\/hero-11-768x512.png 768w, https:\/\/elithair.com\/tr\/wp-content\/uploads\/sites\/10\/2026\/07\/hero-11.png 1536w\" sizes=\"(max-width: 300px) 100vw, 300px\" \/>                        <\/div>\n                        <p>Hormonlar ve sa\u00e7: hormonal sa\u00e7 d\u00f6k\u00fclmesinin nedenlerini anlamak<\/p>\n                       <\/a>\n                <\/article>\n                            <article class=\"post-card\" data-page=\"1\" >\n                    <a href=\"https:\/\/elithair.com\/tr\/ilaclara-bagli-sac-dokulmesi\/\">\n                        <div class=\"post-thumb\">\n                            <img decoding=\"async\" width=\"300\" height=\"200\" src=\"https:\/\/elithair.com\/tr\/wp-content\/uploads\/sites\/10\/2026\/07\/hero-10-300x200.png\" class=\"attachment-medium size-medium wp-post-image\" alt=\"Tablettenblister und Kapseln neben einer Haarb\u00fcrste mit ausgefallenen Haaren als Symbol f\u00fcr Haarausfall durch Medikamente\" loading=\"eager\" srcset=\"https:\/\/elithair.com\/tr\/wp-content\/uploads\/sites\/10\/2026\/07\/hero-10-300x200.png 300w, https:\/\/elithair.com\/tr\/wp-content\/uploads\/sites\/10\/2026\/07\/hero-10-1024x683.png 1024w, https:\/\/elithair.com\/tr\/wp-content\/uploads\/sites\/10\/2026\/07\/hero-10-768x512.png 768w, https:\/\/elithair.com\/tr\/wp-content\/uploads\/sites\/10\/2026\/07\/hero-10.png 1536w\" sizes=\"(max-width: 300px) 100vw, 300px\" \/>                        <\/div>\n                        <p>\u0130la\u00e7lara ba\u011fl\u0131 sa\u00e7 d\u00f6k\u00fclmesi: Hangi etken maddeler, hangi nedenler, ne yapabilirsiniz<\/p>\n                       <\/a>\n                <\/article>\n                            <article class=\"post-card\" data-page=\"1\" >\n                    <a href=\"https:\/\/elithair.com\/tr\/priorin-sac-dokulmesi\/\">\n                        <div class=\"post-thumb\">\n                            <img decoding=\"async\" width=\"300\" height=\"200\" src=\"https:\/\/elithair.com\/tr\/wp-content\/uploads\/sites\/10\/2026\/07\/hero-9-300x200.png\" class=\"attachment-medium size-medium wp-post-image\" alt=\"Offene Hand mit Kapseln neben Hirsek\u00f6rnern vor gesundem Haar, Symbolbild Priorin gegen Haarausfall\" loading=\"eager\" srcset=\"https:\/\/elithair.com\/tr\/wp-content\/uploads\/sites\/10\/2026\/07\/hero-9-300x200.png 300w, https:\/\/elithair.com\/tr\/wp-content\/uploads\/sites\/10\/2026\/07\/hero-9-1024x683.png 1024w, https:\/\/elithair.com\/tr\/wp-content\/uploads\/sites\/10\/2026\/07\/hero-9-768x512.png 768w, https:\/\/elithair.com\/tr\/wp-content\/uploads\/sites\/10\/2026\/07\/hero-9.png 1536w\" sizes=\"(max-width: 300px) 100vw, 300px\" \/>                        <\/div>\n                        <p>Priorin ve Sa\u00e7 D\u00f6k\u00fclmesi: Etkisi, \u0130\u00e7eri\u011fi, Yan Etkileri ve Deneyimler<\/p>\n                       <\/a>\n                <\/article>\n                            <article class=\"post-card\" data-page=\"1\" >\n                    <a href=\"https:\/\/elithair.com\/tr\/sac-dokulmesinde-ne-yapmali\/\">\n                        <div class=\"post-thumb\">\n                            <img decoding=\"async\" width=\"300\" height=\"200\" src=\"https:\/\/elithair.com\/tr\/wp-content\/uploads\/sites\/10\/2026\/07\/hero-8-300x200.png\" class=\"attachment-medium size-medium wp-post-image\" alt=\"Ki\u015fi banyo aynas\u0131nda sa\u00e7 \u00e7izgisini dikkatle inceliyor\" loading=\"eager\" srcset=\"https:\/\/elithair.com\/tr\/wp-content\/uploads\/sites\/10\/2026\/07\/hero-8-300x200.png 300w, https:\/\/elithair.com\/tr\/wp-content\/uploads\/sites\/10\/2026\/07\/hero-8-1024x683.png 1024w, https:\/\/elithair.com\/tr\/wp-content\/uploads\/sites\/10\/2026\/07\/hero-8-768x512.png 768w, https:\/\/elithair.com\/tr\/wp-content\/uploads\/sites\/10\/2026\/07\/hero-8.png 1536w\" sizes=\"(max-width: 300px) 100vw, 300px\" \/>                        <\/div>\n                        <p>Sa\u00e7 D\u00f6k\u00fclmesinde Ne Yapmal\u0131? 4 Ad\u0131ml\u0131k Planla D\u00fcr\u00fcst Rehber<\/p>\n                       <\/a>\n                <\/article>\n                            <article class=\"post-card\" data-page=\"1\" >\n                    <a href=\"https:\/\/elithair.com\/tr\/sac-dokulmesi-nedenleri\/\">\n                        <div class=\"post-thumb\">\n                            <img decoding=\"async\" width=\"300\" height=\"200\" src=\"https:\/\/elithair.com\/tr\/wp-content\/uploads\/sites\/10\/2026\/07\/hero-7-300x200.png\" class=\"attachment-medium size-medium wp-post-image\" alt=\"Bir ki\u015fi aynada sa\u00e7\u0131n\u0131n ayr\u0131m yerini sakince inceliyor ve sa\u00e7 d\u00f6k\u00fclmesinin nedenlerini ara\u015ft\u0131r\u0131yor\" loading=\"eager\" srcset=\"https:\/\/elithair.com\/tr\/wp-content\/uploads\/sites\/10\/2026\/07\/hero-7-300x200.png 300w, https:\/\/elithair.com\/tr\/wp-content\/uploads\/sites\/10\/2026\/07\/hero-7-1024x683.png 1024w, https:\/\/elithair.com\/tr\/wp-content\/uploads\/sites\/10\/2026\/07\/hero-7-768x512.png 768w, https:\/\/elithair.com\/tr\/wp-content\/uploads\/sites\/10\/2026\/07\/hero-7.png 1536w\" sizes=\"(max-width: 300px) 100vw, 300px\" \/>                        <\/div>\n                        <p>Sa\u00e7 D\u00f6k\u00fclmesinin Nedenleri: T\u00fcm Sebeplere Genel Bak\u0131\u015f<\/p>\n                       <\/a>\n                <\/article>\n                            <article class=\"post-card\" data-page=\"1\" >\n                    <a href=\"https:\/\/elithair.com\/tr\/sacli-deri-iltihabi\/\">\n                        <div class=\"post-thumb\">\n                            <img decoding=\"async\" width=\"300\" height=\"200\" src=\"https:\/\/elithair.com\/tr\/wp-content\/uploads\/sites\/10\/2026\/07\/hero-6-300x200.png\" class=\"attachment-medium size-medium wp-post-image\" alt=\"Eller dolgun sa\u00e7\u0131 ay\u0131rarak sa\u011fl\u0131kl\u0131 sa\u00e7l\u0131 deriyi inceliyor\" loading=\"eager\" srcset=\"https:\/\/elithair.com\/tr\/wp-content\/uploads\/sites\/10\/2026\/07\/hero-6-300x200.png 300w, https:\/\/elithair.com\/tr\/wp-content\/uploads\/sites\/10\/2026\/07\/hero-6-1024x683.png 1024w, https:\/\/elithair.com\/tr\/wp-content\/uploads\/sites\/10\/2026\/07\/hero-6-768x512.png 768w, https:\/\/elithair.com\/tr\/wp-content\/uploads\/sites\/10\/2026\/07\/hero-6.png 1536w\" sizes=\"(max-width: 300px) 100vw, 300px\" \/>                        <\/div>\n                        <p>Sa\u00e7l\u0131 deri iltihab\u0131: nedenleri, belirtileri ve ger\u00e7ekten ne i\u015fe yarar<\/p>\n                       <\/a>\n                <\/article>\n                            <article class=\"post-card\" data-page=\"1\" >\n                    <a href=\"https:\/\/elithair.com\/tr\/minoksidil-sac-dokulmesi\/\">\n                        <div class=\"post-thumb\">\n                            <img decoding=\"async\" width=\"300\" height=\"200\" src=\"https:\/\/elithair.com\/tr\/wp-content\/uploads\/sites\/10\/2026\/07\/hero-5-300x200.png\" class=\"attachment-medium size-medium wp-post-image\" alt=\"Unbeschriftete Minoxidil-Schaumdose und Pipettenflasche auf dunkelblauer Ablage\" loading=\"eager\" srcset=\"https:\/\/elithair.com\/tr\/wp-content\/uploads\/sites\/10\/2026\/07\/hero-5-300x200.png 300w, https:\/\/elithair.com\/tr\/wp-content\/uploads\/sites\/10\/2026\/07\/hero-5-1024x683.png 1024w, https:\/\/elithair.com\/tr\/wp-content\/uploads\/sites\/10\/2026\/07\/hero-5-768x512.png 768w, https:\/\/elithair.com\/tr\/wp-content\/uploads\/sites\/10\/2026\/07\/hero-5.png 1536w\" sizes=\"(max-width: 300px) 100vw, 300px\" \/>                        <\/div>\n                        <p>Sa\u00e7 D\u00f6k\u00fclmesine Kar\u015f\u0131 Minoksidil: Etkisi, Deneyimler, Yan Etkiler<\/p>\n                       <\/a>\n                <\/article>\n                            <article class=\"post-card\" data-page=\"1\" >\n                    <a href=\"https:\/\/elithair.com\/tr\/trikotilomani\/\">\n                        <div class=\"post-thumb\">\n                            <img decoding=\"async\" width=\"300\" height=\"200\" src=\"https:\/\/elithair.com\/tr\/wp-content\/uploads\/sites\/10\/2026\/07\/hero-3-300x200.png\" class=\"attachment-medium size-medium wp-post-image\" alt=\"Junge Frau f\u00e4hrt sich nachdenklich durchs Haar, ruhige Stimmung, Sinnbild f\u00fcr Trichotillomanie und Genesung\" loading=\"eager\" srcset=\"https:\/\/elithair.com\/tr\/wp-content\/uploads\/sites\/10\/2026\/07\/hero-3-300x200.png 300w, https:\/\/elithair.com\/tr\/wp-content\/uploads\/sites\/10\/2026\/07\/hero-3-1024x683.png 1024w, https:\/\/elithair.com\/tr\/wp-content\/uploads\/sites\/10\/2026\/07\/hero-3-768x512.png 768w, https:\/\/elithair.com\/tr\/wp-content\/uploads\/sites\/10\/2026\/07\/hero-3.png 1536w\" sizes=\"(max-width: 300px) 100vw, 300px\" \/>                        <\/div>\n                        <p>Trikotillomani: Nedenleri, testi, tedavisi ve sa\u00e7lar\u0131n yeniden \u00e7\u0131k\u0131p \u00e7\u0131kmad\u0131\u011f\u0131<\/p>\n                       <\/a>\n                <\/article>\n                            <article class=\"post-card\" data-page=\"1\" >\n                    <a href=\"https:\/\/elithair.com\/tr\/sac-cizgisi-gerilemesi\/\">\n                        <div class=\"post-thumb\">\n                            <img decoding=\"async\" width=\"300\" height=\"200\" src=\"https:\/\/elithair.com\/tr\/wp-content\/uploads\/sites\/10\/2026\/07\/hero-2-300x200.png\" class=\"attachment-medium size-medium wp-post-image\" alt=\"Mann Ende zwanzig mit deutlich sichtbaren Geheimratsecken und M-f\u00f6rmiger Haarlinie\" loading=\"eager\" srcset=\"https:\/\/elithair.com\/tr\/wp-content\/uploads\/sites\/10\/2026\/07\/hero-2-300x200.png 300w, https:\/\/elithair.com\/tr\/wp-content\/uploads\/sites\/10\/2026\/07\/hero-2-1024x683.png 1024w, https:\/\/elithair.com\/tr\/wp-content\/uploads\/sites\/10\/2026\/07\/hero-2-768x512.png 768w, https:\/\/elithair.com\/tr\/wp-content\/uploads\/sites\/10\/2026\/07\/hero-2.png 1536w\" sizes=\"(max-width: 300px) 100vw, 300px\" \/>                        <\/div>\n                        <p>\u015eakak a\u00e7\u0131lmas\u0131: nedenleri, durdurmak, kamufle etmek ve tedavi<\/p>\n                       <\/a>\n                <\/article>\n                            <article class=\"post-card\" data-page=\"1\" >\n                    <a href=\"https:\/\/elithair.com\/tr\/sackiran\/\">\n                        <div class=\"post-thumb\">\n                            <img decoding=\"async\" width=\"300\" height=\"200\" src=\"https:\/\/elithair.com\/tr\/wp-content\/uploads\/sites\/10\/2026\/07\/hero-1-300x200.png\" class=\"attachment-medium size-medium wp-post-image\" alt=\"Kreisrunder Haarausfall als scharf begrenzte runde kahle Stelle im gesunden Haar\" loading=\"eager\" srcset=\"https:\/\/elithair.com\/tr\/wp-content\/uploads\/sites\/10\/2026\/07\/hero-1-300x200.png 300w, https:\/\/elithair.com\/tr\/wp-content\/uploads\/sites\/10\/2026\/07\/hero-1-1024x683.png 1024w, https:\/\/elithair.com\/tr\/wp-content\/uploads\/sites\/10\/2026\/07\/hero-1-768x512.png 768w, https:\/\/elithair.com\/tr\/wp-content\/uploads\/sites\/10\/2026\/07\/hero-1.png 1536w\" sizes=\"(max-width: 300px) 100vw, 300px\" \/>                        <\/div>\n                        <p>Sa\u00e7k\u0131ran (Alopecia areata): Nedenleri, Tedavisi ve Prognozu<\/p>\n                       <\/a>\n                <\/article>\n                            <article class=\"post-card\" data-page=\"1\" >\n                    <a href=\"https:\/\/elithair.com\/tr\/finasterid\/\">\n                        <div class=\"post-thumb\">\n                            <img decoding=\"async\" width=\"300\" height=\"200\" src=\"https:\/\/elithair.com\/tr\/wp-content\/uploads\/sites\/10\/2026\/07\/hero-300x200.png\" class=\"attachment-medium size-medium wp-post-image\" alt=\"Einzelne Finasterid-1-mg-Tablette in einem Blister auf dunkelblauem Untergrund\" loading=\"eager\" srcset=\"https:\/\/elithair.com\/tr\/wp-content\/uploads\/sites\/10\/2026\/07\/hero-300x200.png 300w, https:\/\/elithair.com\/tr\/wp-content\/uploads\/sites\/10\/2026\/07\/hero-1024x683.png 1024w, https:\/\/elithair.com\/tr\/wp-content\/uploads\/sites\/10\/2026\/07\/hero-768x512.png 768w, https:\/\/elithair.com\/tr\/wp-content\/uploads\/sites\/10\/2026\/07\/hero.png 1536w\" sizes=\"(max-width: 300px) 100vw, 300px\" \/>                        <\/div>\n                        <p>Finasterid: Sa\u00e7 d\u00f6k\u00fclmesine kar\u015f\u0131 etki, yan etkiler, dozaj ve deneyimler<\/p>\n                       <\/a>\n                <\/article>\n                            <article class=\"post-card\" data-page=\"1\" >\n                    <a href=\"https:\/\/elithair.com\/tr\/sac-nasil-hizli-uzar\/\">\n                        <div class=\"post-thumb\">\n                            <img decoding=\"async\" width=\"300\" height=\"200\" src=\"https:\/\/elithair.com\/tr\/wp-content\/uploads\/sites\/10\/2026\/07\/hero_measuring-1-300x200.png\" class=\"attachment-medium size-medium wp-post-image\" alt=\"Gesunde gl\u00e4nzende Haarstr\u00e4hne liegt auf einem Ma\u00dfband, Symbol f\u00fcr die Frage wie schnell Haare wachsen\" loading=\"eager\" srcset=\"https:\/\/elithair.com\/tr\/wp-content\/uploads\/sites\/10\/2026\/07\/hero_measuring-1-300x200.png 300w, https:\/\/elithair.com\/tr\/wp-content\/uploads\/sites\/10\/2026\/07\/hero_measuring-1-1024x683.png 1024w, https:\/\/elithair.com\/tr\/wp-content\/uploads\/sites\/10\/2026\/07\/hero_measuring-1-768x512.png 768w, https:\/\/elithair.com\/tr\/wp-content\/uploads\/sites\/10\/2026\/07\/hero_measuring-1.png 1536w\" sizes=\"(max-width: 300px) 100vw, 300px\" \/>                        <\/div>\n                        <p>Sa\u00e7lar ne kadar h\u0131zl\u0131 uzar? Ayda ka\u00e7 cm, mitler ve ger\u00e7ekler<\/p>\n                       <\/a>\n                <\/article>\n                            <article class=\"post-card\" data-page=\"1\" >\n                    <a href=\"https:\/\/elithair.com\/tr\/john-cena-ikinci-sac-ekimi\/\">\n                        <div class=\"post-thumb\">\n                            <img decoding=\"async\" width=\"300\" height=\"200\" src=\"https:\/\/elithair.com\/tr\/wp-content\/uploads\/sites\/10\/2026\/07\/01-hero-shaved-head-300x200.png\" class=\"attachment-medium size-medium wp-post-image\" alt=\"Arkadan g\u00f6r\u00fcn\u00fcmde, koyu mavi arka plan \u00f6n\u00fcnde yeni kaz\u0131nm\u0131\u015f kel kafal\u0131 bir erkek\" loading=\"eager\" srcset=\"https:\/\/elithair.com\/tr\/wp-content\/uploads\/sites\/10\/2026\/07\/01-hero-shaved-head-300x200.png 300w, https:\/\/elithair.com\/tr\/wp-content\/uploads\/sites\/10\/2026\/07\/01-hero-shaved-head-1024x683.png 1024w, https:\/\/elithair.com\/tr\/wp-content\/uploads\/sites\/10\/2026\/07\/01-hero-shaved-head-768x512.png 768w, https:\/\/elithair.com\/tr\/wp-content\/uploads\/sites\/10\/2026\/07\/01-hero-shaved-head.png 1536w\" sizes=\"(max-width: 300px) 100vw, 300px\" \/>                        <\/div>\n                        <p>John Cena ve ikinci sa\u00e7 ekimi: \u0130kinci bir operasyon neden gerekebilir<\/p>\n                       <\/a>\n                <\/article>\n                            <article class=\"post-card\" data-page=\"1\" >\n                    <a href=\"https:\/\/elithair.com\/tr\/kortikosteroid-sac-dokulmesi\/\">\n                        <div class=\"post-thumb\">\n                            <img decoding=\"async\" width=\"300\" height=\"200\" src=\"https:\/\/elithair.com\/tr\/wp-content\/uploads\/sites\/10\/2026\/06\/hero-8-300x200.png\" class=\"attachment-medium size-medium wp-post-image\" alt=\"Dermatologe untersucht die Kopfhaut eines Patienten mit einem Dermatoskop\" loading=\"eager\" srcset=\"https:\/\/elithair.com\/tr\/wp-content\/uploads\/sites\/10\/2026\/06\/hero-8-300x200.png 300w, https:\/\/elithair.com\/tr\/wp-content\/uploads\/sites\/10\/2026\/06\/hero-8-1024x683.png 1024w, https:\/\/elithair.com\/tr\/wp-content\/uploads\/sites\/10\/2026\/06\/hero-8-768x512.png 768w, https:\/\/elithair.com\/tr\/wp-content\/uploads\/sites\/10\/2026\/06\/hero-8.png 1536w\" sizes=\"(max-width: 300px) 100vw, 300px\" \/>                        <\/div>\n                        <p>Sa\u00e7 d\u00f6k\u00fclmesinde glukokortikoidler: kortizon ger\u00e7ekte ne zaman i\u015fe yarar<\/p>\n                       <\/a>\n                <\/article>\n                            <article class=\"post-card\" data-page=\"1\" >\n                    <a href=\"https:\/\/elithair.com\/tr\/pp405-androgenetik-alopesi\/\">\n                        <div class=\"post-thumb\">\n                            <img decoding=\"async\" width=\"300\" height=\"200\" src=\"https:\/\/elithair.com\/tr\/wp-content\/uploads\/sites\/10\/2026\/06\/hero-7-300x200.png\" class=\"attachment-medium size-medium wp-post-image\" alt=\"Querschnitt eines Haarfollikels in der Kopfhaut als wissenschaftliche Makroaufnahme\" loading=\"eager\" srcset=\"https:\/\/elithair.com\/tr\/wp-content\/uploads\/sites\/10\/2026\/06\/hero-7-300x200.png 300w, https:\/\/elithair.com\/tr\/wp-content\/uploads\/sites\/10\/2026\/06\/hero-7-1024x683.png 1024w, https:\/\/elithair.com\/tr\/wp-content\/uploads\/sites\/10\/2026\/06\/hero-7-768x512.png 768w, https:\/\/elithair.com\/tr\/wp-content\/uploads\/sites\/10\/2026\/06\/hero-7.png 1536w\" sizes=\"(max-width: 300px) 100vw, 300px\" \/>                        <\/div>\n                        <p>Androgenetik alopesiye kar\u015f\u0131 PP405: Etki, \u00e7al\u0131\u015fmalar ve durum<\/p>\n                       <\/a>\n                <\/article>\n                            <article class=\"post-card\" data-page=\"1\" >\n                    <a href=\"https:\/\/elithair.com\/tr\/kasik-kili-dokulmesi\/\">\n                        <div class=\"post-thumb\">\n                            <img decoding=\"async\" width=\"300\" height=\"200\" src=\"https:\/\/elithair.com\/tr\/wp-content\/uploads\/sites\/10\/2026\/06\/hero-5-300x200.png\" class=\"attachment-medium size-medium wp-post-image\" alt=\"Symbolische ruhige Stillleben-Aufnahme zum Thema Haarausfall im Intimbereich und Schambehaarung im Alter\" loading=\"eager\" srcset=\"https:\/\/elithair.com\/tr\/wp-content\/uploads\/sites\/10\/2026\/06\/hero-5-300x200.png 300w, https:\/\/elithair.com\/tr\/wp-content\/uploads\/sites\/10\/2026\/06\/hero-5-1024x683.png 1024w, https:\/\/elithair.com\/tr\/wp-content\/uploads\/sites\/10\/2026\/06\/hero-5-768x512.png 768w, https:\/\/elithair.com\/tr\/wp-content\/uploads\/sites\/10\/2026\/06\/hero-5.png 1536w\" sizes=\"(max-width: 300px) 100vw, 300px\" \/>                        <\/div>\n                        <p>Kas\u0131k b\u00f6lgesinde sa\u00e7 d\u00f6k\u00fclmesi: ya\u015fla kas\u0131k k\u0131llanmas\u0131, nedenler ve bilmeniz gerekenler<\/p>\n                       <\/a>\n                <\/article>\n                            <article class=\"post-card\" data-page=\"1\" >\n                    <a href=\"https:\/\/elithair.com\/tr\/clascoterone-sac-dokulmesi\/\">\n                        <div class=\"post-thumb\">\n                            <img decoding=\"async\" width=\"300\" height=\"200\" src=\"https:\/\/elithair.com\/tr\/wp-content\/uploads\/sites\/10\/2026\/06\/hero-4-300x200.png\" class=\"attachment-medium size-medium wp-post-image\" alt=\"Mann tr\u00e4gt eine klare topische L\u00f6sung mit einer Pipette auf den Haaransatz auf\" loading=\"eager\" srcset=\"https:\/\/elithair.com\/tr\/wp-content\/uploads\/sites\/10\/2026\/06\/hero-4-300x200.png 300w, https:\/\/elithair.com\/tr\/wp-content\/uploads\/sites\/10\/2026\/06\/hero-4-1024x683.png 1024w, https:\/\/elithair.com\/tr\/wp-content\/uploads\/sites\/10\/2026\/06\/hero-4-768x512.png 768w, https:\/\/elithair.com\/tr\/wp-content\/uploads\/sites\/10\/2026\/06\/hero-4.png 1536w\" sizes=\"(max-width: 300px) 100vw, 300px\" \/>                        <\/div>\n                        <p>Sa\u00e7 d\u00f6k\u00fclmesi ilac\u0131 Clascoterone: Etkisi, \u00e7al\u0131\u015fmalar ve 2026 durumu<\/p>\n                       <\/a>\n                <\/article>\n                            <article class=\"post-card\" data-page=\"1\" >\n                    <a href=\"https:\/\/elithair.com\/tr\/sac-icin-keratin\/\">\n                        <div class=\"post-thumb\">\n                            <img decoding=\"async\" width=\"300\" height=\"200\" src=\"https:\/\/elithair.com\/tr\/wp-content\/uploads\/sites\/10\/2026\/06\/hero-3-300x200.png\" class=\"attachment-medium size-medium wp-post-image\" alt=\"Glaenzendes, gesundes glattes Haar in Nahaufnahme als Symbol fuer keratinreiche Haarpflege\" loading=\"eager\" srcset=\"https:\/\/elithair.com\/tr\/wp-content\/uploads\/sites\/10\/2026\/06\/hero-3-300x200.png 300w, https:\/\/elithair.com\/tr\/wp-content\/uploads\/sites\/10\/2026\/06\/hero-3-1024x683.png 1024w, https:\/\/elithair.com\/tr\/wp-content\/uploads\/sites\/10\/2026\/06\/hero-3-768x512.png 768w, https:\/\/elithair.com\/tr\/wp-content\/uploads\/sites\/10\/2026\/06\/hero-3.png 1536w\" sizes=\"(max-width: 300px) 100vw, 300px\" \/>                        <\/div>\n                        <p>Keratin &#038; Sa\u00e7: \u0130\u015flem, K\u00fcr, D\u00fczle\u015ftirme &#038; Riskler (2026)<\/p>\n                       <\/a>\n                <\/article>\n                            <article class=\"post-card\" data-page=\"1\" >\n                    <a href=\"https:\/\/elithair.com\/tr\/sakal-cikarma\/\">\n                        <div class=\"post-thumb\">\n                            <img decoding=\"async\" width=\"300\" height=\"200\" src=\"https:\/\/elithair.com\/tr\/wp-content\/uploads\/sites\/10\/2026\/06\/bart_hero-1-300x200.png\" class=\"attachment-medium size-medium wp-post-image\" alt=\"Te\u015fvik edilen sakal b\u00fcy\u00fcmesinin \u00f6rne\u011fi olarak dolgun ve bak\u0131ml\u0131 tam sakall\u0131 bir erkek\" loading=\"eager\" srcset=\"https:\/\/elithair.com\/tr\/wp-content\/uploads\/sites\/10\/2026\/06\/bart_hero-1-300x200.png 300w, https:\/\/elithair.com\/tr\/wp-content\/uploads\/sites\/10\/2026\/06\/bart_hero-1-1024x683.png 1024w, https:\/\/elithair.com\/tr\/wp-content\/uploads\/sites\/10\/2026\/06\/bart_hero-1-768x512.png 768w, https:\/\/elithair.com\/tr\/wp-content\/uploads\/sites\/10\/2026\/06\/bart_hero-1.png 1536w\" sizes=\"(max-width: 300px) 100vw, 300px\" \/>                        <\/div>\n                        <p>Sakal b\u00fcy\u00fcmesini uyarmak: Ger\u00e7ekten i\u015fe yarayan y\u00f6ntemler (2026)<\/p>\n                       <\/a>\n                <\/article>\n                         <\/div>\n     <div class=\"scroll-trigger-bottom\"><\/div>\n    <div class=\"pagination\"><\/div>\n<\/div>\n\n","protected":false},"excerpt":{"rendered":"","protected":false},"author":1,"featured_media":0,"parent":0,"menu_order":0,"comment_status":"closed","ping_status":"closed","template":"","meta":{"_acf_changed":false,"_yoast_wpseo_focuskw":"blog","_yoast_wpseo_title":"Sa\u00e7 Ekimi Blog | Uzman \u0130\u00e7erikler ve \u00d6neriler \u2013 Elithair","_yoast_wpseo_metadesc":"Sa\u00e7 ekimi y\u00f6ntemleri, s\u00fcre\u00e7 ve sonu\u00e7lar\u0131na dair her \u015feyi Elit Hair blogunda bulabilirsiniz. Do\u011fru karar vermek i\u00e7in yaz\u0131lar\u0131m\u0131z\u0131 hemen ke\u015ffedin.","_yoast_wpseo_meta-robots-noindex":"","_yoast_wpseo_meta-robots-nofollow":"","_yoast_wpseo_meta-robots-adv":"","_yoast_wpseo_canonical":"","_yoast_wpseo_opengraph-title":"","_yoast_wpseo_opengraph-description":"","_yoast_wpseo_opengraph-image":"","_yoast_wpseo_twitter-title":"","_yoast_wpseo_twitter-description":"","_yoast_wpseo_twitter-image":"","_hm_hreflang_map":{"ar":563,"de":86,"en":95044,"es":89279,"fr":14,"it":10,"pt":9,"tr":37,"uk":739,"x_default":95044},"_hm_language_code":"tr","footnotes":""},"class_list":["post-37","page","type-page","status-publish","hentry"],"acf":[],"yoast_head":"<!-- This site is optimized with the Yoast SEO Premium plugin v28.4 (Yoast SEO v28.4) - https:\/\/yoast.com\/product\/yoast-seo-premium-wordpress\/ -->\n<title>Sa\u00e7 Ekimi Blog | Uzman \u0130\u00e7erikler ve \u00d6neriler \u2013 Elithair<\/title>\n<meta name=\"description\" content=\"Sa\u00e7 ekimi y\u00f6ntemleri, s\u00fcre\u00e7 ve sonu\u00e7lar\u0131na dair her \u015feyi Elit Hair blogunda bulabilirsiniz. Do\u011fru karar vermek i\u00e7in yaz\u0131lar\u0131m\u0131z\u0131 hemen ke\u015ffedin.\" \/>\n<meta name=\"robots\" content=\"index, follow, max-snippet:-1, max-image-preview:large, max-video-preview:-1\" \/>\n<link rel=\"canonical\" href=\"https:\/\/elithair.com\/tr\/sac-ekimi-blog\/\" \/>\n<meta property=\"og:locale\" content=\"tr_TR\" \/>\n<meta property=\"og:type\" content=\"article\" \/>\n<meta property=\"og:title\" content=\"Blog\" \/>\n<meta property=\"og:description\" content=\"Sa\u00e7 ekimi y\u00f6ntemleri, s\u00fcre\u00e7 ve sonu\u00e7lar\u0131na dair her \u015feyi Elit Hair blogunda bulabilirsiniz. Do\u011fru karar vermek i\u00e7in yaz\u0131lar\u0131m\u0131z\u0131 hemen ke\u015ffedin.\" \/>\n<meta property=\"og:url\" content=\"https:\/\/elithair.com\/tr\/sac-ekimi-blog\/\" \/>\n<meta property=\"og:site_name\" content=\"Elithair\" \/>\n<meta property=\"article:modified_time\" content=\"2026-06-11T20:04:52+00:00\" \/>\n<meta name=\"twitter:card\" content=\"summary_large_image\" \/>\n<script type=\"application\/ld+json\" class=\"yoast-schema-graph\">{\"@context\":\"https:\\\/\\\/schema.org\",\"@graph\":[{\"@type\":\"WebPage\",\"@id\":\"https:\\\/\\\/elithair.com\\\/tr\\\/sac-ekimi-blog\\\/\",\"url\":\"https:\\\/\\\/elithair.com\\\/tr\\\/sac-ekimi-blog\\\/\",\"name\":\"Sa\u00e7 Ekimi Blog | Uzman \u0130\u00e7erikler ve \u00d6neriler \u2013 Elithair\",\"isPartOf\":{\"@id\":\"https:\\\/\\\/elithair.com\\\/tr\\\/#website\"},\"datePublished\":\"2026-04-11T15:54:37+00:00\",\"dateModified\":\"2026-06-11T20:04:52+00:00\",\"description\":\"Sa\u00e7 ekimi y\u00f6ntemleri, s\u00fcre\u00e7 ve sonu\u00e7lar\u0131na dair her \u015feyi Elit Hair blogunda bulabilirsiniz. Do\u011fru karar vermek i\u00e7in yaz\u0131lar\u0131m\u0131z\u0131 hemen ke\u015ffedin.\",\"breadcrumb\":{\"@id\":\"https:\\\/\\\/elithair.com\\\/tr\\\/sac-ekimi-blog\\\/#breadcrumb\"},\"inLanguage\":\"tr\",\"potentialAction\":[{\"@type\":\"ReadAction\",\"target\":[\"https:\\\/\\\/elithair.com\\\/tr\\\/sac-ekimi-blog\\\/\"]}]},{\"@type\":\"BreadcrumbList\",\"@id\":\"https:\\\/\\\/elithair.com\\\/tr\\\/sac-ekimi-blog\\\/#breadcrumb\",\"itemListElement\":[{\"@type\":\"ListItem\",\"position\":1,\"name\":\"Home\",\"item\":\"https:\\\/\\\/elithair.com\\\/tr\\\/\"},{\"@type\":\"ListItem\",\"position\":2,\"name\":\"Blog\"}]},{\"@type\":\"WebSite\",\"@id\":\"https:\\\/\\\/elithair.com\\\/tr\\\/#website\",\"url\":\"https:\\\/\\\/elithair.com\\\/tr\\\/\",\"name\":\"Elithair\",\"description\":\"Elithair: sa\u00e7\u0131n\u0131z i\u00e7in en iyi klini\u011fi ke\u015ffedin\",\"potentialAction\":[{\"@type\":\"SearchAction\",\"target\":{\"@type\":\"EntryPoint\",\"urlTemplate\":\"https:\\\/\\\/elithair.com\\\/tr\\\/?s={search_term_string}\"},\"query-input\":{\"@type\":\"PropertyValueSpecification\",\"valueRequired\":true,\"valueName\":\"search_term_string\"}}],\"inLanguage\":\"tr\"}]}<\/script>\n<!-- \/ Yoast SEO Premium plugin. -->","yoast_head_json":{"title":"Sa\u00e7 Ekimi Blog | Uzman \u0130\u00e7erikler ve \u00d6neriler \u2013 Elithair","description":"Sa\u00e7 ekimi y\u00f6ntemleri, s\u00fcre\u00e7 ve sonu\u00e7lar\u0131na dair her \u015feyi Elit Hair blogunda bulabilirsiniz. Do\u011fru karar vermek i\u00e7in yaz\u0131lar\u0131m\u0131z\u0131 hemen ke\u015ffedin.","robots":{"index":"index","follow":"follow","max-snippet":"max-snippet:-1","max-image-preview":"max-image-preview:large","max-video-preview":"max-video-preview:-1"},"canonical":"https:\/\/elithair.com\/tr\/sac-ekimi-blog\/","og_locale":"tr_TR","og_type":"article","og_title":"Blog","og_description":"Sa\u00e7 ekimi y\u00f6ntemleri, s\u00fcre\u00e7 ve sonu\u00e7lar\u0131na dair her \u015feyi Elit Hair blogunda bulabilirsiniz. Do\u011fru karar vermek i\u00e7in yaz\u0131lar\u0131m\u0131z\u0131 hemen ke\u015ffedin.","og_url":"https:\/\/elithair.com\/tr\/sac-ekimi-blog\/","og_site_name":"Elithair","article_modified_time":"2026-06-11T20:04:52+00:00","twitter_card":"summary_large_image","schema":{"@context":"https:\/\/schema.org","@graph":[{"@type":"WebPage","@id":"https:\/\/elithair.com\/tr\/sac-ekimi-blog\/","url":"https:\/\/elithair.com\/tr\/sac-ekimi-blog\/","name":"Sa\u00e7 Ekimi Blog | Uzman \u0130\u00e7erikler ve \u00d6neriler \u2013 Elithair","isPartOf":{"@id":"https:\/\/elithair.com\/tr\/#website"},"datePublished":"2026-04-11T15:54:37+00:00","dateModified":"2026-06-11T20:04:52+00:00","description":"Sa\u00e7 ekimi y\u00f6ntemleri, s\u00fcre\u00e7 ve sonu\u00e7lar\u0131na dair her \u015feyi Elit Hair blogunda bulabilirsiniz. Do\u011fru karar vermek i\u00e7in yaz\u0131lar\u0131m\u0131z\u0131 hemen ke\u015ffedin.","breadcrumb":{"@id":"https:\/\/elithair.com\/tr\/sac-ekimi-blog\/#breadcrumb"},"inLanguage":"tr","potentialAction":[{"@type":"ReadAction","target":["https:\/\/elithair.com\/tr\/sac-ekimi-blog\/"]}]},{"@type":"BreadcrumbList","@id":"https:\/\/elithair.com\/tr\/sac-ekimi-blog\/#breadcrumb","itemListElement":[{"@type":"ListItem","position":1,"name":"Home","item":"https:\/\/elithair.com\/tr\/"},{"@type":"ListItem","position":2,"name":"Blog"}]},{"@type":"WebSite","@id":"https:\/\/elithair.com\/tr\/#website","url":"https:\/\/elithair.com\/tr\/","name":"Elithair","description":"Elithair: sa\u00e7\u0131n\u0131z i\u00e7in en iyi klini\u011fi ke\u015ffedin","potentialAction":[{"@type":"SearchAction","target":{"@type":"EntryPoint","urlTemplate":"https:\/\/elithair.com\/tr\/?s={search_term_string}"},"query-input":{"@type":"PropertyValueSpecification","valueRequired":true,"valueName":"search_term_string"}}],"inLanguage":"tr"}]}},"_links":{"self":[{"href":"https:\/\/elithair.com\/tr\/wp-json\/wp\/v2\/pages\/37","targetHints":{"allow":["GET"]}}],"collection":[{"href":"https:\/\/elithair.com\/tr\/wp-json\/wp\/v2\/pages"}],"about":[{"href":"https:\/\/elithair.com\/tr\/wp-json\/wp\/v2\/types\/page"}],"author":[{"embeddable":true,"href":"https:\/\/elithair.com\/tr\/wp-json\/wp\/v2\/users\/1"}],"replies":[{"embeddable":true,"href":"https:\/\/elithair.com\/tr\/wp-json\/wp\/v2\/comments?post=37"}],"version-history":[{"count":5,"href":"https:\/\/elithair.com\/tr\/wp-json\/wp\/v2\/pages\/37\/revisions"}],"predecessor-version":[{"id":82487,"href":"https:\/\/elithair.com\/tr\/wp-json\/wp\/v2\/pages\/37\/revisions\/82487"}],"wp:attachment":[{"href":"https:\/\/elithair.com\/tr\/wp-json\/wp\/v2\/media?parent=37"}],"curies":[{"name":"wp","href":"https:\/\/api.w.org\/{rel}","templated":true}]}}