{"id":32,"date":"2026-04-11T15:54:34","date_gmt":"2026-04-11T15:54:34","guid":{"rendered":"https:\/\/unified.elitexperiments.com\/tr\/sss\/"},"modified":"2026-07-23T15:19:19","modified_gmt":"2026-07-23T13:19:19","slug":"sss","status":"publish","type":"page","link":"https:\/\/elithair.com\/tr\/sss\/","title":{"rendered":"SSS"},"content":{"rendered":"<section class=\"wp-block-elh-main-hero main-hero dark-layout has-top-right-circle\">\n\t<div class=\"main-hero__container container\">\n\t\t\t\t\t<header class=\"main-hero__header\">\t\t\t\t\n\t\t\t\t<h1>\t\t\t\t\tSa\u00e7 Ekimi Hakk\u0131nda S\u0131k\u00e7a Sorulan Sorular\t\t\t\t<\/h1>\t\t\t<\/header>\n\t\t\n\t\t\t\t\t<div class=\"main-hero__content\">\n\t\t\t\t<p>Sa\u00e7 ekimi s\u00fcreci hakk\u0131nda hastalar\u0131m\u0131z\u0131n s\u0131k\u00e7a sordu\u011fu sorulara a\u015fa\u011f\u0131da yer verilmi\u015ftir. Bu b\u00f6l\u00fcmde sa\u00e7 ekiminin uygulama s\u00fcreci, haz\u0131rl\u0131k a\u015famas\u0131, iyile\u015fme d\u00f6nemi ve dikkat edilmesi gereken hususlar hakk\u0131nda bilgi bulabilirsiniz.<\/p>\n<p>Detayl\u0131 bilgi ve bireysel de\u011ferlendirme i\u00e7in hekim ekibimizle ileti\u015fime ge\u00e7ebilirsiniz.<\/p>\n\t\t\t<\/div>\n\t\t\n\t\t\t\t\t<div class=\"main-hero__media\">\n\t\t\t\t<img decoding=\"async\" width=\"600\" height=\"600\" src=\"https:\/\/elithair.com\/tr\/wp-content\/uploads\/sites\/10\/2026\/06\/haartransplantation-faq-experten-team.webp\" class=\"hero-image\" alt=\"Sa\u00e7 Ekimi Hakk\u0131nda S\u0131k\u00e7a Sorulan Sorular Uzman Ekibi\" loading=\"eager\" fetchpriority=\"high\" srcset=\"https:\/\/elithair.com\/tr\/wp-content\/uploads\/sites\/10\/2026\/06\/haartransplantation-faq-experten-team.webp 600w, https:\/\/elithair.com\/tr\/wp-content\/uploads\/sites\/10\/2026\/06\/haartransplantation-faq-experten-team-300x300.webp 300w, https:\/\/elithair.com\/tr\/wp-content\/uploads\/sites\/10\/2026\/06\/haartransplantation-faq-experten-team-150x150.webp 150w\" sizes=\"(max-width: 767px) 100vw, 660px\" \/>\t\t\t<\/div>\n\t\t\t\t\t\t\t<div class=\"main-hero__btn-list btn-list\">\n\t\t\t\t\t\t\t\t<div class=\"btn-item\">\n\t\t\t\t\t<a\n\t\t\t\t\t\thref=\"https:\/\/elithair.com\/tr\/sac-analizi\/\"\t\t\t\t\t\tclass=\"btn\"\n\t\t\t\t\t>\n\t\t\t\t\t\t\u00dccretsiz Sa\u00e7 Analizi\t\t\t\t\t<\/a>\n\t\t\t\t<\/div>\n\t\t\t\t\t\t\t\t\t\t\t<\/div>\n\t\t\t<\/div>\n\t\t\n\t<\/section>\n\n\n<section class=\"wp-block-elh-faq-list faq-list bg-white\" style=\"--faq-chevron-down-icon: url(&#039;https:\/\/elithair.com\/tr\/wp-content\/themes\/elithair-master\/src\/dist\/images\/icons\/chevron-down.svg&#039;);\">\n\t<div class=\"faq-list__container container\">\n\t\t\t\t\t<header class=\"faq-list__header\">\n\t\t\t\t<h2>SSS<\/h2>\n\t\t\t<\/header>\n\t\t\n\t\t\t\t\t<div class=\"faq-list__items\">\n\t\t\t\t\t\t\t\t\t<div class=\"faq\">\n\t\t\t\t\t\t\t\t\t\t\t\t\t<h3>Sa\u00e7 Ekimi \u0130\u00e7in Uygun Muyum?<\/h3>\n\t\t\t\t\t\t\t\t\t\t\t\t\t\t\t\t\t\t\t\t\t\t\t\t\t\t\t<details>\n\t\t\t\t\t\t\t\t\t<summary>Sa\u00e7 Ekimi \u0130\u00e7in Uygun Olup Olmad\u0131\u011f\u0131m\u0131 Nas\u0131l Anlar\u0131m?<\/summary>\n\t\t\t\t\t\t\t\t\t<p>Sa\u00e7 ekimine uygunluk, hastan\u0131n sa\u00e7 yap\u0131s\u0131, don\u00f6r b\u00f6lge durumu, sa\u00e7 d\u00f6k\u00fclme paterni, ya\u015f ve genel sa\u011fl\u0131k durumu gibi fakt\u00f6rlere g\u00f6re de\u011ferlendirilmektedir. Belirli rahats\u0131zl\u0131klar veya yeterli don\u00f6r sa\u00e7 bulunmamas\u0131 gibi durumlar sa\u00e7 ekimine engel olu\u015fturabilmektedir.<\/p>\n<p>Uygunluk de\u011ferlendirmesi ancak birebir hekim muayenesi ile yap\u0131labilmektedir. Detayl\u0131 de\u011ferlendirme i\u00e7in hekim ekibimizle ileti\u015fime ge\u00e7ebilirsiniz.<\/p>\n\t\t\t\t\t\t\t\t<\/details>\n\t\t\t\t\t\t\t\t\t\t\t\t\t\t\t<details>\n\t\t\t\t\t\t\t\t\t<summary>Sa\u00e7 Ekimi Ger\u00e7ekten Mant\u0131kl\u0131 Bir Tercih mi?<\/summary>\n\t\t\t\t\t\t\t\t\t<p>Sa\u00e7 ekimi, sa\u00e7 kayb\u0131 i\u00e7in uygulanan tedavi se\u00e7eneklerinden biridir. Uygun hastalarda mevcut sa\u00e7 folik\u00fcllerinin yeniden da\u011f\u0131t\u0131m\u0131 yoluyla sa\u00e7 yo\u011funlu\u011fu art\u0131r\u0131labilmektedir.<br \/>\nSa\u00e7 ekimi karar\u0131, hastan\u0131n bireysel durumu ve hekim de\u011ferlendirmesi sonras\u0131nda verilmelidir. Kal\u0131tsal sa\u00e7 d\u00f6k\u00fclmesi kronik bir durum oldu\u011fundan, ekim sonras\u0131nda da mevcut sa\u00e7larda d\u00f6k\u00fclme devam edebilmekte ve zamanla ek i\u015flemler gerekebilmektedir.<\/p>\n\t\t\t\t\t\t\t\t<\/details>\n\t\t\t\t\t\t\t\t\t\t\t\t\t\t\t<details>\n\t\t\t\t\t\t\t\t\t<summary>\u0130\u015flem \u00d6ncesinde Nelere Dikkat Etmeliyim?<\/summary>\n\t\t\t\t\t\t\t\t\t<p class=\"font-claude-response-body break-words whitespace-normal\">Sa\u00e7 ekimi \u00f6ncesinde don\u00f6r b\u00f6lgenin haz\u0131rl\u0131\u011f\u0131 i\u00e7in a\u015fa\u011f\u0131daki hususlara dikkat edilmesi \u00f6nerilmektedir:<\/p>\n<ul class=\"[li_&amp;]:mb-0 [li_&amp;]:mt-1 [li_&amp;]:gap-1 [&amp;:not(:last-child)_ul]:pb-1 [&amp;:not(:last-child)_ol]:pb-1 list-disc flex flex-col gap-1 pl-8 mb-3\">\n<li class=\"font-claude-response-body whitespace-normal break-words pl-2\">\u0130\u015flemden \u00f6nceki 14 g\u00fcn boyunca sa\u011fl\u0131kl\u0131 ya\u015fam tarz\u0131 s\u00fcrd\u00fcr\u00fclmesi<\/li>\n<li class=\"font-claude-response-body whitespace-normal break-words pl-2\">Nikotin ve alkolden uzak durulmas\u0131<\/li>\n<li class=\"font-claude-response-body whitespace-normal break-words pl-2\">Sa\u00e7 \u00e7\u0131kar\u0131c\u0131 \u00fcr\u00fcnlerin kullan\u0131lmamas\u0131<\/li>\n<li class=\"font-claude-response-body whitespace-normal break-words pl-2\">D\u00fczenli ila\u00e7 kullan\u0131m\u0131 olmas\u0131 durumunda hekiminize bilgi verilmesi<\/li>\n<\/ul>\n<p class=\"font-claude-response-body break-words whitespace-normal\">Detayl\u0131 haz\u0131rl\u0131k talimatlar\u0131 hekim ekibimiz taraf\u0131ndan hastaya iletilmektedir.<\/p>\n\t\t\t\t\t\t\t\t<\/details>\n\t\t\t\t\t\t\t\t\t\t\t\t\t\t\t<details>\n\t\t\t\t\t\t\t\t\t<summary>Sa\u00e7 Ekimi S\u00fcre\u00e7 De\u011ferlendirmesi Nas\u0131l Yap\u0131l\u0131r?<\/summary>\n\t\t\t\t\t\t\t\t\t<p>Her hasta i\u00e7in sa\u00e7 ekimi s\u00fcreci, bireysel durumu g\u00f6z \u00f6n\u00fcnde bulundurularak de\u011ferlendirilmektedir. S\u00fcre\u00e7 de\u011ferlendirmesinde ekilecek greft say\u0131s\u0131, uygulanacak teknik ve hastan\u0131n sa\u00e7 durumu gibi fakt\u00f6rler dikkate al\u0131nmaktad\u0131r.<\/p>\n<p>Detayl\u0131 s\u00fcre\u00e7 de\u011ferlendirmesi i\u00e7in hekim ekibimizle ileti\u015fime ge\u00e7ebilirsiniz.<\/p>\n\t\t\t\t\t\t\t\t<\/details>\n\t\t\t\t\t\t\t\t\t\t\t\t\t\t\t<details>\n\t\t\t\t\t\t\t\t\t<summary>Sa\u00e7 Ekimini Hangi Ya\u015fta Yapt\u0131rmal\u0131y\u0131m?<\/summary>\n\t\t\t\t\t\t\t\t\t<p>Sa\u00e7 ekimi i\u00e7in ya\u015f, tek ba\u015f\u0131na belirleyici bir fakt\u00f6r de\u011fildir. Ancak sa\u00e7 d\u00f6k\u00fclme paterninin netle\u015fmesi ve don\u00f6r b\u00f6lgenin de\u011ferlendirilmesi genellikle 25 ya\u015f sonras\u0131nda daha g\u00fcvenilir sonu\u00e7 vermektedir.<\/p>\n<p>Uygunluk, hastan\u0131n sa\u00e7 d\u00f6k\u00fclme paterni, don\u00f6r b\u00f6lge yap\u0131s\u0131 ve genel sa\u011fl\u0131k durumu birlikte de\u011ferlendirilerek hekim ekibimiz taraf\u0131ndan belirlenmektedir.<\/p>\n\t\t\t\t\t\t\t\t<\/details>\n\t\t\t\t\t\t\t\t\t\t\t\t\t\t\t\t\t\t<\/div>\n\t\t\t\t\t\t\t\t\t<div class=\"faq\">\n\t\t\t\t\t\t\t\t\t\t\t\t\t<h3>Sa\u00e7 Ekimi S\u0131ras\u0131nda<\/h3>\n\t\t\t\t\t\t\t\t\t\t\t\t\t\t\t\t\t\t\t\t\t\t\t\t\t\t\t<details>\n\t\t\t\t\t\t\t\t\t<summary>Sa\u00e7 Ekimi \u0130\u015flemine Neler Dahil?<\/summary>\n\t\t\t\t\t\t\t\t\t<p>Elithair klini\u011finde sa\u00e7 ekimi s\u00fcreci kapsam\u0131nda a\u015fa\u011f\u0131daki hizmetler yer almaktad\u0131r:<\/p>\n<ul>\n<li>Havaliman\u0131 ula\u015f\u0131m\u0131<\/li>\n<li>Klinik b\u00fcnyesindeki Elit-Hotel odalar\u0131nda konaklama<\/li>\n<li>\u00d6n muayene ve de\u011ferlendirme<\/li>\n<li>Operasyon<\/li>\n<li>Operasyon sonras\u0131 kontrol muayenesi<\/li>\n<li>Yurt d\u0131\u015f\u0131ndan gelen hastalar i\u00e7in dil deste\u011fi<\/li>\n<li>Bak\u0131m talimatlar\u0131n\u0131n payla\u015f\u0131lmas\u0131<\/li>\n<\/ul>\n<p>Detayl\u0131 bilgi i\u00e7in hekim ekibimizle ileti\u015fime ge\u00e7ebilirsiniz.<\/p>\n\t\t\t\t\t\t\t\t<\/details>\n\t\t\t\t\t\t\t\t\t\t\t\t\t\t\t<details>\n\t\t\t\t\t\t\t\t\t<summary>Sa\u00e7 Ekiminde Uygulanan Anestezi A\u011fr\u0131l\u0131 m\u0131?<\/summary>\n\t\t\t\t\t\t\t\t\t<p>Klini\u011fimizde sa\u00e7 ekimi \u00f6ncesi anestezi uygulamas\u0131nda Comfort-In cihaz\u0131 kullan\u0131lmaktad\u0131r. Bu cihazda anestezi maddesi bas\u0131n\u00e7l\u0131 hava yard\u0131m\u0131yla sa\u00e7 derisine iletilmektedir. Anestezi uygulamas\u0131 s\u0131ras\u0131nda hafif a\u011fr\u0131 hissedilebilmekte, ancak hasta konforunu art\u0131rmak amac\u0131yla farkl\u0131 y\u00f6ntemler kullan\u0131lmaktad\u0131r.<\/p>\n<p>&nbsp;<\/p>\n\t\t\t\t\t\t\t\t<\/details>\n\t\t\t\t\t\t\t\t\t\t\t\t\t\t\t<details>\n\t\t\t\t\t\t\t\t\t<summary>Sa\u00e7 Ekimi \u0130\u015flemi Ne Kadar S\u00fcrer?<\/summary>\n\t\t\t\t\t\t\t\t\t<p>Sa\u00e7 ekimi i\u015fleminin s\u00fcresi ekilecek greft say\u0131s\u0131na ve uygulanan tekni\u011fe ba\u011fl\u0131 olarak de\u011fi\u015fmektedir. Ortalama olarak bir sa\u00e7 ekimi i\u015flemi 6-8 saat s\u00fcrmektedir.<\/p>\n\t\t\t\t\t\t\t\t<\/details>\n\t\t\t\t\t\t\t\t\t\t\t\t\t\t\t<details>\n\t\t\t\t\t\t\t\t\t<summary>Sa\u00e7 Ekimi S\u00fcrecimi Ba\u015ftan Sona Olumlu Nas\u0131l Ge\u00e7iririm?<\/summary>\n\t\t\t\t\t\t\t\t\t<p>Sa\u00e7 ekimi s\u00fcreci \u00f6ncesinde \u015fu hususlara dikkat edilmesi \u00f6nerilmektedir:<\/p>\n<ul>\n<li>Klinik se\u00e7imi s\u0131ras\u0131nda hekim ekibinin uzmanl\u0131k alan\u0131 ve deneyimi ara\u015ft\u0131r\u0131labilir<\/li>\n<li>Klini\u011fin uygulad\u0131\u011f\u0131 teknikler hakk\u0131nda detayl\u0131 bilgi al\u0131nabilir<\/li>\n<li>\u00d6n muayene s\u0131ras\u0131nda sorular\u0131n\u0131z\u0131 sormaktan \u00e7ekinmeyin<\/li>\n<li>Bilin\u00e7li karar i\u00e7in farkl\u0131 hekimlerin g\u00f6r\u00fc\u015f\u00fcn\u00fc alman\u0131z da m\u00fcmk\u00fcnd\u00fcr<\/li>\n<\/ul>\n\t\t\t\t\t\t\t\t<\/details>\n\t\t\t\t\t\t\t\t\t\t\t\t\t\t\t\t\t\t<\/div>\n\t\t\t\t\t\t\t\t\t<div class=\"faq\">\n\t\t\t\t\t\t\t\t\t\t\t\t\t<h3>Sa\u00e7 Ekimi Sonras\u0131<\/h3>\n\t\t\t\t\t\t\t\t\t\t\t\t\t\t\t\t\t\t\t\t\t\t\t\t\t\t\t<details>\n\t\t\t\t\t\t\t\t\t<summary>\u0130yile\u015fme S\u00fcreci Ne Kadar S\u00fcrer?<\/summary>\n\t\t\t\t\t\t\t\t\t<p>Sa\u00e7 ekimi sonras\u0131 iyile\u015fme s\u00fcreci belirli a\u015famalardan olu\u015fmaktad\u0131r:<\/p>\n<ul>\n<li>Kabuklanma: 10-14 g\u00fcn i\u00e7inde kaybolur<\/li>\n<li>\u015eok d\u00f6k\u00fclmesi: 2-4 hafta i\u00e7inde ya\u015fanabilir<\/li>\n<li>Spor k\u0131s\u0131tlamas\u0131: Yo\u011funlu\u011fa g\u00f6re 2-4 hafta ara verilmelidir<\/li>\n<li>G\u00fcne\u015ften korunma: Klinik taraf\u0131ndan koruyucu \u015fapka iletilmektedir<\/li>\n<li>Yeni sa\u00e7 \u00e7\u0131k\u0131\u015f\u0131: Yakla\u015f\u0131k 3-4 ay sonra ba\u015flar<\/li>\n<li>Nihai sonu\u00e7: 9-12 ay i\u00e7inde de\u011ferlendirilebilir<\/li>\n<\/ul>\n\t\t\t\t\t\t\t\t<\/details>\n\t\t\t\t\t\t\t\t\t\t\t\t\t\t\t<details>\n\t\t\t\t\t\t\t\t\t<summary>Sa\u00e7 Ekimi Sonras\u0131 \u0130yile\u015fme S\u00fcreci A\u011fr\u0131l\u0131 m\u0131?<\/summary>\n\t\t\t\t\t\t\t\t\t<p>Sa\u00e7 ekimi sonras\u0131nda ba\u015f b\u00f6lgesinde \u015fi\u015flik ve buna ba\u011fl\u0131 hafif a\u011fr\u0131 g\u00f6r\u00fclebilmektedir. Bu durum genellikle birka\u00e7 g\u00fcn i\u00e7inde ge\u00e7mektedir. \u0130yile\u015fme s\u0131ras\u0131nda ka\u015f\u0131nt\u0131 hissi olabilir; ancak t\u0131rnak ile ka\u015f\u0131maktan ka\u00e7\u0131n\u0131lmal\u0131d\u0131r. A\u011fr\u0131 y\u00f6netimi ve bak\u0131m detaylar\u0131 hekim ekibimiz taraf\u0131ndan iletilmektedir.<\/p>\n\t\t\t\t\t\t\t\t<\/details>\n\t\t\t\t\t\t\t\t\t\t\t\t\t\t\t<details>\n\t\t\t\t\t\t\t\t\t<summary>Ekilen Sa\u00e7lar Ne Kadar Kal\u0131c\u0131?<\/summary>\n\t\t\t\t\t\t\t\t\t<p>Ekilen folik\u00fcller, d\u00f6k\u00fclmeye kar\u015f\u0131 genetik olarak diren\u00e7li olan don\u00f6r b\u00f6lgeden al\u0131nd\u0131\u011f\u0131 i\u00e7in ekim sonras\u0131nda genellikle kal\u0131c\u0131l\u0131k g\u00f6sterirler. Ancak nihai sonu\u00e7 hastadan hastaya farkl\u0131l\u0131k g\u00f6stermekte; baz\u0131 hastalarda zaman i\u00e7inde ek i\u015flemler gerekebilmektedir.<br \/>\nUygulanacak s\u00fcre\u00e7 ve muhtemel i\u015flem say\u0131s\u0131, hastan\u0131n bireysel durumuna g\u00f6re hekim taraf\u0131ndan belirlenmektedir.<\/p>\n\t\t\t\t\t\t\t\t<\/details>\n\t\t\t\t\t\t\t\t\t\t\t\t\t\t\t<details>\n\t\t\t\t\t\t\t\t\t<summary>\u0130\u015flem Sonras\u0131 S\u00fcre\u00e7 Nas\u0131l Y\u00fcr\u00fct\u00fclmektedir?<\/summary>\n\t\t\t\t\t\t\t\t\t<p>Elithair&#8217;de sa\u00e7 ekimi s\u00fcreci, operasyon sonras\u0131 kontrol muayenesi ve bak\u0131m s\u00fcreci ile devam etmektedir. Hekim ekibimiz operasyon sonras\u0131nda hastalar\u0131m\u0131za gerekli bak\u0131m talimatlar\u0131n\u0131 iletmekte ve iyile\u015fme s\u00fcrecini takip etmektedir.<\/p>\n\t\t\t\t\t\t\t\t<\/details>\n\t\t\t\t\t\t\t\t\t\t\t\t\t\t\t<details>\n\t\t\t\t\t\t\t\t\t<summary>\u0130\u015flem Sonras\u0131 Bak\u0131m Ne Kadar \u00d6nemli?<\/summary>\n\t\t\t\t\t\t\t\t\t<p>Sa\u00e7 ekimi sonras\u0131 bak\u0131m, iyile\u015fme s\u00fcrecinin sa\u011fl\u0131kl\u0131 ilerlemesi a\u00e7\u0131s\u0131ndan \u00f6nemlidir. Bak\u0131m kurallar\u0131na uyum, sonu\u00e7lar\u0131n ger\u00e7ekle\u015fmesinde belirleyici fakt\u00f6rlerden biridir. Bak\u0131m talimatlar\u0131 hekim ekibimiz taraf\u0131ndan operasyon sonras\u0131nda hastaya iletilmektedir.<\/p>\n\t\t\t\t\t\t\t\t<\/details>\n\t\t\t\t\t\t\t\t\t\t\t\t\t\t\t<details>\n\t\t\t\t\t\t\t\t\t<summary>Ekilen Sa\u00e7lar Tekrar D\u00f6k\u00fclebilir mi?<\/summary>\n\t\t\t\t\t\t\t\t\t<p>Ekilen folik\u00fcller, don\u00f6r b\u00f6lgeden al\u0131nd\u0131\u011f\u0131 i\u00e7in genellikle d\u00f6k\u00fclmeye kar\u015f\u0131 diren\u00e7lidir. Ancak operasyon sonras\u0131 ilk haftalarda \u015fok d\u00f6k\u00fclmesi olarak adland\u0131r\u0131lan ge\u00e7ici bir d\u00f6k\u00fclme ya\u015fanabilmekte, bu d\u00f6nemde ekilen sa\u00e7lar\u0131n bir k\u0131sm\u0131 ge\u00e7ici olarak d\u00f6k\u00fcl\u00fcp 3-4 ay i\u00e7inde yeniden \u00e7\u0131kmaktad\u0131r.<br \/>\nUzun vadede, ekilen b\u00f6lge d\u0131\u015f\u0131ndaki mevcut sa\u00e7larda do\u011fal sa\u00e7 d\u00f6k\u00fclmesi devam edebilmektedir. Bu nedenle baz\u0131 hastalarda ek i\u015flemler gerekebilmektedir.<\/p>\n\t\t\t\t\t\t\t\t<\/details>\n\t\t\t\t\t\t\t\t\t\t\t\t\t\t\t\t\t\t<\/div>\n\t\t\t\t\t\t\t\t\t<div class=\"faq\">\n\t\t\t\t\t\t\t\t\t\t\t\t\t<h3>Sa\u00e7 Ekimi Y\u00f6ntemleri<\/h3>\n\t\t\t\t\t\t\t\t\t\t\t\t\t\t\t\t\t\t\t\t\t\t\t\t\t\t\t<details>\n\t\t\t\t\t\t\t\t\t<summary>Hangi Sa\u00e7 Ekimi Y\u00f6ntemleri Var?<\/summary>\n\t\t\t\t\t\t\t\t\t<p>Sa\u00e7 ekiminde farkl\u0131 teknikler uygulanmaktad\u0131r. Uygulanacak teknik; hastan\u0131n sa\u00e7 yap\u0131s\u0131, don\u00f6r b\u00f6lge durumu ve d\u00f6k\u00fclme paterni de\u011ferlendirilerek hekim ekibimiz taraf\u0131ndan belirlenmektedir. Klini\u011fimizde Safir, DHI ve SDHI teknikleri uygulanmaktad\u0131r.<\/p>\n\t\t\t\t\t\t\t\t<\/details>\n\t\t\t\t\t\t\t\t\t\t\t\t\t\t\t<details>\n\t\t\t\t\t\t\t\t\t<summary>NEO FUE Y\u00f6nteminin Avantajlar\u0131 Neler?<\/summary>\n\t\t\t\t\t\t\t\t\t<p>Neo FUE, sa\u00e7 ekimi \u00f6ncesinde uygulanan haz\u0131rl\u0131k protokol\u00fcd\u00fcr. Protokol; dermaroller ve biotin ile bitkisel bile\u015fenler i\u00e7eren sol\u00fcsyon kullan\u0131larak uygulanmaktad\u0131r. Protokol\u00fcn detaylar\u0131 ve hastaya uygunlu\u011fu hekim ekibimiz taraf\u0131ndan de\u011ferlendirilmektedir.<\/p>\n\t\t\t\t\t\t\t\t<\/details>\n\t\t\t\t\t\t\t\t\t\t\t\t\t\t\t<details>\n\t\t\t\t\t\t\t\t\t<summary>Safir Y\u00f6ntemini \u00d6ne \u00c7\u0131karan Nedir?<\/summary>\n\t\t\t\t\t\t\t\t\t<p>Safir tekni\u011fi, sa\u00e7 kanallar\u0131n\u0131n a\u00e7\u0131lmas\u0131nda safir malzemeden yap\u0131lm\u0131\u015f \u00f6zel b\u0131\u00e7aklar\u0131n kullan\u0131ld\u0131\u011f\u0131 bir uygulama tekni\u011fidir. Bu teknikte kanallar V \u015feklinde a\u00e7\u0131lmaktad\u0131r.<\/p>\n\t\t\t\t\t\t\t\t<\/details>\n\t\t\t\t\t\t\t\t\t\t\t\t\t\t\t<details>\n\t\t\t\t\t\t\t\t\t<summary>FUE Y\u00f6ntemi Nedir?<\/summary>\n\t\t\t\t\t\t\t\t\t<p>FUE (Follicular Unit Extraction), sa\u00e7 ekiminde folik\u00fcllerin don\u00f6r b\u00f6lgeden tek tek al\u0131nmas\u0131na dayanan bir tekniktir. Bu teknikte folik\u00fcl al\u0131m\u0131 mikromotor cihaz\u0131 yard\u0131m\u0131yla ger\u00e7ekle\u015ftirilmektedir.<\/p>\n\t\t\t\t\t\t\t\t<\/details>\n\t\t\t\t\t\t\t\t\t\t\t\t\t\t\t<details>\n\t\t\t\t\t\t\t\t\t<summary>DHI Y\u00f6nteminin \u00d6zelli\u011fi Nedir?<\/summary>\n\t\t\t\t\t\t\t\t\t<p>DHI (Direct Hair Implantation), sa\u00e7 kanallar\u0131n\u0131n a\u00e7\u0131lmas\u0131 ve folik\u00fcllerin yerle\u015ftirilmesinin tek ad\u0131mda ger\u00e7ekle\u015ftirildi\u011fi tekniktir. Bu teknikte folik\u00fcller Choi Implanter Pen ad\u0131 verilen \u00f6zel bir kalem yard\u0131m\u0131yla do\u011frudan sa\u00e7 derisine implante edilmektedir.<\/p>\n\t\t\t\t\t\t\t\t<\/details>\n\t\t\t\t\t\t\t\t\t\t\t\t\t\t\t<details>\n\t\t\t\t\t\t\t\t\t<summary>SDHI Tekni\u011fini Bu Kadar \u00d6zel K\u0131lan Nedir?<\/summary>\n\t\t\t\t\t\t\t\t\t<p>SDHI, sa\u00e7 ekiminde iki farkl\u0131 tekni\u011fin bir arada kullan\u0131ld\u0131\u011f\u0131 bir uygulamad\u0131r. Sa\u00e7 \u00e7izgisi b\u00f6lgesinde Safir tekni\u011fi ile kanallar a\u00e7\u0131larak folik\u00fcller yerle\u015ftirilmekte; di\u011fer b\u00f6lgelerde ise DHI tekni\u011fi ile e\u015f zamanl\u0131 kanal a\u00e7ma ve implantasyon ger\u00e7ekle\u015ftirilmektedir.<\/p>\n\t\t\t\t\t\t\t\t<\/details>\n\t\t\t\t\t\t\t\t\t\t\t\t\t\t\t\t\t\t<\/div>\n\t\t\t\t\t\t\t<\/div>\n\t\t\n\t\t\t<\/div>\n<\/section>\n\n","protected":false},"excerpt":{"rendered":"","protected":false},"author":10,"featured_media":0,"parent":0,"menu_order":0,"comment_status":"closed","ping_status":"closed","template":"","meta":{"_acf_changed":false,"_yoast_wpseo_focuskw":"","_yoast_wpseo_title":"Sa\u00e7 Ekimi SSS | En \u00c7ok Sorulan Sorular | Elithair","_yoast_wpseo_metadesc":"Sa\u00e7 ekimi hakk\u0131nda merak ettikleriniz: uygunluk, fiyatlar, s\u00fcre\u00e7, iyile\u015fme ve sonu\u00e7larla ilgili en s\u0131k sorulan sorular\u0131n yan\u0131tlar\u0131 Elithair'de.","_yoast_wpseo_meta-robots-noindex":"","_yoast_wpseo_meta-robots-nofollow":"","_yoast_wpseo_meta-robots-adv":"","_yoast_wpseo_canonical":"https:\/\/elithair.com\/tr\/sss\/","_yoast_wpseo_opengraph-title":"","_yoast_wpseo_opengraph-description":"","_yoast_wpseo_opengraph-image":"","_yoast_wpseo_twitter-title":"","_yoast_wpseo_twitter-description":"","_yoast_wpseo_twitter-image":"","_hm_hreflang_map":{"ar":551,"de":61,"en":94974,"es":89300,"fr":27,"it":20,"pt":22,"tr":32,"uk":741,"x_default":94974},"_hm_language_code":"tr","footnotes":""},"class_list":["post-32","page","type-page","status-publish","hentry"],"acf":[],"yoast_head":"<!-- This site is optimized with the Yoast SEO Premium plugin v28.4 (Yoast SEO v28.4) - https:\/\/yoast.com\/product\/yoast-seo-premium-wordpress\/ -->\n<title>Sa\u00e7 Ekimi SSS | En \u00c7ok Sorulan Sorular \u2013 Elithair<\/title>\n<meta name=\"description\" content=\"Sa\u00e7 ekimi hakk\u0131nda merak ettikleriniz: uygunluk, fiyatlar, s\u00fcre\u00e7, iyile\u015fme ve sonu\u00e7larla ilgili en s\u0131k sorulan sorular\u0131n yan\u0131tlar\u0131 Elithair&#039;de.\" \/>\n<meta name=\"robots\" content=\"index, follow, max-snippet:-1, max-image-preview:large, max-video-preview:-1\" \/>\n<link rel=\"canonical\" href=\"https:\/\/elithair.com\/tr\/sss\/\" \/>\n<meta property=\"og:locale\" content=\"tr_TR\" \/>\n<meta property=\"og:type\" content=\"article\" \/>\n<meta property=\"og:title\" content=\"SSS\" \/>\n<meta property=\"og:description\" content=\"Sa\u00e7 ekimi hakk\u0131nda merak ettikleriniz: uygunluk, fiyatlar, s\u00fcre\u00e7, iyile\u015fme ve sonu\u00e7larla ilgili en s\u0131k sorulan sorular\u0131n yan\u0131tlar\u0131 Elithair&#039;de.\" \/>\n<meta property=\"og:url\" content=\"https:\/\/elithair.com\/tr\/sss\/\" \/>\n<meta property=\"og:site_name\" content=\"Elithair\" \/>\n<meta property=\"article:modified_time\" content=\"2026-07-23T13:19:19+00:00\" \/>\n<meta name=\"twitter:card\" content=\"summary_large_image\" \/>\n<script type=\"application\/ld+json\" class=\"yoast-schema-graph\">{\"@context\":\"https:\\\/\\\/schema.org\",\"@graph\":[{\"@type\":\"WebPage\",\"@id\":\"https:\\\/\\\/elithair.com\\\/tr\\\/sss\\\/\",\"url\":\"https:\\\/\\\/elithair.com\\\/tr\\\/sss\\\/\",\"name\":\"Sa\u00e7 Ekimi SSS | En \u00c7ok Sorulan Sorular \u2013 Elithair\",\"isPartOf\":{\"@id\":\"https:\\\/\\\/elithair.com\\\/tr\\\/#website\"},\"datePublished\":\"2026-04-11T15:54:34+00:00\",\"dateModified\":\"2026-07-23T13:19:19+00:00\",\"description\":\"Sa\u00e7 ekimi hakk\u0131nda merak ettikleriniz: uygunluk, fiyatlar, s\u00fcre\u00e7, iyile\u015fme ve sonu\u00e7larla ilgili en s\u0131k sorulan sorular\u0131n yan\u0131tlar\u0131 Elithair'de.\",\"breadcrumb\":{\"@id\":\"https:\\\/\\\/elithair.com\\\/tr\\\/sss\\\/#breadcrumb\"},\"inLanguage\":\"tr\",\"potentialAction\":[{\"@type\":\"ReadAction\",\"target\":[\"https:\\\/\\\/elithair.com\\\/tr\\\/sss\\\/\"]}]},{\"@type\":\"BreadcrumbList\",\"@id\":\"https:\\\/\\\/elithair.com\\\/tr\\\/sss\\\/#breadcrumb\",\"itemListElement\":[{\"@type\":\"ListItem\",\"position\":1,\"name\":\"Home\",\"item\":\"https:\\\/\\\/elithair.com\\\/tr\\\/\"},{\"@type\":\"ListItem\",\"position\":2,\"name\":\"SSS\"}]},{\"@type\":\"WebSite\",\"@id\":\"https:\\\/\\\/elithair.com\\\/tr\\\/#website\",\"url\":\"https:\\\/\\\/elithair.com\\\/tr\\\/\",\"name\":\"Elithair\",\"description\":\"Elithair: sa\u00e7\u0131n\u0131z i\u00e7in en iyi klini\u011fi ke\u015ffedin\",\"potentialAction\":[{\"@type\":\"SearchAction\",\"target\":{\"@type\":\"EntryPoint\",\"urlTemplate\":\"https:\\\/\\\/elithair.com\\\/tr\\\/?s={search_term_string}\"},\"query-input\":{\"@type\":\"PropertyValueSpecification\",\"valueRequired\":true,\"valueName\":\"search_term_string\"}}],\"inLanguage\":\"tr\"}]}<\/script>\n<!-- \/ Yoast SEO Premium plugin. -->","yoast_head_json":{"title":"Sa\u00e7 Ekimi SSS | En \u00c7ok Sorulan Sorular \u2013 Elithair","description":"Sa\u00e7 ekimi hakk\u0131nda merak ettikleriniz: uygunluk, fiyatlar, s\u00fcre\u00e7, iyile\u015fme ve sonu\u00e7larla ilgili en s\u0131k sorulan sorular\u0131n yan\u0131tlar\u0131 Elithair'de.","robots":{"index":"index","follow":"follow","max-snippet":"max-snippet:-1","max-image-preview":"max-image-preview:large","max-video-preview":"max-video-preview:-1"},"canonical":"https:\/\/elithair.com\/tr\/sss\/","og_locale":"tr_TR","og_type":"article","og_title":"SSS","og_description":"Sa\u00e7 ekimi hakk\u0131nda merak ettikleriniz: uygunluk, fiyatlar, s\u00fcre\u00e7, iyile\u015fme ve sonu\u00e7larla ilgili en s\u0131k sorulan sorular\u0131n yan\u0131tlar\u0131 Elithair'de.","og_url":"https:\/\/elithair.com\/tr\/sss\/","og_site_name":"Elithair","article_modified_time":"2026-07-23T13:19:19+00:00","twitter_card":"summary_large_image","schema":{"@context":"https:\/\/schema.org","@graph":[{"@type":"WebPage","@id":"https:\/\/elithair.com\/tr\/sss\/","url":"https:\/\/elithair.com\/tr\/sss\/","name":"Sa\u00e7 Ekimi SSS | En \u00c7ok Sorulan Sorular \u2013 Elithair","isPartOf":{"@id":"https:\/\/elithair.com\/tr\/#website"},"datePublished":"2026-04-11T15:54:34+00:00","dateModified":"2026-07-23T13:19:19+00:00","description":"Sa\u00e7 ekimi hakk\u0131nda merak ettikleriniz: uygunluk, fiyatlar, s\u00fcre\u00e7, iyile\u015fme ve sonu\u00e7larla ilgili en s\u0131k sorulan sorular\u0131n yan\u0131tlar\u0131 Elithair'de.","breadcrumb":{"@id":"https:\/\/elithair.com\/tr\/sss\/#breadcrumb"},"inLanguage":"tr","potentialAction":[{"@type":"ReadAction","target":["https:\/\/elithair.com\/tr\/sss\/"]}]},{"@type":"BreadcrumbList","@id":"https:\/\/elithair.com\/tr\/sss\/#breadcrumb","itemListElement":[{"@type":"ListItem","position":1,"name":"Home","item":"https:\/\/elithair.com\/tr\/"},{"@type":"ListItem","position":2,"name":"SSS"}]},{"@type":"WebSite","@id":"https:\/\/elithair.com\/tr\/#website","url":"https:\/\/elithair.com\/tr\/","name":"Elithair","description":"Elithair: sa\u00e7\u0131n\u0131z i\u00e7in en iyi klini\u011fi ke\u015ffedin","potentialAction":[{"@type":"SearchAction","target":{"@type":"EntryPoint","urlTemplate":"https:\/\/elithair.com\/tr\/?s={search_term_string}"},"query-input":{"@type":"PropertyValueSpecification","valueRequired":true,"valueName":"search_term_string"}}],"inLanguage":"tr"}]}},"_links":{"self":[{"href":"https:\/\/elithair.com\/tr\/wp-json\/wp\/v2\/pages\/32","targetHints":{"allow":["GET"]}}],"collection":[{"href":"https:\/\/elithair.com\/tr\/wp-json\/wp\/v2\/pages"}],"about":[{"href":"https:\/\/elithair.com\/tr\/wp-json\/wp\/v2\/types\/page"}],"author":[{"embeddable":true,"href":"https:\/\/elithair.com\/tr\/wp-json\/wp\/v2\/users\/10"}],"replies":[{"embeddable":true,"href":"https:\/\/elithair.com\/tr\/wp-json\/wp\/v2\/comments?post=32"}],"version-history":[{"count":5,"href":"https:\/\/elithair.com\/tr\/wp-json\/wp\/v2\/pages\/32\/revisions"}],"predecessor-version":[{"id":83141,"href":"https:\/\/elithair.com\/tr\/wp-json\/wp\/v2\/pages\/32\/revisions\/83141"}],"wp:attachment":[{"href":"https:\/\/elithair.com\/tr\/wp-json\/wp\/v2\/media?parent=32"}],"curies":[{"name":"wp","href":"https:\/\/api.w.org\/{rel}","templated":true}]}}